{"id":1490,"date":"2021-11-02T08:16:20","date_gmt":"2021-11-02T08:16:20","guid":{"rendered":"https:\/\/soledaddemo.pencidesign.net\/soledad-modern-news-magazine\/?page_id=10"},"modified":"2025-10-06T08:00:02","modified_gmt":"2025-10-06T06:00:02","slug":"home-2","status":"publish","type":"page","link":"https:\/\/www.geopolitics.fr\/en\/","title":{"rendered":"Accueil"},"content":{"rendered":"\t\t<div data-elementor-type=\"wp-page\" data-elementor-id=\"1490\" class=\"elementor elementor-1490\">\n\t\t\t\t\t\t<section class=\"penci-section penci-disSticky penci-structure-32 elementor-section elementor-top-section elementor-element elementor-element-f4e9890 elementor-section-boxed elementor-section-height-default elementor-section-height-default\" data-id=\"f4e9890\" data-element_type=\"section\" data-e-type=\"section\">\n\t\t\t\t\t\t<div class=\"elementor-container elementor-column-gap-no\">\n\t\t\t\t\t<div class=\"penci-ercol-50 penci-ercol-order-1 penci-sticky-ct  penci-dmcheck penci-elbg-activate  elementor-column elementor-col-50 elementor-top-column elementor-element elementor-element-b49b77a\" data-id=\"b49b77a\" data-element_type=\"column\" data-e-type=\"column\" data-settings=\"{&quot;background_background&quot;:&quot;classic&quot;}\">\n\t\t\t<div class=\"elementor-widget-wrap elementor-element-populated\">\n\t\t\t\t\t\t<div class=\"elementor-element elementor-element-a8f6a8c elementor-widget elementor-widget-penci-big-grid\" data-id=\"a8f6a8c\" data-element_type=\"widget\" data-e-type=\"widget\" data-widget_type=\"penci-big-grid.default\">\n\t\t\t\t<div class=\"elementor-widget-container\">\n\t\t\t\t\t        <div class=\"penci-clearfix penci-biggrid-wrapper penci-grid-col-1 penci-grid-mcol-1 penci-bgrid-based-post penci-bgrid-style-1 pcbg-ficonpo-top-right pcbg-reiconpo-top-left penci-bgrid-content-above pencibg-imageh-zoom-in pencibg-texth-none pencibg-textani-movetop textop pencipw-hd-text\">\n\t\t\t            <div class=\"penci-clearfix penci-biggrid penci-bgstyle-1 penci-bgel\">\n                <div class=\"penci-biggrid-inner default\">\n\t\t\t\t\t<div class=\"penci-clearfix penci-biggrid-data penci-dflex\"><div class=\"penci-bgitem\">\n    <div class=\"penci-bgitin\">\n        <div class=\"penci-bgmain\">\n            <div class=\"pcbg-thumb\">\n\t\t\t\t\t\t\t\t                <div class=\"pcbg-thumbin\">\n                    <a class=\"pcbg-bgoverlay\"\n                       href=\"https:\/\/www.geopolitics.fr\/en\/2026\/09\/02\/le-golfe-a-lepreuve-de-lhistoire-pouvoir-legitimite-et-nouveaux-equilibres-la-crise-et-leffacement-des-anciens-equilibres-1-3\/\" title=\"Le Golfe \u00e0 l&rsquo;\u00e9preuve de l&rsquo;Histoire : pouvoir, l\u00e9gitimit\u00e9 et nouveaux \u00e9quilibres &#8211; La crise et l&rsquo;effacement des anciens \u00e9quilibres (1\/3)\"><\/a>\n\n                        <div  data-bgset=\"https:\/\/www.geopolitics.fr\/wp-content\/uploads\/2026\/09\/moyen-orient.jpg\" data_bg_hidpi=\"https:\/\/www.geopolitics.fr\/wp-content\/uploads\/2026\/09\/moyen-orient-585x326.jpg\" class=\"penci-lazy penci-image-holder\">\n                                                    <\/div>\n\n                <\/div>\n            <\/div>\n            <div class=\"pcbg-content\">\n                <div class=\"pcbg-content-flex\">\n                    <a class=\"pcbg-bgoverlay\"\n                       href=\"https:\/\/www.geopolitics.fr\/en\/2026\/09\/02\/le-golfe-a-lepreuve-de-lhistoire-pouvoir-legitimite-et-nouveaux-equilibres-la-crise-et-leffacement-des-anciens-equilibres-1-3\/\" title=\"Le Golfe \u00e0 l&rsquo;\u00e9preuve de l&rsquo;Histoire : pouvoir, l\u00e9gitimit\u00e9 et nouveaux \u00e9quilibres &#8211; La crise et l&rsquo;effacement des anciens \u00e9quilibres (1\/3)\"><\/a>\n                    <div class=\"pcbg-content-inner bgcontent-block\">\n                        <a href=\"https:\/\/www.geopolitics.fr\/en\/2026\/09\/02\/le-golfe-a-lepreuve-de-lhistoire-pouvoir-legitimite-et-nouveaux-equilibres-la-crise-et-leffacement-des-anciens-equilibres-1-3\/\" title=\"Le Golfe \u00e0 l&rsquo;\u00e9preuve de l&rsquo;Histoire : pouvoir, l\u00e9gitimit\u00e9 et nouveaux \u00e9quilibres &#8211; La crise et l&rsquo;effacement des anciens \u00e9quilibres (1\/3)\"\n                           class=\"pcbg-bgoverlaytext active-overlay item-hover\"><\/a>\n\n\t\t\t\t\t\t                            <div class=\"pcbg-above item-hover\">\n\t\t\t\t\t\t\t<span class=\"cat pcbg-sub-title\">\n\t\t\t\t\t\t\t\t<a style=\"\" class=\"penci-cat-name penci-cat-5\" href=\"https:\/\/www.geopolitics.fr\/en\/category\/international\/\"  rel=\"category tag\"><span style=\"\">International<\/span><\/a><a style=\"\" class=\"penci-cat-name penci-cat-4\" href=\"https:\/\/www.geopolitics.fr\/en\/category\/mis-en-avant\/\"  rel=\"category tag\"><span style=\"\">Mis en AVANT<\/span><\/a><a style=\"\" class=\"penci-cat-name penci-cat-617\" href=\"https:\/\/www.geopolitics.fr\/en\/category\/france\/politique-france\/\"  rel=\"category tag\"><span style=\"\">Politique<\/span><\/a>\t\t\t\t\t\t\t<\/span>\n                            <\/div>\n\t\t\t\t\t\t\n\t\t\t\t\t\t                            <div class=\"pcbg-heading item-hover\">\n                                <h3 class=\"pcbg-title\">\n                                    <a href=\"https:\/\/www.geopolitics.fr\/en\/2026\/09\/02\/le-golfe-a-lepreuve-de-lhistoire-pouvoir-legitimite-et-nouveaux-equilibres-la-crise-et-leffacement-des-anciens-equilibres-1-3\/\">\n\t\t\t\t\t\t\t\t\t\tLe Golfe \u00e0 l&rsquo;\u00e9preuve de l&rsquo;Histoire : pouvoir, l\u00e9gitimit\u00e9 et nouveaux \u00e9quilibres &#8211; La crise et l&rsquo;effacement des anciens \u00e9quilibres (1\/3)                                    <\/a>\n                                <\/h3>\n                            <\/div>\n\t\t\t\t\t\t\n\t\t\t\t\t\t                            <div class=\"grid-post-box-meta pcbg-meta item-hover\">\n                                <div class=\"pcbg-meta-desc\">\n\t\t\t\t\t\t\t\t\t\t\t\t\t\t\t\t\t\t                                        <span class=\"bg-date\"><time class=\"entry-date published\" datetime=\"2026-09-02T20:31:24+02:00\">2 September 2026<\/time><\/span>\n\t\t\t\t\t\t\t\t\t\t\t\t\t\t\t\t\t\t\t\t\t\t\t\t\t\t\t\t\t\t\t\t\t\t\t\t\t\t\t\t\t\t\t\t\t\t\t\t\t\t\t\t\t\t                                <\/div>\n\t\t\t\t\t\t\t\t                                    <div class=\"pcbg-pexcerpt\">\n\t\t\t\t\t\t\t\t\t\t<p>Quand la forme oublie l&rsquo;esprit Les civilisations ne meurent pas seulement de leurs d\u00e9faites. Elles peuvent aussi commencer \u00e0 d\u00e9cliner lorsqu&rsquo;elles substituent progressivement leurs institutions \u00e0 la finalit\u00e9 qui &#8230;<\/p>\n                                    <\/div>\n\t\t\t\t\t\t\t\t                            <\/div>\n\t\t\t\t\t\t\n\t\t\t\t\t\t                    <\/div>\n                <\/div>\n            <\/div>\n        <\/div>\n    <\/div>\n<\/div>\n<\/div>                <\/div>\n\t\t\t\t            <\/div>\n        <\/div>\n\t\t\t\t\t\t<\/div>\n\t\t\t\t<\/div>\n\t\t\t\t\t<\/div>\n\t\t<\/div>\n\t\t\t\t<div class=\"penci-ercol-25 penci-ercol-order-2 penci-sticky-sb penci-sidebarSC penci-dmcheck penci-elbg-activate  elementor-column elementor-col-25 elementor-top-column elementor-element elementor-element-c6501cb\" data-id=\"c6501cb\" data-element_type=\"column\" data-e-type=\"column\" data-settings=\"{&quot;background_background&quot;:&quot;classic&quot;}\">\n\t\t\t<div class=\"elementor-widget-wrap elementor-element-populated\">\n\t\t\t\t\t\t<div class=\"elementor-element elementor-element-90e6002 elementor-widget elementor-widget-penci-big-grid\" data-id=\"90e6002\" data-element_type=\"widget\" data-e-type=\"widget\" data-widget_type=\"penci-big-grid.default\">\n\t\t\t\t<div class=\"elementor-widget-container\">\n\t\t\t\t\t        <div class=\"penci-clearfix penci-biggrid-wrapper penci-grid-col-1 penci-grid-mcol-1 penci-bgrid-based-post penci-bgrid-style-1 pcbg-ficonpo-top-right pcbg-reiconpo-top-left penci-bgrid-content-on pencibg-imageh-zoom-in pencibg-texth-none pencibg-textani-movetop textop pencipw-hd-text\">\n\t\t\t            <div class=\"penci-clearfix penci-biggrid penci-bgstyle-1 penci-bgel\">\n                <div class=\"penci-biggrid-inner default\">\n\t\t\t\t\t<div class=\"penci-clearfix penci-biggrid-data penci-dflex\"><div class=\"penci-bgitem\">\n    <div class=\"penci-bgitin\">\n        <div class=\"penci-bgmain\">\n            <div class=\"pcbg-thumb\">\n\t\t\t\t\t\t\t\t                <div class=\"pcbg-thumbin\">\n                    <a class=\"pcbg-bgoverlay\"\n                       href=\"https:\/\/www.geopolitics.fr\/en\/2026\/08\/24\/lia-ecrit-les-humains-hallucinent\/\" title=\"L\u2019IA \u00e9crit. Les humains hallucinent &#8211;\"><\/a>\n\n                        <div  data-bgset=\"https:\/\/www.geopolitics.fr\/wp-content\/uploads\/2026\/08\/IA-BON-768x514.jpg\" data_bg_hidpi=\"https:\/\/www.geopolitics.fr\/wp-content\/uploads\/2026\/08\/IA-BON-585x392.jpg\" class=\"penci-lazy penci-image-holder\">\n                                                    <\/div>\n\n                <\/div>\n            <\/div>\n            <div class=\"pcbg-content\">\n                <div class=\"pcbg-content-flex\">\n                    <a class=\"pcbg-bgoverlay\"\n                       href=\"https:\/\/www.geopolitics.fr\/en\/2026\/08\/24\/lia-ecrit-les-humains-hallucinent\/\" title=\"L\u2019IA \u00e9crit. Les humains hallucinent &#8211;\"><\/a>\n                    <div class=\"pcbg-content-inner bgcontent-block\">\n                        <a href=\"https:\/\/www.geopolitics.fr\/en\/2026\/08\/24\/lia-ecrit-les-humains-hallucinent\/\" title=\"L\u2019IA \u00e9crit. Les humains hallucinent &#8211;\"\n                           class=\"pcbg-bgoverlaytext active-overlay item-hover\"><\/a>\n\n\t\t\t\t\t\t\n\t\t\t\t\t\t                            <div class=\"pcbg-heading item-hover\">\n                                <h3 class=\"pcbg-title\">\n                                    <a href=\"https:\/\/www.geopolitics.fr\/en\/2026\/08\/24\/lia-ecrit-les-humains-hallucinent\/\">\n\t\t\t\t\t\t\t\t\t\tL\u2019IA \u00e9crit. Les humains hallucinent &#8211;                                    <\/a>\n                                <\/h3>\n                            <\/div>\n\t\t\t\t\t\t\n\t\t\t\t\t\t\n\t\t\t\t\t\t                    <\/div>\n                <\/div>\n            <\/div>\n        <\/div>\n    <\/div>\n<\/div>\n<\/div>                <\/div>\n\t\t\t\t            <\/div>\n        <\/div>\n\t\t\t\t\t\t<\/div>\n\t\t\t\t<\/div>\n\t\t\t\t<div class=\"elementor-element elementor-element-d333500 elementor-widget elementor-widget-penci-small-list\" data-id=\"d333500\" data-element_type=\"widget\" data-e-type=\"widget\" data-widget_type=\"penci-small-list.default\">\n\t\t\t\t<div class=\"elementor-widget-container\">\n\t\t\t\t\t<script>if( typeof(penciBlock) === \"undefined\" ) {function penciBlock() { this.atts_json = ''; this.content = ''; }}var penciBlocksArray = penciBlocksArray || [];var PENCILOCALCACHE = PENCILOCALCACHE || {};var pcblock_1998 = new penciBlock();pcblock_1998.blockID=\"pcblock_1998\";pcblock_1998.atts_json = '{\"type\":\"grid\",\"dformat\":\"\",\"date_pos\":\"left\",\"column\":\"1\",\"tab_column\":\"1\",\"mb_column\":\"1\",\"imgpos\":\"left\",\"thumb_size\":\"\",\"mthumb_size\":\"\",\"post_meta\":[\"title\"],\"primary_cat\":\"\",\"title_length\":7,\"excerpt_pos\":\"below\",\"rmstyle\":\"filled\",\"excerpt_length\":15,\"nocrop\":\"\",\"hide_cat_mobile\":\"\",\"hide_meta_mobile\":\"\",\"hide_excerpt_mobile\":\"\",\"hide_rm_mobile\":\"\",\"imgtop_mobile\":\"\",\"ver_border\":\"\",\"hide_thumb\":\"\",\"show_reviewpie\":\"\",\"show_formaticon\":\"\",\"disable_lazy\":\"\",\"show_excerpt\":\"\",\"show_readmore\":\"\",\"query\":{\"orderby\":\"date\",\"order\":\"desc\",\"ignore_sticky_posts\":1,\"post_status\":\"publish\",\"post__not_in\":[],\"post_type\":\"post\",\"posts_per_page\":2,\"tax_query\":[],\"offset\":2},\"category_ids\":\"\",\"taxonomy\":\"\"}';penciBlocksArray.push(pcblock_1998);<\/script>        <div class=\"penci-wrapper-smalllist\">\n\t\t\t\t\t\t            <div class=\"penci-smalllist-wrapper\">\n\t\t\t\t                    <div class=\"penci-smalllist pcsl-wrapper pwsl-id-default\">\n                        <div class=\"pcsl-inner penci-clearfix pcsl-grid pencipw-hd-text pcsl-imgpos-left pcsl-col-1 pcsl-tabcol-1 pcsl-mobcol-1\">\n\t\t\t\t\t\t\t\t\t\t\t\t\t\t\t\t\t\t\t\t\t\t\t\t                                    <div class=\"pcsl-item\">\n                                        <div class=\"pcsl-itemin\">\n                                            <div class=\"pcsl-iteminer\">\n\t\t\t\t\t\t\t\t\t\t\t\t\n\t\t\t\t\t\t\t\t\t\t\t\t                                                    <div class=\"pcsl-thumb\">\n\t\t\t\t\t\t\t\t\t\t\t\t\t\t\t\t\t\t\t\t\t\t\t\t\t\t\t\t                                                            <a  data-bgset=\"https:\/\/www.geopolitics.fr\/wp-content\/uploads\/2026\/08\/cpi-bascule-263x175.jpg\" href=\"https:\/\/www.geopolitics.fr\/en\/2026\/08\/21\/la-cour-penale-internationale-a-lepreuve-des-puissances-sanctions-souverainete-et-crise-de-la-justice-internationale\/\"\n                                                               title=\"La Cour P\u00e9nale Internationale \u00e0 l\u2019\u00e9preuve des puissances : sanctions, souverainet\u00e9 et crise de la justice internationale\"\n                                                               class=\"penci-lazy penci-image-holder\">\n\t                                                                                                                        <\/a>\n\n                                                    <\/div>\n\t\t\t\t\t\t\t\t\t\t\t\t                                                <div class=\"pcsl-content\">\n\t\t\t\t\t\t\t\t\t\t\t\t\t\n\t\t\t\t\t\t\t\t\t\t\t\t\t                                                        <div class=\"pcsl-title\">\n                                                            <a href=\"https:\/\/www.geopolitics.fr\/en\/2026\/08\/21\/la-cour-penale-internationale-a-lepreuve-des-puissances-sanctions-souverainete-et-crise-de-la-justice-internationale\/\" title=\"La Cour P\u00e9nale Internationale \u00e0 l\u2019\u00e9preuve des puissances : sanctions, souverainet\u00e9 et crise de la justice internationale\">La Cour P\u00e9nale Internationale \u00e0 l\u2019\u00e9preuve des...<\/a>\n                                                        <\/div>\n\t\t\t\t\t\t\t\t\t\t\t\t\t\n\t\t\t\t\t\t\t\t\t\t\t\t\t\n\t\t\t\t\t\t\t\t\t\t\t\t\t\t\t\t\t\t\t\t\t\t\t\t\t\t\n                                                <\/div>\n\n\t\t\t\t\t\t\t\t\t\t\t\t                                            <\/div>\n                                        <\/div>\n                                    <\/div>\n                                \t\t\t\t\t\t\t\t\t\t\t\t\t\t\t\t\t                                    <div class=\"pcsl-item\">\n                                        <div class=\"pcsl-itemin\">\n                                            <div class=\"pcsl-iteminer\">\n\t\t\t\t\t\t\t\t\t\t\t\t\n\t\t\t\t\t\t\t\t\t\t\t\t                                                    <div class=\"pcsl-thumb\">\n\t\t\t\t\t\t\t\t\t\t\t\t\t\t\t\t\t\t\t\t\t\t\t\t\t\t\t\t                                                            <a  data-bgset=\"https:\/\/www.geopolitics.fr\/wp-content\/uploads\/2026\/08\/frappes-ciblees-263x175.jpg\" href=\"https:\/\/www.geopolitics.fr\/en\/2026\/08\/12\/le-retour-probable-des-eliminations-ciblees-contre-les-dirigeants-de-la-republique-islamique-diran\/\"\n                                                               title=\"Le retour probable des \u00e9liminations cibl\u00e9es contre les dirigeants de la R\u00e9publique islamique d&rsquo;Iran\"\n                                                               class=\"penci-lazy penci-image-holder\">\n\t                                                                                                                        <\/a>\n\n                                                    <\/div>\n\t\t\t\t\t\t\t\t\t\t\t\t                                                <div class=\"pcsl-content\">\n\t\t\t\t\t\t\t\t\t\t\t\t\t\n\t\t\t\t\t\t\t\t\t\t\t\t\t                                                        <div class=\"pcsl-title\">\n                                                            <a href=\"https:\/\/www.geopolitics.fr\/en\/2026\/08\/12\/le-retour-probable-des-eliminations-ciblees-contre-les-dirigeants-de-la-republique-islamique-diran\/\" title=\"Le retour probable des \u00e9liminations cibl\u00e9es contre les dirigeants de la R\u00e9publique islamique d&rsquo;Iran\">Le retour probable des \u00e9liminations cibl\u00e9es contre...<\/a>\n                                                        <\/div>\n\t\t\t\t\t\t\t\t\t\t\t\t\t\n\t\t\t\t\t\t\t\t\t\t\t\t\t\n\t\t\t\t\t\t\t\t\t\t\t\t\t\t\t\t\t\t\t\t\t\t\t\t\t\t\n                                                <\/div>\n\n\t\t\t\t\t\t\t\t\t\t\t\t                                            <\/div>\n                                        <\/div>\n                                    <\/div>\n                                \t\t\t\t\t\t\t\t\t\t\t\t\t\t\t\t                        <\/div>\n\n\t\t\t\t\t\t\n                    <\/div>\n\t\t\t\t\t            <\/div>\n        <\/div>\n\t\t\t\t\t\t<\/div>\n\t\t\t\t<\/div>\n\t\t\t\t\t<\/div>\n\t\t<\/div>\n\t\t\t\t<div class=\"penci-ercol-25 penci-ercol-order-3 penci-sticky-sb penci-sidebarSC penci-dmcheck penci-elbg-activate  elementor-column elementor-col-25 elementor-top-column elementor-element elementor-element-a84135f\" data-id=\"a84135f\" data-element_type=\"column\" data-e-type=\"column\" data-settings=\"{&quot;background_background&quot;:&quot;classic&quot;}\">\n\t\t\t<div class=\"elementor-widget-wrap elementor-element-populated\">\n\t\t\t\t\t\t<div class=\"elementor-element elementor-element-f5b4173 elementor-widget elementor-widget-penci-big-grid\" data-id=\"f5b4173\" data-element_type=\"widget\" data-e-type=\"widget\" data-widget_type=\"penci-big-grid.default\">\n\t\t\t\t<div class=\"elementor-widget-container\">\n\t\t\t\t\t        <div class=\"penci-clearfix penci-biggrid-wrapper penci-grid-col-1 penci-grid-mcol-1 penci-bgrid-based-post penci-bgrid-style-1 pcbg-ficonpo-top-right pcbg-reiconpo-top-left penci-bgrid-content-on pencibg-imageh-zoom-in pencibg-texth-none pencibg-textani-movetop textop pencipw-hd-text\">\n\t\t\t            <div class=\"penci-clearfix penci-biggrid penci-bgstyle-1 penci-bgel\">\n                <div class=\"penci-biggrid-inner default\">\n\t\t\t\t\t<div class=\"penci-clearfix penci-biggrid-data penci-dflex\"><div class=\"penci-bgitem\">\n    <div class=\"penci-bgitin\">\n        <div class=\"penci-bgmain\">\n            <div class=\"pcbg-thumb\">\n\t\t\t\t\t\t\t\t                <div class=\"pcbg-thumbin\">\n                    <a class=\"pcbg-bgoverlay\"\n                       href=\"https:\/\/www.geopolitics.fr\/en\/2026\/08\/11\/leloquent-silence\/\" title=\"L\u2019\u00c9loquent Silence\"><\/a>\n\n                        <div  data-bgset=\"https:\/\/www.geopolitics.fr\/wp-content\/uploads\/2026\/08\/Image2.jpg\" data_bg_hidpi=\"https:\/\/www.geopolitics.fr\/wp-content\/uploads\/2026\/08\/Image2-585x390.jpg\" class=\"penci-lazy penci-image-holder\">\n                                                    <\/div>\n\n                <\/div>\n            <\/div>\n            <div class=\"pcbg-content\">\n                <div class=\"pcbg-content-flex\">\n                    <a class=\"pcbg-bgoverlay\"\n                       href=\"https:\/\/www.geopolitics.fr\/en\/2026\/08\/11\/leloquent-silence\/\" title=\"L\u2019\u00c9loquent Silence\"><\/a>\n                    <div class=\"pcbg-content-inner bgcontent-block\">\n                        <a href=\"https:\/\/www.geopolitics.fr\/en\/2026\/08\/11\/leloquent-silence\/\" title=\"L\u2019\u00c9loquent Silence\"\n                           class=\"pcbg-bgoverlaytext active-overlay item-hover\"><\/a>\n\n\t\t\t\t\t\t\n\t\t\t\t\t\t                            <div class=\"pcbg-heading item-hover\">\n                                <h3 class=\"pcbg-title\">\n                                    <a href=\"https:\/\/www.geopolitics.fr\/en\/2026\/08\/11\/leloquent-silence\/\">\n\t\t\t\t\t\t\t\t\t\tL\u2019\u00c9loquent Silence                                    <\/a>\n                                <\/h3>\n                            <\/div>\n\t\t\t\t\t\t\n\t\t\t\t\t\t\n\t\t\t\t\t\t                    <\/div>\n                <\/div>\n            <\/div>\n        <\/div>\n    <\/div>\n<\/div>\n<\/div>                <\/div>\n\t\t\t\t            <\/div>\n        <\/div>\n\t\t\t\t\t\t<\/div>\n\t\t\t\t<\/div>\n\t\t\t\t<div class=\"elementor-element elementor-element-5a30045 elementor-widget elementor-widget-penci-small-list\" data-id=\"5a30045\" data-element_type=\"widget\" data-e-type=\"widget\" data-widget_type=\"penci-small-list.default\">\n\t\t\t\t<div class=\"elementor-widget-container\">\n\t\t\t\t\t<script>if( typeof(penciBlock) === \"undefined\" ) {function penciBlock() { this.atts_json = ''; this.content = ''; }}var penciBlocksArray = penciBlocksArray || [];var PENCILOCALCACHE = PENCILOCALCACHE || {};var pcblock_614 = new penciBlock();pcblock_614.blockID=\"pcblock_614\";pcblock_614.atts_json = '{\"type\":\"grid\",\"dformat\":\"\",\"date_pos\":\"left\",\"column\":\"1\",\"tab_column\":\"1\",\"mb_column\":\"1\",\"imgpos\":\"left\",\"thumb_size\":\"\",\"mthumb_size\":\"\",\"post_meta\":[\"title\"],\"primary_cat\":\"\",\"title_length\":8,\"excerpt_pos\":\"below\",\"rmstyle\":\"filled\",\"excerpt_length\":15,\"nocrop\":\"\",\"hide_cat_mobile\":\"\",\"hide_meta_mobile\":\"\",\"hide_excerpt_mobile\":\"\",\"hide_rm_mobile\":\"\",\"imgtop_mobile\":\"\",\"ver_border\":\"\",\"hide_thumb\":\"\",\"show_reviewpie\":\"\",\"show_formaticon\":\"\",\"disable_lazy\":\"\",\"show_excerpt\":\"\",\"show_readmore\":\"\",\"query\":{\"orderby\":\"date\",\"order\":\"desc\",\"ignore_sticky_posts\":1,\"post_status\":\"publish\",\"post__not_in\":[],\"post_type\":\"post\",\"posts_per_page\":2,\"tax_query\":[],\"offset\":5},\"category_ids\":\"\",\"taxonomy\":\"\"}';penciBlocksArray.push(pcblock_614);<\/script>        <div class=\"penci-wrapper-smalllist\">\n\t\t\t\t\t\t            <div class=\"penci-smalllist-wrapper\">\n\t\t\t\t                    <div class=\"penci-smalllist pcsl-wrapper pwsl-id-default\">\n                        <div class=\"pcsl-inner penci-clearfix pcsl-grid pencipw-hd-text pcsl-imgpos-left pcsl-col-1 pcsl-tabcol-1 pcsl-mobcol-1\">\n\t\t\t\t\t\t\t\t\t\t\t\t\t\t\t\t\t\t\t\t\t\t\t\t                                    <div class=\"pcsl-item\">\n                                        <div class=\"pcsl-itemin\">\n                                            <div class=\"pcsl-iteminer\">\n\t\t\t\t\t\t\t\t\t\t\t\t\n\t\t\t\t\t\t\t\t\t\t\t\t                                                    <div class=\"pcsl-thumb\">\n\t\t\t\t\t\t\t\t\t\t\t\t\t\t\t\t\t\t\t\t\t\t\t\t\t\t\t\t                                                            <a  data-bgset=\"https:\/\/www.geopolitics.fr\/wp-content\/uploads\/2026\/08\/SANTE-GEO-263x175.jpg\" href=\"https:\/\/www.geopolitics.fr\/en\/2026\/08\/10\/health-beyond-healthcare-ou-la-sante-au-au-dela-du-seul-systeme-de-soins\/\"\n                                                               title=\"Health Beyond Healthcare ou la sant\u00e9 au au del\u00e0 du seul syst\u00e8me de soins\"\n                                                               class=\"penci-lazy penci-image-holder\">\n\t                                                                                                                        <\/a>\n\n                                                    <\/div>\n\t\t\t\t\t\t\t\t\t\t\t\t                                                <div class=\"pcsl-content\">\n\t\t\t\t\t\t\t\t\t\t\t\t\t\n\t\t\t\t\t\t\t\t\t\t\t\t\t                                                        <div class=\"pcsl-title\">\n                                                            <a href=\"https:\/\/www.geopolitics.fr\/en\/2026\/08\/10\/health-beyond-healthcare-ou-la-sante-au-au-dela-du-seul-systeme-de-soins\/\" title=\"Health Beyond Healthcare ou la sant\u00e9 au au del\u00e0 du seul syst\u00e8me de soins\">Health Beyond Healthcare ou la sant\u00e9 au au...<\/a>\n                                                        <\/div>\n\t\t\t\t\t\t\t\t\t\t\t\t\t\n\t\t\t\t\t\t\t\t\t\t\t\t\t\n\t\t\t\t\t\t\t\t\t\t\t\t\t\t\t\t\t\t\t\t\t\t\t\t\t\t\n                                                <\/div>\n\n\t\t\t\t\t\t\t\t\t\t\t\t                                            <\/div>\n                                        <\/div>\n                                    <\/div>\n                                \t\t\t\t\t\t\t\t\t\t\t\t\t\t\t\t\t                                    <div class=\"pcsl-item\">\n                                        <div class=\"pcsl-itemin\">\n                                            <div class=\"pcsl-iteminer\">\n\t\t\t\t\t\t\t\t\t\t\t\t\n\t\t\t\t\t\t\t\t\t\t\t\t                                                    <div class=\"pcsl-thumb\">\n\t\t\t\t\t\t\t\t\t\t\t\t\t\t\t\t\t\t\t\t\t\t\t\t\t\t\t\t                                                            <a  data-bgset=\"https:\/\/www.geopolitics.fr\/wp-content\/uploads\/2026\/08\/CEUTA-BON-263x175.jpg\" href=\"https:\/\/www.geopolitics.fr\/en\/2026\/08\/09\/ceuta-ou-la-frontiere-comme-rapport-de-force\/\"\n                                                               title=\"Ceuta, ou la fronti\u00e8re comme rapport de force\"\n                                                               class=\"penci-lazy penci-image-holder\">\n\t                                                                                                                        <\/a>\n\n                                                    <\/div>\n\t\t\t\t\t\t\t\t\t\t\t\t                                                <div class=\"pcsl-content\">\n\t\t\t\t\t\t\t\t\t\t\t\t\t\n\t\t\t\t\t\t\t\t\t\t\t\t\t                                                        <div class=\"pcsl-title\">\n                                                            <a href=\"https:\/\/www.geopolitics.fr\/en\/2026\/08\/09\/ceuta-ou-la-frontiere-comme-rapport-de-force\/\" title=\"Ceuta, ou la fronti\u00e8re comme rapport de force\">Ceuta, ou la fronti\u00e8re comme rapport de force<\/a>\n                                                        <\/div>\n\t\t\t\t\t\t\t\t\t\t\t\t\t\n\t\t\t\t\t\t\t\t\t\t\t\t\t\n\t\t\t\t\t\t\t\t\t\t\t\t\t\t\t\t\t\t\t\t\t\t\t\t\t\t\n                                                <\/div>\n\n\t\t\t\t\t\t\t\t\t\t\t\t                                            <\/div>\n                                        <\/div>\n                                    <\/div>\n                                \t\t\t\t\t\t\t\t\t\t\t\t\t\t\t\t                        <\/div>\n\n\t\t\t\t\t\t\n                    <\/div>\n\t\t\t\t\t            <\/div>\n        <\/div>\n\t\t\t\t\t\t<\/div>\n\t\t\t\t<\/div>\n\t\t\t\t\t<\/div>\n\t\t<\/div>\n\t\t\t\t\t<\/div>\n\t\t<\/section>\n\t\t<div class=\"elementor-element elementor-element-96f0b7e elementor-hidden-mobile elementor-hidden-desktop elementor-hidden-tablet e-flex e-con-boxed e-con e-parent\" data-id=\"96f0b7e\" data-element_type=\"container\" data-e-type=\"container\">\n\t\t\t\t\t<div class=\"e-con-inner\">\n\t\t<div class=\"elementor-element elementor-element-04cf007 e-con-full e-flex e-con e-child\" data-id=\"04cf007\" data-element_type=\"container\" data-e-type=\"container\" data-settings=\"{&quot;background_background&quot;:&quot;classic&quot;}\">\n\t\t\t\t<div class=\"elementor-element elementor-element-769731c elementor-widget elementor-widget-heading\" data-id=\"769731c\" data-element_type=\"widget\" data-e-type=\"widget\" data-widget_type=\"heading.default\">\n\t\t\t\t<div class=\"elementor-widget-container\">\n\t\t\t\t\t<h2 class=\"elementor-heading-title elementor-size-default\"><a href=\"https:\/\/www.amazon.fr\/Tapo-Surveillance-int%C3%A9rieure-Notifications-T%C3%A9l%C3%A9commande\/dp\/B095CLQ1PT?pd_rd_w=hTPBT&#038;content-id=amzn1.sym.dd85b726-57e2-4c6c-b501-f81d1824a55a&#038;pf_rd_p=dd85b726-57e2-4c6c-b501-f81d1824a55a&#038;pf_rd_r=HGWM8ZGTRPVKRA08K03H&#038;pd_rd_wg=4aFX8&#038;pd_rd_r=d7246dda-10ab-4d16-a769-941549f800a1&#038;pd_rd_i=B095CLQ1PT&#038;psc=1&#038;linkCode=ll1&#038;tag=geopolitics08-21&#038;linkId=bceb62c8d91e315011a48e0e641468f9&#038;language=fr_FR&#038;ref_=as_li_ss_tl\" target=\"_blank\" rel=\"nofollow\">Cam\u00e9ra Surveillance WiFi int\u00e9rieure 360\u00b0<\/a><\/h2>\t\t\t\t<\/div>\n\t\t\t\t<\/div>\n\t\t\t\t<div class=\"elementor-element elementor-element-adb123d elementor-widget elementor-widget-image\" data-id=\"adb123d\" data-element_type=\"widget\" data-e-type=\"widget\" data-widget_type=\"image.default\">\n\t\t\t\t<div class=\"elementor-widget-container\">\n\t\t\t\t\t\t\t\t\t\t\t\t\t\t\t\t<a href=\"https:\/\/www.amazon.fr\/Tapo-Surveillance-int%C3%A9rieure-Notifications-T%C3%A9l%C3%A9commande\/dp\/B095CLQ1PT?pd_rd_w=hTPBT&#038;content-id=amzn1.sym.dd85b726-57e2-4c6c-b501-f81d1824a55a&#038;pf_rd_p=dd85b726-57e2-4c6c-b501-f81d1824a55a&#038;pf_rd_r=HGWM8ZGTRPVKRA08K03H&#038;pd_rd_wg=4aFX8&#038;pd_rd_r=d7246dda-10ab-4d16-a769-941549f800a1&#038;pd_rd_i=B095CLQ1PT&#038;psc=1&#038;linkCode=ll1&#038;tag=geopolitics08-21&#038;linkId=bceb62c8d91e315011a48e0e641468f9&#038;language=fr_FR&#038;ref_=as_li_ss_tl\" target=\"_blank\" rel=\"nofollow\">\n\t\t\t\t\t\t\t<img fetchpriority=\"high\" decoding=\"async\" width=\"780\" height=\"516\" src=\"https:\/\/www.geopolitics.fr\/wp-content\/uploads\/2025\/01\/camera-780x516.jpg\" class=\"attachment-penci-magazine-slider size-penci-magazine-slider wp-image-3378\" alt=\"\" srcset=\"https:\/\/www.geopolitics.fr\/wp-content\/uploads\/2025\/01\/camera-780x516.jpg 780w, https:\/\/www.geopolitics.fr\/wp-content\/uploads\/2025\/01\/camera-263x175.jpg 263w\" sizes=\"(max-width: 780px) 100vw, 780px\" \/>\t\t\t\t\t\t\t\t<\/a>\n\t\t\t\t\t\t\t\t\t\t\t\t\t\t\t<\/div>\n\t\t\t\t<\/div>\n\t\t\t\t<div class=\"elementor-element elementor-element-ca90721 elementor-widget elementor-widget-penci-button\" data-id=\"ca90721\" data-element_type=\"widget\" data-e-type=\"widget\" data-widget_type=\"penci-button.default\">\n\t\t\t\t<div class=\"elementor-widget-container\">\n\t\t\t\t\t\t\t<div class=\"pcbtn-wrapper pcbtn-align-none\">\n\t\t\t<a class=\"pcbtn pcbtn-icon-left\" \n\t\t\t\t\t\t\t\t\t\t\t\thref=\"https:\/\/www.amazon.fr\/Tapo-Surveillance-int%C3%A9rieure-Notifications-T%C3%A9l%C3%A9commande\/dp\/B095CLQ1PT?pd_rd_w=hTPBT&#038;content-id=amzn1.sym.dd85b726-57e2-4c6c-b501-f81d1824a55a&#038;pf_rd_p=dd85b726-57e2-4c6c-b501-f81d1824a55a&#038;pf_rd_r=HGWM8ZGTRPVKRA08K03H&#038;pd_rd_wg=4aFX8&#038;pd_rd_r=d7246dda-10ab-4d16-a769-941549f800a1&#038;pd_rd_i=B095CLQ1PT&#038;psc=1&#038;linkCode=ll1&#038;tag=geopolitics08-21&#038;linkId=bceb62c8d91e315011a48e0e641468f9&#038;language=fr_FR&#038;ref_=as_li_ss_tl\" target=\"_blank\" rel=\"nofollow\">\n\t\t\t\t<span class=\"pcbtn-wrapperin\">\n\t\t\t\t\t<span class=\"pcbtn-content\">\n\t\t\t\t\t\t\t\t\t\tCommander\t\t\t<\/span>\n\t\t\t\t\t\t\t\t\t<\/span>\n\t\t\t<\/a>\n\t\t<\/div>\n\t\t\t\t\t\t<\/div>\n\t\t\t\t<\/div>\n\t\t\t\t<\/div>\n\t\t<div class=\"elementor-element elementor-element-ad7876e e-con-full e-flex e-con e-child\" data-id=\"ad7876e\" data-element_type=\"container\" data-e-type=\"container\" data-settings=\"{&quot;background_background&quot;:&quot;classic&quot;}\">\n\t\t\t\t<div class=\"elementor-element elementor-element-da5e800 elementor-widget elementor-widget-heading\" data-id=\"da5e800\" data-element_type=\"widget\" data-e-type=\"widget\" data-widget_type=\"heading.default\">\n\t\t\t\t<div class=\"elementor-widget-container\">\n\t\t\t\t\t<h2 class=\"elementor-heading-title elementor-size-default\"><a href=\"https:\/\/www.amazon.fr\/MASTER-Boite-s%C3%A9curis%C3%A9e-Fixation-murale\/dp\/B000JTIX3S?th=1&#038;linkCode=ll1&#038;tag=geopolitics08-21&#038;linkId=c067614c070c77a4305379e2448f0d1a&#038;language=fr_FR&#038;ref_=as_li_ss_tl\" target=\"_blank\" rel=\"nofollow\">Master Lock Boite \u00e0 clef s\u00e9curis\u00e9e<\/a><\/h2>\t\t\t\t<\/div>\n\t\t\t\t<\/div>\n\t\t\t\t<div class=\"elementor-element elementor-element-979435b elementor-widget elementor-widget-image\" data-id=\"979435b\" data-element_type=\"widget\" data-e-type=\"widget\" data-widget_type=\"image.default\">\n\t\t\t\t<div class=\"elementor-widget-container\">\n\t\t\t\t\t\t\t\t\t\t\t\t\t\t\t\t<a href=\"https:\/\/www.amazon.fr\/MASTER-Boite-s%C3%A9curis%C3%A9e-Fixation-murale\/dp\/B000JTIX3S?th=1&#038;linkCode=ll1&#038;tag=geopolitics08-21&#038;linkId=c067614c070c77a4305379e2448f0d1a&#038;language=fr_FR&#038;ref_=as_li_ss_tl\" target=\"_blank\" rel=\"nofollow\">\n\t\t\t\t\t\t\t<img decoding=\"async\" width=\"780\" height=\"516\" src=\"https:\/\/www.geopolitics.fr\/wp-content\/uploads\/2025\/01\/boite-780x516.jpg\" class=\"attachment-penci-magazine-slider size-penci-magazine-slider wp-image-3383\" alt=\"\" srcset=\"https:\/\/www.geopolitics.fr\/wp-content\/uploads\/2025\/01\/boite-780x516.jpg 780w, https:\/\/www.geopolitics.fr\/wp-content\/uploads\/2025\/01\/boite-263x175.jpg 263w\" sizes=\"(max-width: 780px) 100vw, 780px\" \/>\t\t\t\t\t\t\t\t<\/a>\n\t\t\t\t\t\t\t\t\t\t\t\t\t\t\t<\/div>\n\t\t\t\t<\/div>\n\t\t\t\t<div class=\"elementor-element elementor-element-baaa221 elementor-widget elementor-widget-penci-button\" data-id=\"baaa221\" data-element_type=\"widget\" data-e-type=\"widget\" data-widget_type=\"penci-button.default\">\n\t\t\t\t<div class=\"elementor-widget-container\">\n\t\t\t\t\t\t\t<div class=\"pcbtn-wrapper pcbtn-align-none\">\n\t\t\t<a class=\"pcbtn pcbtn-icon-left\" \n\t\t\t\t\t\t\t\t\t\t\t\thref=\"https:\/\/www.amazon.fr\/MASTER-Boite-s%C3%A9curis%C3%A9e-Fixation-murale\/dp\/B000JTIX3S?th=1&#038;linkCode=ll1&#038;tag=geopolitics08-21&#038;linkId=c067614c070c77a4305379e2448f0d1a&#038;language=fr_FR&#038;ref_=as_li_ss_tl\" target=\"_blank\" rel=\"nofollow\">\n\t\t\t\t<span class=\"pcbtn-wrapperin\">\n\t\t\t\t\t<span class=\"pcbtn-content\">\n\t\t\t\t\t\t\t\t\t\tCommander\t\t\t<\/span>\n\t\t\t\t\t\t\t\t\t<\/span>\n\t\t\t<\/a>\n\t\t<\/div>\n\t\t\t\t\t\t<\/div>\n\t\t\t\t<\/div>\n\t\t\t\t<\/div>\n\t\t<div class=\"elementor-element elementor-element-5cb8762 e-con-full e-flex e-con e-child\" data-id=\"5cb8762\" data-element_type=\"container\" data-e-type=\"container\" data-settings=\"{&quot;background_background&quot;:&quot;classic&quot;}\">\n\t\t\t\t<div class=\"elementor-element elementor-element-9564658 elementor-widget elementor-widget-heading\" data-id=\"9564658\" data-element_type=\"widget\" data-e-type=\"widget\" data-widget_type=\"heading.default\">\n\t\t\t\t<div class=\"elementor-widget-container\">\n\t\t\t\t\t<h2 class=\"elementor-heading-title elementor-size-default\"><a href=\"https:\/\/www.amazon.fr\/Gritin-Rechargeable-Protection-Gradation-Couleurs\/dp\/B0C3BC4QG2?psc=1&#038;linkCode=ll1&#038;tag=geopolitics08-21&#038;linkId=f15e6508ab6703ee49f92bf4944073b4&#038;language=fr_FR&#038;ref_=as_li_ss_tl\" target=\"_blank\" rel=\"nofollow\">Gritin Lampe de Lecture 19 LED<\/a><\/h2>\t\t\t\t<\/div>\n\t\t\t\t<\/div>\n\t\t\t\t<div class=\"elementor-element elementor-element-0c448cd elementor-widget elementor-widget-image\" data-id=\"0c448cd\" data-element_type=\"widget\" data-e-type=\"widget\" data-widget_type=\"image.default\">\n\t\t\t\t<div class=\"elementor-widget-container\">\n\t\t\t\t\t\t\t\t\t\t\t\t\t\t\t\t<a href=\"https:\/\/www.amazon.fr\/Gritin-Rechargeable-Protection-Gradation-Couleurs\/dp\/B0C3BC4QG2?psc=1&#038;linkCode=ll1&#038;tag=geopolitics08-21&#038;linkId=f15e6508ab6703ee49f92bf4944073b4&#038;language=fr_FR&#038;ref_=as_li_ss_tl\" target=\"_blank\" rel=\"nofollow\">\n\t\t\t\t\t\t\t<img decoding=\"async\" width=\"780\" height=\"516\" src=\"https:\/\/www.geopolitics.fr\/wp-content\/uploads\/2025\/01\/lampe-780x516.jpg\" class=\"attachment-penci-magazine-slider size-penci-magazine-slider wp-image-3384\" alt=\"\" srcset=\"https:\/\/www.geopolitics.fr\/wp-content\/uploads\/2025\/01\/lampe-780x516.jpg 780w, https:\/\/www.geopolitics.fr\/wp-content\/uploads\/2025\/01\/lampe-263x175.jpg 263w\" sizes=\"(max-width: 780px) 100vw, 780px\" \/>\t\t\t\t\t\t\t\t<\/a>\n\t\t\t\t\t\t\t\t\t\t\t\t\t\t\t<\/div>\n\t\t\t\t<\/div>\n\t\t\t\t<div class=\"elementor-element elementor-element-bba0e56 elementor-widget elementor-widget-penci-button\" data-id=\"bba0e56\" data-element_type=\"widget\" data-e-type=\"widget\" data-widget_type=\"penci-button.default\">\n\t\t\t\t<div class=\"elementor-widget-container\">\n\t\t\t\t\t\t\t<div class=\"pcbtn-wrapper pcbtn-align-none\">\n\t\t\t<a class=\"pcbtn pcbtn-icon-left\" \n\t\t\t\t\t\t\t\t\t\t\t\thref=\"https:\/\/www.amazon.fr\/Gritin-Rechargeable-Protection-Gradation-Couleurs\/dp\/B0C3BC4QG2?psc=1&#038;linkCode=ll1&#038;tag=geopolitics08-21&#038;linkId=f15e6508ab6703ee49f92bf4944073b4&#038;language=fr_FR&#038;ref_=as_li_ss_tl\" target=\"_blank\" rel=\"nofollow\">\n\t\t\t\t<span class=\"pcbtn-wrapperin\">\n\t\t\t\t\t<span class=\"pcbtn-content\">\n\t\t\t\t\t\t\t\t\t\tCommander\t\t\t<\/span>\n\t\t\t\t\t\t\t\t\t<\/span>\n\t\t\t<\/a>\n\t\t<\/div>\n\t\t\t\t\t\t<\/div>\n\t\t\t\t<\/div>\n\t\t\t\t<\/div>\n\t\t<div class=\"elementor-element elementor-element-757729d e-con-full e-flex e-con e-child\" data-id=\"757729d\" data-element_type=\"container\" data-e-type=\"container\" data-settings=\"{&quot;background_background&quot;:&quot;classic&quot;}\">\n\t\t\t\t<div class=\"elementor-element elementor-element-8347c87 elementor-widget elementor-widget-heading\" data-id=\"8347c87\" data-element_type=\"widget\" data-e-type=\"widget\" data-widget_type=\"heading.default\">\n\t\t\t\t<div class=\"elementor-widget-container\">\n\t\t\t\t\t<h2 class=\"elementor-heading-title elementor-size-default\"><a href=\"https:\/\/www.amazon.fr\/Lotus-bleu-%C3%89dition-blanc-coloris%C3%A9e\/dp\/2203293136?psc=1&#038;linkCode=ll1&#038;tag=geopolitics08-21&#038;linkId=87df70a32c88a974f382d0899bfd8f84&#038;language=fr_FR&#038;ref_=as_li_ss_tl\" target=\"_blank\" rel=\"nofollow\">Le Lotus bleu: \u00c9dition noir et blanc coloris\u00e9e<\/a><\/h2>\t\t\t\t<\/div>\n\t\t\t\t<\/div>\n\t\t\t\t<div class=\"elementor-element elementor-element-f91c20a elementor-widget elementor-widget-image\" data-id=\"f91c20a\" data-element_type=\"widget\" data-e-type=\"widget\" data-widget_type=\"image.default\">\n\t\t\t\t<div class=\"elementor-widget-container\">\n\t\t\t\t\t\t\t\t\t\t\t\t\t\t\t\t<a href=\"https:\/\/www.amazon.fr\/Lotus-bleu-%C3%89dition-blanc-coloris%C3%A9e\/dp\/2203293136?psc=1&#038;linkCode=ll1&#038;tag=geopolitics08-21&#038;linkId=87df70a32c88a974f382d0899bfd8f84&#038;language=fr_FR&#038;ref_=as_li_ss_tl\" target=\"_blank\" rel=\"nofollow\">\n\t\t\t\t\t\t\t<img loading=\"lazy\" decoding=\"async\" width=\"780\" height=\"516\" src=\"https:\/\/www.geopolitics.fr\/wp-content\/uploads\/2025\/01\/le-lous-bleu-780x516.jpg\" class=\"attachment-penci-magazine-slider size-penci-magazine-slider wp-image-3385\" alt=\"\" srcset=\"https:\/\/www.geopolitics.fr\/wp-content\/uploads\/2025\/01\/le-lous-bleu-780x516.jpg 780w, https:\/\/www.geopolitics.fr\/wp-content\/uploads\/2025\/01\/le-lous-bleu-263x175.jpg 263w\" sizes=\"(max-width: 780px) 100vw, 780px\" \/>\t\t\t\t\t\t\t\t<\/a>\n\t\t\t\t\t\t\t\t\t\t\t\t\t\t\t<\/div>\n\t\t\t\t<\/div>\n\t\t\t\t<div class=\"elementor-element elementor-element-36c2326 elementor-widget elementor-widget-penci-button\" data-id=\"36c2326\" data-element_type=\"widget\" data-e-type=\"widget\" data-widget_type=\"penci-button.default\">\n\t\t\t\t<div class=\"elementor-widget-container\">\n\t\t\t\t\t\t\t<div class=\"pcbtn-wrapper pcbtn-align-none\">\n\t\t\t<a class=\"pcbtn pcbtn-icon-left\" \n\t\t\t\t\t\t\t\t\t\t\t\thref=\"https:\/\/www.amazon.fr\/Lotus-bleu-%C3%89dition-blanc-coloris%C3%A9e\/dp\/2203293136?psc=1&#038;linkCode=ll1&#038;tag=geopolitics08-21&#038;linkId=87df70a32c88a974f382d0899bfd8f84&#038;language=fr_FR&#038;ref_=as_li_ss_tl\" target=\"_blank\" rel=\"nofollow\">\n\t\t\t\t<span class=\"pcbtn-wrapperin\">\n\t\t\t\t\t<span class=\"pcbtn-content\">\n\t\t\t\t\t\t\t\t\t\tCommander\t\t\t<\/span>\n\t\t\t\t\t\t\t\t\t<\/span>\n\t\t\t<\/a>\n\t\t<\/div>\n\t\t\t\t\t\t<\/div>\n\t\t\t\t<\/div>\n\t\t\t\t<\/div>\n\t\t\t\t\t<\/div>\n\t\t\t\t<\/div>\n\t\t\t\t<section class=\"penci-section penci-disSticky penci-structure-10 elementor-section elementor-top-section elementor-element elementor-element-7c89741 elementor-section-boxed elementor-section-height-default elementor-section-height-default\" data-id=\"7c89741\" data-element_type=\"section\" data-e-type=\"section\">\n\t\t\t\t\t\t<div class=\"elementor-container elementor-column-gap-no\">\n\t\t\t\t\t<div class=\"penci-ercol-100 penci-ercol-order-1 penci-sticky-ct    elementor-column elementor-col-100 elementor-top-column elementor-element elementor-element-30b71cd\" data-id=\"30b71cd\" data-element_type=\"column\" data-e-type=\"column\">\n\t\t\t<div class=\"elementor-widget-wrap elementor-element-populated\">\n\t\t\t\t\t\t<section class=\"penci-section penci-disSticky penci-structure-10 elementor-section elementor-inner-section elementor-element elementor-element-5006693 elementor-section-boxed elementor-section-height-default elementor-section-height-default\" data-id=\"5006693\" data-element_type=\"section\" data-e-type=\"section\">\n\t\t\t\t\t\t<div class=\"elementor-container elementor-column-gap-no\">\n\t\t\t\t\t<div class=\"penci-ercol-100 penci-ercol-order-1 penci-sticky-ct  penci-dmcheck penci-elbg-activate  elementor-column elementor-col-100 elementor-inner-column elementor-element elementor-element-aaebd99\" data-id=\"aaebd99\" data-element_type=\"column\" data-e-type=\"column\" data-settings=\"{&quot;background_background&quot;:&quot;classic&quot;}\">\n\t\t\t<div class=\"elementor-widget-wrap elementor-element-populated\">\n\t\t\t\t\t\t<div class=\"elementor-element elementor-element-63fe961 elementor-widget elementor-widget-penci-block-heading\" data-id=\"63fe961\" data-element_type=\"widget\" data-e-type=\"widget\" data-widget_type=\"penci-block-heading.default\">\n\t\t\t\t<div class=\"elementor-widget-container\">\n\t\t\t\t\t\t\t<div class=\"penciel-bheading penci-border-arrow penci-homepage-title penci-home-latest-posts style-6 pcalign-left pciconp-right pcicon-right block-title-icon-left\">\n\t\t\t<h3 class=\"inner-arrow\">\n\t\t\t\t<span>\n\t\t\t\t<span>Articles les plus r\u00e9cents<\/span>\t\t\t\t<\/span>\n\t\t\t<\/h3>\n\t\t\t\t\t<\/div>\n\t\t\t\t\t\t<\/div>\n\t\t\t\t<\/div>\n\t\t\t\t<div class=\"elementor-element elementor-element-0a055b5 elementor-widget elementor-widget-penci-small-list\" data-id=\"0a055b5\" data-element_type=\"widget\" data-e-type=\"widget\" data-widget_type=\"penci-small-list.default\">\n\t\t\t\t<div class=\"elementor-widget-container\">\n\t\t\t\t\t<script>if( typeof(penciBlock) === \"undefined\" ) {function penciBlock() { this.atts_json = ''; this.content = ''; }}var penciBlocksArray = penciBlocksArray || [];var PENCILOCALCACHE = PENCILOCALCACHE || {};var pcblock_3436 = new penciBlock();pcblock_3436.blockID=\"pcblock_3436\";pcblock_3436.atts_json = '{\"type\":\"grid\",\"dformat\":\"\",\"date_pos\":\"left\",\"column\":\"3\",\"tab_column\":\"1\",\"mb_column\":\"1\",\"imgpos\":\"left\",\"thumb_size\":\"\",\"mthumb_size\":\"\",\"post_meta\":[\"cat\",\"title\",\"date\"],\"primary_cat\":\"\",\"title_length\":\"\",\"excerpt_pos\":\"below\",\"rmstyle\":\"filled\",\"excerpt_length\":15,\"nocrop\":\"\",\"hide_cat_mobile\":\"\",\"hide_meta_mobile\":\"\",\"hide_excerpt_mobile\":\"\",\"hide_rm_mobile\":\"\",\"imgtop_mobile\":\"\",\"ver_border\":\"\",\"hide_thumb\":\"\",\"show_reviewpie\":\"\",\"show_formaticon\":\"\",\"disable_lazy\":\"\",\"show_excerpt\":\"\",\"show_readmore\":\"\",\"query\":{\"orderby\":\"date\",\"order\":\"desc\",\"ignore_sticky_posts\":1,\"post_status\":\"publish\",\"post__not_in\":[],\"post_type\":\"post\",\"posts_per_page\":3,\"tax_query\":[]},\"category_ids\":\"\",\"taxonomy\":\"\"}';penciBlocksArray.push(pcblock_3436);<\/script>        <div class=\"penci-wrapper-smalllist\">\n\t\t\t\t\t\t            <div class=\"penci-smalllist-wrapper\">\n\t\t\t\t                    <div class=\"penci-smalllist pcsl-wrapper pwsl-id-default\">\n                        <div class=\"pcsl-inner penci-clearfix pcsl-grid pencipw-hd-text pcsl-imgpos-left pcsl-col-3 pcsl-tabcol-1 pcsl-mobcol-1\">\n\t\t\t\t\t\t\t\t\t\t\t\t\t\t\t\t\t\t\t\t\t\t\t\t                                    <div class=\"pcsl-item\">\n                                        <div class=\"pcsl-itemin\">\n                                            <div class=\"pcsl-iteminer\">\n\t\t\t\t\t\t\t\t\t\t\t\t\n\t\t\t\t\t\t\t\t\t\t\t\t                                                    <div class=\"pcsl-thumb\">\n\t\t\t\t\t\t\t\t\t\t\t\t\t\t\t\t\t\t\t\t\t\t\t\t\t\t\t\t                                                            <a  data-bgset=\"https:\/\/www.geopolitics.fr\/wp-content\/uploads\/2026\/09\/moyen-orient-263x175.jpg\" href=\"https:\/\/www.geopolitics.fr\/en\/2026\/09\/02\/le-golfe-a-lepreuve-de-lhistoire-pouvoir-legitimite-et-nouveaux-equilibres-la-crise-et-leffacement-des-anciens-equilibres-1-3\/\"\n                                                               title=\"Le Golfe \u00e0 l&rsquo;\u00e9preuve de l&rsquo;Histoire : pouvoir, l\u00e9gitimit\u00e9 et nouveaux \u00e9quilibres &#8211; La crise et l&rsquo;effacement des anciens \u00e9quilibres (1\/3)\"\n                                                               class=\"penci-lazy penci-image-holder\">\n\t                                                                                                                        <\/a>\n\n                                                    <\/div>\n\t\t\t\t\t\t\t\t\t\t\t\t                                                <div class=\"pcsl-content\">\n\t\t\t\t\t\t\t\t\t\t\t\t\t                                                        <div class=\"cat pcsl-cat\">\n\t\t\t\t\t\t\t\t\t\t\t\t\t\t\t<a style=\"\" class=\"penci-cat-name penci-cat-5\" href=\"https:\/\/www.geopolitics.fr\/en\/category\/international\/\"  rel=\"category tag\"><span style=\"\">International<\/span><\/a><a style=\"\" class=\"penci-cat-name penci-cat-4\" href=\"https:\/\/www.geopolitics.fr\/en\/category\/mis-en-avant\/\"  rel=\"category tag\"><span style=\"\">Mis en AVANT<\/span><\/a><a style=\"\" class=\"penci-cat-name penci-cat-617\" href=\"https:\/\/www.geopolitics.fr\/en\/category\/france\/politique-france\/\"  rel=\"category tag\"><span style=\"\">Politique<\/span><\/a>                                                        <\/div>\n\t\t\t\t\t\t\t\t\t\t\t\t\t\n\t\t\t\t\t\t\t\t\t\t\t\t\t                                                        <div class=\"pcsl-title\">\n                                                            <a href=\"https:\/\/www.geopolitics.fr\/en\/2026\/09\/02\/le-golfe-a-lepreuve-de-lhistoire-pouvoir-legitimite-et-nouveaux-equilibres-la-crise-et-leffacement-des-anciens-equilibres-1-3\/\">Le Golfe \u00e0 l&rsquo;\u00e9preuve de l&rsquo;Histoire : pouvoir, l\u00e9gitimit\u00e9 et nouveaux \u00e9quilibres &#8211; La crise et l&rsquo;effacement des anciens \u00e9quilibres (1\/3)<\/a>\n                                                        <\/div>\n\t\t\t\t\t\t\t\t\t\t\t\t\t\n\t\t\t\t\t\t\t\t\t\t\t\t\t                                                        <div class=\"grid-post-box-meta pcsl-meta\">\n\t\t\t\t\t\t\t\t\t\t\t\t\t\t\t\t\t\t\t\t\t\t\t\t\t\t\t\t\t\t                                                                <span class=\"sl-date\"><time class=\"entry-date published\" datetime=\"2026-09-02T20:31:24+02:00\">2 September 2026<\/time><\/span>\n\t\t\t\t\t\t\t\t\t\t\t\t\t\t\t\t\t\t\t\t\t\t\t\t\t\t\t\t\t\t\t\t\t\t\t\t\t\t\t\t\t\t\t\t\t\t\t\t\t\t\t\t\t\t\t\t\t\t\t\t\t\t\t\t\t\t\t\t\t\t\t\t\t\t\t\t\t\t\t\t\t\t\t\t\t\t\t\t\t\t                                                        <\/div>\n\t\t\t\t\t\t\t\t\t\t\t\t\t\n\t\t\t\t\t\t\t\t\t\t\t\t\t\t\t\t\t\t\t\t\t\t\t\t\t\t\n                                                <\/div>\n\n\t\t\t\t\t\t\t\t\t\t\t\t                                            <\/div>\n                                        <\/div>\n                                    <\/div>\n                                \t\t\t\t\t\t\t\t\t\t\t\t\t\t\t\t\t                                    <div class=\"pcsl-item\">\n                                        <div class=\"pcsl-itemin\">\n                                            <div class=\"pcsl-iteminer\">\n\t\t\t\t\t\t\t\t\t\t\t\t\n\t\t\t\t\t\t\t\t\t\t\t\t                                                    <div class=\"pcsl-thumb\">\n\t\t\t\t\t\t\t\t\t\t\t\t\t\t\t\t\t\t\t\t\t\t\t\t\t\t\t\t                                                            <a  data-bgset=\"https:\/\/www.geopolitics.fr\/wp-content\/uploads\/2026\/08\/IA-BON-263x175.jpg\" href=\"https:\/\/www.geopolitics.fr\/en\/2026\/08\/24\/lia-ecrit-les-humains-hallucinent\/\"\n                                                               title=\"L\u2019IA \u00e9crit. Les humains hallucinent &#8211;\"\n                                                               class=\"penci-lazy penci-image-holder\">\n\t                                                                                                                        <\/a>\n\n                                                    <\/div>\n\t\t\t\t\t\t\t\t\t\t\t\t                                                <div class=\"pcsl-content\">\n\t\t\t\t\t\t\t\t\t\t\t\t\t                                                        <div class=\"cat pcsl-cat\">\n\t\t\t\t\t\t\t\t\t\t\t\t\t\t\t<a style=\"\" class=\"penci-cat-name penci-cat-4\" href=\"https:\/\/www.geopolitics.fr\/en\/category\/mis-en-avant\/\"  rel=\"category tag\"><span style=\"\">Mis en AVANT<\/span><\/a><a style=\"\" class=\"penci-cat-name penci-cat-623\" href=\"https:\/\/www.geopolitics.fr\/en\/category\/france\/sante-sciences-recherche\/\"  rel=\"category tag\"><span style=\"\">Sant\u00e9, sciences, recherche<\/span><\/a>                                                        <\/div>\n\t\t\t\t\t\t\t\t\t\t\t\t\t\n\t\t\t\t\t\t\t\t\t\t\t\t\t                                                        <div class=\"pcsl-title\">\n                                                            <a href=\"https:\/\/www.geopolitics.fr\/en\/2026\/08\/24\/lia-ecrit-les-humains-hallucinent\/\">L\u2019IA \u00e9crit. Les humains hallucinent &#8211;<\/a>\n                                                        <\/div>\n\t\t\t\t\t\t\t\t\t\t\t\t\t\n\t\t\t\t\t\t\t\t\t\t\t\t\t                                                        <div class=\"grid-post-box-meta pcsl-meta\">\n\t\t\t\t\t\t\t\t\t\t\t\t\t\t\t\t\t\t\t\t\t\t\t\t\t\t\t\t\t\t                                                                <span class=\"sl-date\"><time class=\"entry-date published\" datetime=\"2026-08-24T11:48:59+02:00\">24 August 2026<\/time><\/span>\n\t\t\t\t\t\t\t\t\t\t\t\t\t\t\t\t\t\t\t\t\t\t\t\t\t\t\t\t\t\t\t\t\t\t\t\t\t\t\t\t\t\t\t\t\t\t\t\t\t\t\t\t\t\t\t\t\t\t\t\t\t\t\t\t\t\t\t\t\t\t\t\t\t\t\t\t\t\t\t\t\t\t\t\t\t\t\t\t\t\t                                                        <\/div>\n\t\t\t\t\t\t\t\t\t\t\t\t\t\n\t\t\t\t\t\t\t\t\t\t\t\t\t\t\t\t\t\t\t\t\t\t\t\t\t\t\n                                                <\/div>\n\n\t\t\t\t\t\t\t\t\t\t\t\t                                            <\/div>\n                                        <\/div>\n                                    <\/div>\n                                \t\t\t\t\t\t\t\t\t\t\t\t\t\t\t\t\t                                    <div class=\"pcsl-item\">\n                                        <div class=\"pcsl-itemin\">\n                                            <div class=\"pcsl-iteminer\">\n\t\t\t\t\t\t\t\t\t\t\t\t\n\t\t\t\t\t\t\t\t\t\t\t\t                                                    <div class=\"pcsl-thumb\">\n\t\t\t\t\t\t\t\t\t\t\t\t\t\t\t\t\t\t\t\t\t\t\t\t\t\t\t\t                                                            <a  data-bgset=\"https:\/\/www.geopolitics.fr\/wp-content\/uploads\/2026\/08\/cpi-bascule-263x175.jpg\" href=\"https:\/\/www.geopolitics.fr\/en\/2026\/08\/21\/la-cour-penale-internationale-a-lepreuve-des-puissances-sanctions-souverainete-et-crise-de-la-justice-internationale\/\"\n                                                               title=\"La Cour P\u00e9nale Internationale \u00e0 l\u2019\u00e9preuve des puissances : sanctions, souverainet\u00e9 et crise de la justice internationale\"\n                                                               class=\"penci-lazy penci-image-holder\">\n\t                                                                                                                        <\/a>\n\n                                                    <\/div>\n\t\t\t\t\t\t\t\t\t\t\t\t                                                <div class=\"pcsl-content\">\n\t\t\t\t\t\t\t\t\t\t\t\t\t                                                        <div class=\"cat pcsl-cat\">\n\t\t\t\t\t\t\t\t\t\t\t\t\t\t\t<a style=\"\" class=\"penci-cat-name penci-cat-610\" href=\"https:\/\/www.geopolitics.fr\/en\/category\/international\/droit-international\/\"  rel=\"category tag\"><span style=\"\">Droit international, multilat\u00e9ral<\/span><\/a><a style=\"\" class=\"penci-cat-name penci-cat-5\" href=\"https:\/\/www.geopolitics.fr\/en\/category\/international\/\"  rel=\"category tag\"><span style=\"\">International<\/span><\/a><a style=\"\" class=\"penci-cat-name penci-cat-4\" href=\"https:\/\/www.geopolitics.fr\/en\/category\/mis-en-avant\/\"  rel=\"category tag\"><span style=\"\">Mis en AVANT<\/span><\/a>                                                        <\/div>\n\t\t\t\t\t\t\t\t\t\t\t\t\t\n\t\t\t\t\t\t\t\t\t\t\t\t\t                                                        <div class=\"pcsl-title\">\n                                                            <a href=\"https:\/\/www.geopolitics.fr\/en\/2026\/08\/21\/la-cour-penale-internationale-a-lepreuve-des-puissances-sanctions-souverainete-et-crise-de-la-justice-internationale\/\">La Cour P\u00e9nale Internationale \u00e0 l\u2019\u00e9preuve des puissances : sanctions, souverainet\u00e9 et crise de la justice internationale<\/a>\n                                                        <\/div>\n\t\t\t\t\t\t\t\t\t\t\t\t\t\n\t\t\t\t\t\t\t\t\t\t\t\t\t                                                        <div class=\"grid-post-box-meta pcsl-meta\">\n\t\t\t\t\t\t\t\t\t\t\t\t\t\t\t\t\t\t\t\t\t\t\t\t\t\t\t\t\t\t                                                                <span class=\"sl-date\"><time class=\"entry-date published\" datetime=\"2026-08-21T12:49:15+02:00\">21 August 2026<\/time><\/span>\n\t\t\t\t\t\t\t\t\t\t\t\t\t\t\t\t\t\t\t\t\t\t\t\t\t\t\t\t\t\t\t\t\t\t\t\t\t\t\t\t\t\t\t\t\t\t\t\t\t\t\t\t\t\t\t\t\t\t\t\t\t\t\t\t\t\t\t\t\t\t\t\t\t\t\t\t\t\t\t\t\t\t\t\t\t\t\t\t\t\t                                                        <\/div>\n\t\t\t\t\t\t\t\t\t\t\t\t\t\n\t\t\t\t\t\t\t\t\t\t\t\t\t\t\t\t\t\t\t\t\t\t\t\t\t\t\n                                                <\/div>\n\n\t\t\t\t\t\t\t\t\t\t\t\t                                            <\/div>\n                                        <\/div>\n                                    <\/div>\n                                \t\t\t\t\t\t\t\t\t\t\t\t\t\t\t\t                        <\/div>\n\n\t\t\t\t\t\t\n                    <\/div>\n\t\t\t\t\t            <\/div>\n        <\/div>\n\t\t\t\t\t\t<\/div>\n\t\t\t\t<\/div>\n\t\t\t\t<div class=\"elementor-element elementor-element-d716b1b elementor-widget elementor-widget-penci-small-list\" data-id=\"d716b1b\" data-element_type=\"widget\" data-e-type=\"widget\" data-widget_type=\"penci-small-list.default\">\n\t\t\t\t<div class=\"elementor-widget-container\">\n\t\t\t\t\t<script>if( typeof(penciBlock) === \"undefined\" ) {function penciBlock() { this.atts_json = ''; this.content = ''; }}var penciBlocksArray = penciBlocksArray || [];var PENCILOCALCACHE = PENCILOCALCACHE || {};var pcblock_3091 = new penciBlock();pcblock_3091.blockID=\"pcblock_3091\";pcblock_3091.atts_json = '{\"type\":\"grid\",\"dformat\":\"\",\"date_pos\":\"left\",\"column\":\"4\",\"tab_column\":\"\",\"mb_column\":\"\",\"imgpos\":\"left\",\"thumb_size\":\"\",\"mthumb_size\":\"\",\"post_meta\":[\"title\",\"date\"],\"primary_cat\":\"\",\"title_length\":\"\",\"excerpt_pos\":\"below\",\"rmstyle\":\"filled\",\"excerpt_length\":15,\"nocrop\":\"\",\"hide_cat_mobile\":\"\",\"hide_meta_mobile\":\"\",\"hide_excerpt_mobile\":\"\",\"hide_rm_mobile\":\"\",\"imgtop_mobile\":\"\",\"ver_border\":\"\",\"hide_thumb\":\"yes\",\"show_reviewpie\":\"\",\"show_formaticon\":\"\",\"disable_lazy\":\"\",\"show_excerpt\":\"\",\"show_readmore\":\"\",\"query\":{\"orderby\":\"date\",\"order\":\"desc\",\"ignore_sticky_posts\":1,\"post_status\":\"publish\",\"post__not_in\":[],\"post_type\":\"post\",\"posts_per_page\":8,\"tax_query\":[],\"offset\":3},\"category_ids\":\"\",\"taxonomy\":\"\"}';penciBlocksArray.push(pcblock_3091);<\/script>        <div class=\"penci-wrapper-smalllist\">\n\t\t\t\t\t\t            <div class=\"penci-smalllist-wrapper\">\n\t\t\t\t                    <div class=\"penci-smalllist pcsl-wrapper pwsl-id-default\">\n                        <div class=\"pcsl-inner penci-clearfix pcsl-grid pencipw-hd-text pcsl-imgpos-left pcsl-col-4 pcsl-tabcol-2 pcsl-mobcol-1\">\n\t\t\t\t\t\t\t\t\t\t\t\t\t\t\t\t\t\t\t\t\t\t\t\t                                    <div class=\"pcsl-item pcsl-nothumb\">\n                                        <div class=\"pcsl-itemin\">\n                                            <div class=\"pcsl-iteminer\">\n\t\t\t\t\t\t\t\t\t\t\t\t\n\t\t\t\t\t\t\t\t\t\t\t\t                                                <div class=\"pcsl-content\">\n\t\t\t\t\t\t\t\t\t\t\t\t\t\n\t\t\t\t\t\t\t\t\t\t\t\t\t                                                        <div class=\"pcsl-title\">\n                                                            <a href=\"https:\/\/www.geopolitics.fr\/en\/2026\/08\/12\/le-retour-probable-des-eliminations-ciblees-contre-les-dirigeants-de-la-republique-islamique-diran\/\">Le retour probable des \u00e9liminations cibl\u00e9es contre les dirigeants de la R\u00e9publique islamique d&rsquo;Iran<\/a>\n                                                        <\/div>\n\t\t\t\t\t\t\t\t\t\t\t\t\t\n\t\t\t\t\t\t\t\t\t\t\t\t\t                                                        <div class=\"grid-post-box-meta pcsl-meta\">\n\t\t\t\t\t\t\t\t\t\t\t\t\t\t\t\t\t\t\t\t\t\t\t\t\t\t\t\t\t\t                                                                <span class=\"sl-date\"><time class=\"entry-date published\" datetime=\"2026-08-12T17:16:47+02:00\">12 August 2026<\/time><\/span>\n\t\t\t\t\t\t\t\t\t\t\t\t\t\t\t\t\t\t\t\t\t\t\t\t\t\t\t\t\t\t\t\t\t\t\t\t\t\t\t\t\t\t\t\t\t\t\t\t\t\t\t\t\t\t\t\t\t\t\t\t\t\t\t\t\t\t\t\t\t\t\t\t\t\t\t\t\t\t\t\t\t\t\t\t\t\t\t\t\t\t                                                        <\/div>\n\t\t\t\t\t\t\t\t\t\t\t\t\t\n\t\t\t\t\t\t\t\t\t\t\t\t\t\t\t\t\t\t\t\t\t\t\t\t\t\t\n                                                <\/div>\n\n\t\t\t\t\t\t\t\t\t\t\t\t                                            <\/div>\n                                        <\/div>\n                                    <\/div>\n                                \t\t\t\t\t\t\t\t\t\t\t\t\t\t\t\t\t                                    <div class=\"pcsl-item pcsl-nothumb\">\n                                        <div class=\"pcsl-itemin\">\n                                            <div class=\"pcsl-iteminer\">\n\t\t\t\t\t\t\t\t\t\t\t\t\n\t\t\t\t\t\t\t\t\t\t\t\t                                                <div class=\"pcsl-content\">\n\t\t\t\t\t\t\t\t\t\t\t\t\t\n\t\t\t\t\t\t\t\t\t\t\t\t\t                                                        <div class=\"pcsl-title\">\n                                                            <a href=\"https:\/\/www.geopolitics.fr\/en\/2026\/08\/11\/leloquent-silence\/\">L\u2019\u00c9loquent Silence<\/a>\n                                                        <\/div>\n\t\t\t\t\t\t\t\t\t\t\t\t\t\n\t\t\t\t\t\t\t\t\t\t\t\t\t                                                        <div class=\"grid-post-box-meta pcsl-meta\">\n\t\t\t\t\t\t\t\t\t\t\t\t\t\t\t\t\t\t\t\t\t\t\t\t\t\t\t\t\t\t                                                                <span class=\"sl-date\"><time class=\"entry-date published\" datetime=\"2026-08-11T13:47:34+02:00\">11 August 2026<\/time><\/span>\n\t\t\t\t\t\t\t\t\t\t\t\t\t\t\t\t\t\t\t\t\t\t\t\t\t\t\t\t\t\t\t\t\t\t\t\t\t\t\t\t\t\t\t\t\t\t\t\t\t\t\t\t\t\t\t\t\t\t\t\t\t\t\t\t\t\t\t\t\t\t\t\t\t\t\t\t\t\t\t\t\t\t\t\t\t\t\t\t\t\t                                                        <\/div>\n\t\t\t\t\t\t\t\t\t\t\t\t\t\n\t\t\t\t\t\t\t\t\t\t\t\t\t\t\t\t\t\t\t\t\t\t\t\t\t\t\n                                                <\/div>\n\n\t\t\t\t\t\t\t\t\t\t\t\t                                            <\/div>\n                                        <\/div>\n                                    <\/div>\n                                \t\t\t\t\t\t\t\t\t\t\t\t\t\t\t\t\t                                    <div class=\"pcsl-item pcsl-nothumb\">\n                                        <div class=\"pcsl-itemin\">\n                                            <div class=\"pcsl-iteminer\">\n\t\t\t\t\t\t\t\t\t\t\t\t\n\t\t\t\t\t\t\t\t\t\t\t\t                                                <div class=\"pcsl-content\">\n\t\t\t\t\t\t\t\t\t\t\t\t\t\n\t\t\t\t\t\t\t\t\t\t\t\t\t                                                        <div class=\"pcsl-title\">\n                                                            <a href=\"https:\/\/www.geopolitics.fr\/en\/2026\/08\/10\/health-beyond-healthcare-ou-la-sante-au-au-dela-du-seul-systeme-de-soins\/\">Health Beyond Healthcare ou la sant\u00e9 au au del\u00e0 du seul syst\u00e8me de soins<\/a>\n                                                        <\/div>\n\t\t\t\t\t\t\t\t\t\t\t\t\t\n\t\t\t\t\t\t\t\t\t\t\t\t\t                                                        <div class=\"grid-post-box-meta pcsl-meta\">\n\t\t\t\t\t\t\t\t\t\t\t\t\t\t\t\t\t\t\t\t\t\t\t\t\t\t\t\t\t\t                                                                <span class=\"sl-date\"><time class=\"entry-date published\" datetime=\"2026-08-10T11:08:20+02:00\">10 August 2026<\/time><\/span>\n\t\t\t\t\t\t\t\t\t\t\t\t\t\t\t\t\t\t\t\t\t\t\t\t\t\t\t\t\t\t\t\t\t\t\t\t\t\t\t\t\t\t\t\t\t\t\t\t\t\t\t\t\t\t\t\t\t\t\t\t\t\t\t\t\t\t\t\t\t\t\t\t\t\t\t\t\t\t\t\t\t\t\t\t\t\t\t\t\t\t                                                        <\/div>\n\t\t\t\t\t\t\t\t\t\t\t\t\t\n\t\t\t\t\t\t\t\t\t\t\t\t\t\t\t\t\t\t\t\t\t\t\t\t\t\t\n                                                <\/div>\n\n\t\t\t\t\t\t\t\t\t\t\t\t                                            <\/div>\n                                        <\/div>\n                                    <\/div>\n                                \t\t\t\t\t\t\t\t\t\t\t\t\t\t\t\t\t                                    <div class=\"pcsl-item pcsl-nothumb\">\n                                        <div class=\"pcsl-itemin\">\n                                            <div class=\"pcsl-iteminer\">\n\t\t\t\t\t\t\t\t\t\t\t\t\n\t\t\t\t\t\t\t\t\t\t\t\t                                                <div class=\"pcsl-content\">\n\t\t\t\t\t\t\t\t\t\t\t\t\t\n\t\t\t\t\t\t\t\t\t\t\t\t\t                                                        <div class=\"pcsl-title\">\n                                                            <a href=\"https:\/\/www.geopolitics.fr\/en\/2026\/08\/09\/ceuta-ou-la-frontiere-comme-rapport-de-force\/\">Ceuta, ou la fronti\u00e8re comme rapport de force<\/a>\n                                                        <\/div>\n\t\t\t\t\t\t\t\t\t\t\t\t\t\n\t\t\t\t\t\t\t\t\t\t\t\t\t                                                        <div class=\"grid-post-box-meta pcsl-meta\">\n\t\t\t\t\t\t\t\t\t\t\t\t\t\t\t\t\t\t\t\t\t\t\t\t\t\t\t\t\t\t                                                                <span class=\"sl-date\"><time class=\"entry-date published\" datetime=\"2026-08-09T10:05:28+02:00\">9 August 2026<\/time><\/span>\n\t\t\t\t\t\t\t\t\t\t\t\t\t\t\t\t\t\t\t\t\t\t\t\t\t\t\t\t\t\t\t\t\t\t\t\t\t\t\t\t\t\t\t\t\t\t\t\t\t\t\t\t\t\t\t\t\t\t\t\t\t\t\t\t\t\t\t\t\t\t\t\t\t\t\t\t\t\t\t\t\t\t\t\t\t\t\t\t\t\t                                                        <\/div>\n\t\t\t\t\t\t\t\t\t\t\t\t\t\n\t\t\t\t\t\t\t\t\t\t\t\t\t\t\t\t\t\t\t\t\t\t\t\t\t\t\n                                                <\/div>\n\n\t\t\t\t\t\t\t\t\t\t\t\t                                            <\/div>\n                                        <\/div>\n                                    <\/div>\n                                \t\t\t\t\t\t\t\t\t\t\t\t\t\t\t\t\t                                    <div class=\"pcsl-item pcsl-nothumb\">\n                                        <div class=\"pcsl-itemin\">\n                                            <div class=\"pcsl-iteminer\">\n\t\t\t\t\t\t\t\t\t\t\t\t\n\t\t\t\t\t\t\t\t\t\t\t\t                                                <div class=\"pcsl-content\">\n\t\t\t\t\t\t\t\t\t\t\t\t\t\n\t\t\t\t\t\t\t\t\t\t\t\t\t                                                        <div class=\"pcsl-title\">\n                                                            <a href=\"https:\/\/www.geopolitics.fr\/en\/2026\/08\/04\/la-relation-franco-marocaine-dun-heritage-historique-a-un-partenariat-strategique\/\">La relation franco-marocaine : d&rsquo;un h\u00e9ritage historique \u00e0 un partenariat strat\u00e9gique<\/a>\n                                                        <\/div>\n\t\t\t\t\t\t\t\t\t\t\t\t\t\n\t\t\t\t\t\t\t\t\t\t\t\t\t                                                        <div class=\"grid-post-box-meta pcsl-meta\">\n\t\t\t\t\t\t\t\t\t\t\t\t\t\t\t\t\t\t\t\t\t\t\t\t\t\t\t\t\t\t                                                                <span class=\"sl-date\"><time class=\"entry-date published\" datetime=\"2026-08-04T09:49:25+02:00\">4 August 2026<\/time><\/span>\n\t\t\t\t\t\t\t\t\t\t\t\t\t\t\t\t\t\t\t\t\t\t\t\t\t\t\t\t\t\t\t\t\t\t\t\t\t\t\t\t\t\t\t\t\t\t\t\t\t\t\t\t\t\t\t\t\t\t\t\t\t\t\t\t\t\t\t\t\t\t\t\t\t\t\t\t\t\t\t\t\t\t\t\t\t\t\t\t\t\t                                                        <\/div>\n\t\t\t\t\t\t\t\t\t\t\t\t\t\n\t\t\t\t\t\t\t\t\t\t\t\t\t\t\t\t\t\t\t\t\t\t\t\t\t\t\n                                                <\/div>\n\n\t\t\t\t\t\t\t\t\t\t\t\t                                            <\/div>\n                                        <\/div>\n                                    <\/div>\n                                \t\t\t\t\t\t\t\t\t\t\t\t\t\t\t\t\t                                    <div class=\"pcsl-item pcsl-nothumb\">\n                                        <div class=\"pcsl-itemin\">\n                                            <div class=\"pcsl-iteminer\">\n\t\t\t\t\t\t\t\t\t\t\t\t\n\t\t\t\t\t\t\t\t\t\t\t\t                                                <div class=\"pcsl-content\">\n\t\t\t\t\t\t\t\t\t\t\t\t\t\n\t\t\t\t\t\t\t\t\t\t\t\t\t                                                        <div class=\"pcsl-title\">\n                                                            <a href=\"https:\/\/www.geopolitics.fr\/en\/2026\/07\/29\/israel-perd-lamerique-democrate\/\">Isra\u00ebl perd l&rsquo;Am\u00e9rique d\u00e9mocrate<\/a>\n                                                        <\/div>\n\t\t\t\t\t\t\t\t\t\t\t\t\t\n\t\t\t\t\t\t\t\t\t\t\t\t\t                                                        <div class=\"grid-post-box-meta pcsl-meta\">\n\t\t\t\t\t\t\t\t\t\t\t\t\t\t\t\t\t\t\t\t\t\t\t\t\t\t\t\t\t\t                                                                <span class=\"sl-date\"><time class=\"entry-date published\" datetime=\"2026-07-29T08:33:32+02:00\">29 July 2026<\/time><\/span>\n\t\t\t\t\t\t\t\t\t\t\t\t\t\t\t\t\t\t\t\t\t\t\t\t\t\t\t\t\t\t\t\t\t\t\t\t\t\t\t\t\t\t\t\t\t\t\t\t\t\t\t\t\t\t\t\t\t\t\t\t\t\t\t\t\t\t\t\t\t\t\t\t\t\t\t\t\t\t\t\t\t\t\t\t\t\t\t\t\t\t                                                        <\/div>\n\t\t\t\t\t\t\t\t\t\t\t\t\t\n\t\t\t\t\t\t\t\t\t\t\t\t\t\t\t\t\t\t\t\t\t\t\t\t\t\t\n                                                <\/div>\n\n\t\t\t\t\t\t\t\t\t\t\t\t                                            <\/div>\n                                        <\/div>\n                                    <\/div>\n                                \t\t\t\t\t\t\t\t\t\t\t\t\t\t\t\t\t                                    <div class=\"pcsl-item pcsl-nothumb\">\n                                        <div class=\"pcsl-itemin\">\n                                            <div class=\"pcsl-iteminer\">\n\t\t\t\t\t\t\t\t\t\t\t\t\n\t\t\t\t\t\t\t\t\t\t\t\t                                                <div class=\"pcsl-content\">\n\t\t\t\t\t\t\t\t\t\t\t\t\t\n\t\t\t\t\t\t\t\t\t\t\t\t\t                                                        <div class=\"pcsl-title\">\n                                                            <a href=\"https:\/\/www.geopolitics.fr\/en\/2026\/07\/24\/washington-redessine-ses-lignes-rouges-israel-sinquiete-la-turquie-avance\/\">Washington redessine ses lignes rouges, Isra\u00ebl s\u2019inqui\u00e8te, la Turquie avance<\/a>\n                                                        <\/div>\n\t\t\t\t\t\t\t\t\t\t\t\t\t\n\t\t\t\t\t\t\t\t\t\t\t\t\t                                                        <div class=\"grid-post-box-meta pcsl-meta\">\n\t\t\t\t\t\t\t\t\t\t\t\t\t\t\t\t\t\t\t\t\t\t\t\t\t\t\t\t\t\t                                                                <span class=\"sl-date\"><time class=\"entry-date published\" datetime=\"2026-07-24T17:28:08+02:00\">24 July 2026<\/time><\/span>\n\t\t\t\t\t\t\t\t\t\t\t\t\t\t\t\t\t\t\t\t\t\t\t\t\t\t\t\t\t\t\t\t\t\t\t\t\t\t\t\t\t\t\t\t\t\t\t\t\t\t\t\t\t\t\t\t\t\t\t\t\t\t\t\t\t\t\t\t\t\t\t\t\t\t\t\t\t\t\t\t\t\t\t\t\t\t\t\t\t\t                                                        <\/div>\n\t\t\t\t\t\t\t\t\t\t\t\t\t\n\t\t\t\t\t\t\t\t\t\t\t\t\t\t\t\t\t\t\t\t\t\t\t\t\t\t\n                                                <\/div>\n\n\t\t\t\t\t\t\t\t\t\t\t\t                                            <\/div>\n                                        <\/div>\n                                    <\/div>\n                                \t\t\t\t\t\t\t\t\t\t\t\t\t\t\t\t\t                                    <div class=\"pcsl-item pcsl-nothumb\">\n                                        <div class=\"pcsl-itemin\">\n                                            <div class=\"pcsl-iteminer\">\n\t\t\t\t\t\t\t\t\t\t\t\t\n\t\t\t\t\t\t\t\t\t\t\t\t                                                <div class=\"pcsl-content\">\n\t\t\t\t\t\t\t\t\t\t\t\t\t\n\t\t\t\t\t\t\t\t\t\t\t\t\t                                                        <div class=\"pcsl-title\">\n                                                            <a href=\"https:\/\/www.geopolitics.fr\/en\/2026\/07\/22\/quand-laide-devient-une-arme-dinfluence\/\">Quand l&rsquo;aide devient une arme d&rsquo;influence<\/a>\n                                                        <\/div>\n\t\t\t\t\t\t\t\t\t\t\t\t\t\n\t\t\t\t\t\t\t\t\t\t\t\t\t                                                        <div class=\"grid-post-box-meta pcsl-meta\">\n\t\t\t\t\t\t\t\t\t\t\t\t\t\t\t\t\t\t\t\t\t\t\t\t\t\t\t\t\t\t                                                                <span class=\"sl-date\"><time class=\"entry-date published\" datetime=\"2026-07-22T14:56:28+02:00\">22 July 2026<\/time><\/span>\n\t\t\t\t\t\t\t\t\t\t\t\t\t\t\t\t\t\t\t\t\t\t\t\t\t\t\t\t\t\t\t\t\t\t\t\t\t\t\t\t\t\t\t\t\t\t\t\t\t\t\t\t\t\t\t\t\t\t\t\t\t\t\t\t\t\t\t\t\t\t\t\t\t\t\t\t\t\t\t\t\t\t\t\t\t\t\t\t\t\t                                                        <\/div>\n\t\t\t\t\t\t\t\t\t\t\t\t\t\n\t\t\t\t\t\t\t\t\t\t\t\t\t\t\t\t\t\t\t\t\t\t\t\t\t\t\n                                                <\/div>\n\n\t\t\t\t\t\t\t\t\t\t\t\t                                            <\/div>\n                                        <\/div>\n                                    <\/div>\n                                \t\t\t\t\t\t\t\t\t\t\t\t\t\t\t\t                        <\/div>\n\n\t\t\t\t\t\t\n                    <\/div>\n\t\t\t\t\t            <\/div>\n        <\/div>\n\t\t\t\t\t\t<\/div>\n\t\t\t\t<\/div>\n\t\t\t\t<div class=\"elementor-element elementor-element-f94b610 elementor-widget elementor-widget-penci-big-grid\" data-id=\"f94b610\" data-element_type=\"widget\" data-e-type=\"widget\" data-widget_type=\"penci-big-grid.default\">\n\t\t\t\t<div class=\"elementor-widget-container\">\n\t\t\t\t\t        <div class=\"penci-clearfix penci-biggrid-wrapper penci-grid-col-3 penci-grid-tcol-2 penci-grid-mcol-1 penci-bgrid-based-post penci-bgrid-style-1 pcbg-ficonpo-top-right pcbg-reiconpo-top-left penci-bgrid-content-on pencibg-imageh-zoom-in pencibg-texth-none pencibg-textani-movetop textop pencipw-hd-text\">\n\t\t\t            <div class=\"penci-clearfix penci-biggrid penci-bgstyle-1 penci-bgel\">\n                <div class=\"penci-biggrid-inner default\">\n\t\t\t\t\t<div class=\"penci-clearfix penci-biggrid-data penci-dflex\"><div class=\"penci-bgitem\">\n    <div class=\"penci-bgitin\">\n        <div class=\"penci-bgmain\">\n            <div class=\"pcbg-thumb\">\n\t\t\t\t\t\t\t\t                <div class=\"pcbg-thumbin\">\n                    <a class=\"pcbg-bgoverlay\"\n                       href=\"https:\/\/www.geopolitics.fr\/en\/2026\/07\/19\/la-progression-des-droites-populistes-en-amerique-latine-vers-un-basculement-politique\/\" title=\"La progression des droites populistes en Am\u00e9rique latine : vers un basculement politique ?\"><\/a>\n\n                        <div  data-bgset=\"https:\/\/www.geopolitics.fr\/wp-content\/uploads\/2026\/07\/am-sud-768x512.jpg\" data_bg_hidpi=\"https:\/\/www.geopolitics.fr\/wp-content\/uploads\/2026\/07\/am-sud-585x390.jpg\" class=\"penci-lazy penci-image-holder\">\n                                                    <\/div>\n\n                <\/div>\n            <\/div>\n            <div class=\"pcbg-content\">\n                <div class=\"pcbg-content-flex\">\n                    <a class=\"pcbg-bgoverlay\"\n                       href=\"https:\/\/www.geopolitics.fr\/en\/2026\/07\/19\/la-progression-des-droites-populistes-en-amerique-latine-vers-un-basculement-politique\/\" title=\"La progression des droites populistes en Am\u00e9rique latine : vers un basculement politique ?\"><\/a>\n                    <div class=\"pcbg-content-inner bgcontent-block\">\n                        <a href=\"https:\/\/www.geopolitics.fr\/en\/2026\/07\/19\/la-progression-des-droites-populistes-en-amerique-latine-vers-un-basculement-politique\/\" title=\"La progression des droites populistes en Am\u00e9rique latine : vers un basculement politique ?\"\n                           class=\"pcbg-bgoverlaytext active-overlay item-hover\"><\/a>\n\n\t\t\t\t\t\t\n\t\t\t\t\t\t                            <div class=\"pcbg-heading item-hover\">\n                                <h3 class=\"pcbg-title\">\n                                    <a href=\"https:\/\/www.geopolitics.fr\/en\/2026\/07\/19\/la-progression-des-droites-populistes-en-amerique-latine-vers-un-basculement-politique\/\">\n\t\t\t\t\t\t\t\t\t\tLa progression des droites populistes en Am\u00e9rique latine : vers un basculement politique ?                                    <\/a>\n                                <\/h3>\n                            <\/div>\n\t\t\t\t\t\t\n\t\t\t\t\t\t                            <div class=\"grid-post-box-meta pcbg-meta item-hover\">\n                                <div class=\"pcbg-meta-desc\">\n\t\t\t\t\t\t\t\t\t\t\t\t\t\t\t\t\t\t                                        <span class=\"bg-date\"><time class=\"entry-date published\" datetime=\"2026-07-19T12:04:28+02:00\">19 July 2026<\/time><\/span>\n\t\t\t\t\t\t\t\t\t\t\t\t\t\t\t\t\t\t\t\t\t\t\t\t\t\t\t\t\t\t\t\t\t\t\t\t\t\t\t\t\t\t\t\t\t\t\t\t\t\t\t\t\t\t                                <\/div>\n\t\t\t\t\t\t\t\t                            <\/div>\n\t\t\t\t\t\t\n\t\t\t\t\t\t                    <\/div>\n                <\/div>\n            <\/div>\n        <\/div>\n    <\/div>\n<\/div>\n<div class=\"penci-bgitem\">\n    <div class=\"penci-bgitin\">\n        <div class=\"penci-bgmain\">\n            <div class=\"pcbg-thumb\">\n\t\t\t\t\t\t\t\t                <div class=\"pcbg-thumbin\">\n                    <a class=\"pcbg-bgoverlay\"\n                       href=\"https:\/\/www.geopolitics.fr\/en\/2026\/07\/14\/quand-les-infrastructures-deviennent-des-armes-geopolitiques\/\" title=\"Quand les infrastructures deviennent des armes g\u00e9opolitiques\"><\/a>\n\n                        <div  data-bgset=\"https:\/\/www.geopolitics.fr\/wp-content\/uploads\/2026\/07\/luanda-768x508.jpg\" data_bg_hidpi=\"https:\/\/www.geopolitics.fr\/wp-content\/uploads\/2026\/07\/luanda-585x387.jpg\" class=\"penci-lazy penci-image-holder\">\n                                                    <\/div>\n\n                <\/div>\n            <\/div>\n            <div class=\"pcbg-content\">\n                <div class=\"pcbg-content-flex\">\n                    <a class=\"pcbg-bgoverlay\"\n                       href=\"https:\/\/www.geopolitics.fr\/en\/2026\/07\/14\/quand-les-infrastructures-deviennent-des-armes-geopolitiques\/\" title=\"Quand les infrastructures deviennent des armes g\u00e9opolitiques\"><\/a>\n                    <div class=\"pcbg-content-inner bgcontent-block\">\n                        <a href=\"https:\/\/www.geopolitics.fr\/en\/2026\/07\/14\/quand-les-infrastructures-deviennent-des-armes-geopolitiques\/\" title=\"Quand les infrastructures deviennent des armes g\u00e9opolitiques\"\n                           class=\"pcbg-bgoverlaytext active-overlay item-hover\"><\/a>\n\n\t\t\t\t\t\t\n\t\t\t\t\t\t                            <div class=\"pcbg-heading item-hover\">\n                                <h3 class=\"pcbg-title\">\n                                    <a href=\"https:\/\/www.geopolitics.fr\/en\/2026\/07\/14\/quand-les-infrastructures-deviennent-des-armes-geopolitiques\/\">\n\t\t\t\t\t\t\t\t\t\tQuand les infrastructures deviennent des armes g\u00e9opolitiques                                    <\/a>\n                                <\/h3>\n                            <\/div>\n\t\t\t\t\t\t\n\t\t\t\t\t\t                            <div class=\"grid-post-box-meta pcbg-meta item-hover\">\n                                <div class=\"pcbg-meta-desc\">\n\t\t\t\t\t\t\t\t\t\t\t\t\t\t\t\t\t\t                                        <span class=\"bg-date\"><time class=\"entry-date published\" datetime=\"2026-07-14T15:46:57+02:00\">14 July 2026<\/time><\/span>\n\t\t\t\t\t\t\t\t\t\t\t\t\t\t\t\t\t\t\t\t\t\t\t\t\t\t\t\t\t\t\t\t\t\t\t\t\t\t\t\t\t\t\t\t\t\t\t\t\t\t\t\t\t\t                                <\/div>\n\t\t\t\t\t\t\t\t                            <\/div>\n\t\t\t\t\t\t\n\t\t\t\t\t\t                    <\/div>\n                <\/div>\n            <\/div>\n        <\/div>\n    <\/div>\n<\/div>\n<div class=\"penci-bgitem\">\n    <div class=\"penci-bgitin\">\n        <div class=\"penci-bgmain\">\n            <div class=\"pcbg-thumb\">\n\t\t\t\t\t\t\t\t                <div class=\"pcbg-thumbin\">\n                    <a class=\"pcbg-bgoverlay\"\n                       href=\"https:\/\/www.geopolitics.fr\/en\/2026\/07\/09\/iran-detroit-dormuz-et-nouvelles-architectures-de-securite-au-moyen-orient\/\" title=\"Iran, D\u00e9troit d&rsquo;Ormuz et nouvelles architectures de s\u00e9curit\u00e9 au Moyen-Orient\"><\/a>\n\n                        <div  data-bgset=\"https:\/\/www.geopolitics.fr\/wp-content\/uploads\/2026\/07\/chaos-mo-768x512.jpg\" data_bg_hidpi=\"https:\/\/www.geopolitics.fr\/wp-content\/uploads\/2026\/07\/chaos-mo-585x390.jpg\" class=\"penci-lazy penci-image-holder\">\n                                                    <\/div>\n\n                <\/div>\n            <\/div>\n            <div class=\"pcbg-content\">\n                <div class=\"pcbg-content-flex\">\n                    <a class=\"pcbg-bgoverlay\"\n                       href=\"https:\/\/www.geopolitics.fr\/en\/2026\/07\/09\/iran-detroit-dormuz-et-nouvelles-architectures-de-securite-au-moyen-orient\/\" title=\"Iran, D\u00e9troit d&rsquo;Ormuz et nouvelles architectures de s\u00e9curit\u00e9 au Moyen-Orient\"><\/a>\n                    <div class=\"pcbg-content-inner bgcontent-block\">\n                        <a href=\"https:\/\/www.geopolitics.fr\/en\/2026\/07\/09\/iran-detroit-dormuz-et-nouvelles-architectures-de-securite-au-moyen-orient\/\" title=\"Iran, D\u00e9troit d&rsquo;Ormuz et nouvelles architectures de s\u00e9curit\u00e9 au Moyen-Orient\"\n                           class=\"pcbg-bgoverlaytext active-overlay item-hover\"><\/a>\n\n\t\t\t\t\t\t\n\t\t\t\t\t\t                            <div class=\"pcbg-heading item-hover\">\n                                <h3 class=\"pcbg-title\">\n                                    <a href=\"https:\/\/www.geopolitics.fr\/en\/2026\/07\/09\/iran-detroit-dormuz-et-nouvelles-architectures-de-securite-au-moyen-orient\/\">\n\t\t\t\t\t\t\t\t\t\tIran, D\u00e9troit d&rsquo;Ormuz et nouvelles architectures de s\u00e9curit\u00e9 au Moyen-Orient                                    <\/a>\n                                <\/h3>\n                            <\/div>\n\t\t\t\t\t\t\n\t\t\t\t\t\t                            <div class=\"grid-post-box-meta pcbg-meta item-hover\">\n                                <div class=\"pcbg-meta-desc\">\n\t\t\t\t\t\t\t\t\t\t\t\t\t\t\t\t\t\t                                        <span class=\"bg-date\"><time class=\"entry-date published\" datetime=\"2026-07-09T16:25:21+02:00\">9 July 2026<\/time><\/span>\n\t\t\t\t\t\t\t\t\t\t\t\t\t\t\t\t\t\t\t\t\t\t\t\t\t\t\t\t\t\t\t\t\t\t\t\t\t\t\t\t\t\t\t\t\t\t\t\t\t\t\t\t\t\t                                <\/div>\n\t\t\t\t\t\t\t\t                            <\/div>\n\t\t\t\t\t\t\n\t\t\t\t\t\t                    <\/div>\n                <\/div>\n            <\/div>\n        <\/div>\n    <\/div>\n<\/div>\n<\/div>                <\/div>\n\t\t\t\t            <\/div>\n        <\/div>\n\t\t\t\t\t\t<\/div>\n\t\t\t\t<\/div>\n\t\t\t\t<div class=\"elementor-element elementor-element-da79b91 elementor-widget elementor-widget-penci-big-grid\" data-id=\"da79b91\" data-element_type=\"widget\" data-e-type=\"widget\" data-widget_type=\"penci-big-grid.default\">\n\t\t\t\t<div class=\"elementor-widget-container\">\n\t\t\t\t\t        <div class=\"penci-clearfix penci-biggrid-wrapper penci-grid-col-4 penci-grid-tcol-3 penci-grid-mcol-1 penci-bgrid-based-post penci-bgrid-style-1 pcbg-ficonpo-top-right pcbg-reiconpo-top-left penci-bgrid-content-below pencibg-imageh-zoom-in pencibg-texth-none pencibg-textani-movetop textop pencipw-hd-text\">\n\t\t\t            <div class=\"penci-clearfix penci-biggrid penci-bgstyle-1 penci-bgel\">\n                <div class=\"penci-biggrid-inner default\">\n\t\t\t\t\t<div class=\"penci-clearfix penci-biggrid-data penci-dflex\"><div class=\"penci-bgitem\">\n    <div class=\"penci-bgitin\">\n        <div class=\"penci-bgmain\">\n            <div class=\"pcbg-thumb\">\n\t\t\t\t\t\t\t\t                <div class=\"pcbg-thumbin\">\n                    <a class=\"pcbg-bgoverlay\"\n                       href=\"https:\/\/www.geopolitics.fr\/en\/2026\/07\/08\/le-silence-des-ambassades-quand-une-puissance-saffaiblit-elle-meme\/\" title=\"Le silence des ambassades\u00a0: Quand une puissance s\u2019affaiblit elle-m\u00eame\"><\/a>\n\n                        <div  data-bgset=\"https:\/\/www.geopolitics.fr\/wp-content\/uploads\/2026\/07\/trump-senile-585x489.jpg\" data_bg_hidpi=\"https:\/\/www.geopolitics.fr\/wp-content\/uploads\/2026\/07\/trump-senile-585x489.jpg\" class=\"penci-lazy penci-image-holder\">\n                                                    <\/div>\n\n                <\/div>\n            <\/div>\n            <div class=\"pcbg-content\">\n                <div class=\"pcbg-content-flex\">\n                    <a class=\"pcbg-bgoverlay\"\n                       href=\"https:\/\/www.geopolitics.fr\/en\/2026\/07\/08\/le-silence-des-ambassades-quand-une-puissance-saffaiblit-elle-meme\/\" title=\"Le silence des ambassades\u00a0: Quand une puissance s\u2019affaiblit elle-m\u00eame\"><\/a>\n                    <div class=\"pcbg-content-inner bgcontent-block\">\n                        <a href=\"https:\/\/www.geopolitics.fr\/en\/2026\/07\/08\/le-silence-des-ambassades-quand-une-puissance-saffaiblit-elle-meme\/\" title=\"Le silence des ambassades\u00a0: Quand une puissance s\u2019affaiblit elle-m\u00eame\"\n                           class=\"pcbg-bgoverlaytext item-hover\"><\/a>\n\n\t\t\t\t\t\t                            <div class=\"pcbg-above item-hover\">\n\t\t\t\t\t\t\t<span class=\"cat pcbg-sub-title\">\n\t\t\t\t\t\t\t\t<a style=\"\" class=\"penci-cat-name penci-cat-614\" href=\"https:\/\/www.geopolitics.fr\/en\/category\/international\/ameriques\/\"  rel=\"category tag\"><span style=\"\">Am\u00e9riques<\/span><\/a><a style=\"\" class=\"penci-cat-name penci-cat-635\" href=\"https:\/\/www.geopolitics.fr\/en\/category\/france\/diplomatie\/\"  rel=\"category tag\"><span style=\"\">Diplomatie<\/span><\/a><a style=\"\" class=\"penci-cat-name penci-cat-5\" href=\"https:\/\/www.geopolitics.fr\/en\/category\/international\/\"  rel=\"category tag\"><span style=\"\">International<\/span><\/a><a style=\"\" class=\"penci-cat-name penci-cat-4\" href=\"https:\/\/www.geopolitics.fr\/en\/category\/mis-en-avant\/\"  rel=\"category tag\"><span style=\"\">Mis en AVANT<\/span><\/a>\t\t\t\t\t\t\t<\/span>\n                            <\/div>\n\t\t\t\t\t\t\n\t\t\t\t\t\t                            <div class=\"pcbg-heading item-hover\">\n                                <h3 class=\"pcbg-title\">\n                                    <a href=\"https:\/\/www.geopolitics.fr\/en\/2026\/07\/08\/le-silence-des-ambassades-quand-une-puissance-saffaiblit-elle-meme\/\">\n\t\t\t\t\t\t\t\t\t\tLe silence des ambassades\u00a0: Quand une puissance s\u2019affaiblit elle-m\u00eame                                    <\/a>\n                                <\/h3>\n                            <\/div>\n\t\t\t\t\t\t\n\t\t\t\t\t\t                            <div class=\"grid-post-box-meta pcbg-meta item-hover\">\n                                <div class=\"pcbg-meta-desc\">\n\t\t\t\t\t\t\t\t\t\t\t\t\t\t\t\t\t\t                                        <span class=\"bg-date\"><time class=\"entry-date published\" datetime=\"2026-07-08T21:02:57+02:00\">8 July 2026<\/time><\/span>\n\t\t\t\t\t\t\t\t\t\t\t\t\t\t\t\t\t\t\t\t\t\t\t\t\t\t\t\t\t\t\t\t\t\t\t\t\t\t\t\t\t\t\t\t\t\t\t\t\t\t\t\t\t\t                                <\/div>\n\t\t\t\t\t\t\t\t                            <\/div>\n\t\t\t\t\t\t\n\t\t\t\t\t\t                    <\/div>\n                <\/div>\n            <\/div>\n        <\/div>\n    <\/div>\n<\/div>\n<div class=\"penci-bgitem\">\n    <div class=\"penci-bgitin\">\n        <div class=\"penci-bgmain\">\n            <div class=\"pcbg-thumb\">\n\t\t\t\t\t\t\t\t                <div class=\"pcbg-thumbin\">\n                    <a class=\"pcbg-bgoverlay\"\n                       href=\"https:\/\/www.geopolitics.fr\/en\/2026\/07\/05\/choose-france-2026-apogee-ou-mirage-de-la-diplomatie-economique-macronienne\/\" title=\"Choose France 2026 : apog\u00e9e ou mirage de la diplomatie \u00e9conomique macronienne ?\"><\/a>\n\n                        <div  data-bgset=\"https:\/\/www.geopolitics.fr\/wp-content\/uploads\/2026\/07\/CHOOSE-FRANCE-585x425.jpg\" data_bg_hidpi=\"https:\/\/www.geopolitics.fr\/wp-content\/uploads\/2026\/07\/CHOOSE-FRANCE-585x425.jpg\" class=\"penci-lazy penci-image-holder\">\n                                                    <\/div>\n\n                <\/div>\n            <\/div>\n            <div class=\"pcbg-content\">\n                <div class=\"pcbg-content-flex\">\n                    <a class=\"pcbg-bgoverlay\"\n                       href=\"https:\/\/www.geopolitics.fr\/en\/2026\/07\/05\/choose-france-2026-apogee-ou-mirage-de-la-diplomatie-economique-macronienne\/\" title=\"Choose France 2026 : apog\u00e9e ou mirage de la diplomatie \u00e9conomique macronienne ?\"><\/a>\n                    <div class=\"pcbg-content-inner bgcontent-block\">\n                        <a href=\"https:\/\/www.geopolitics.fr\/en\/2026\/07\/05\/choose-france-2026-apogee-ou-mirage-de-la-diplomatie-economique-macronienne\/\" title=\"Choose France 2026 : apog\u00e9e ou mirage de la diplomatie \u00e9conomique macronienne ?\"\n                           class=\"pcbg-bgoverlaytext item-hover\"><\/a>\n\n\t\t\t\t\t\t                            <div class=\"pcbg-above item-hover\">\n\t\t\t\t\t\t\t<span class=\"cat pcbg-sub-title\">\n\t\t\t\t\t\t\t\t<a style=\"\" class=\"penci-cat-name penci-cat-620\" href=\"https:\/\/www.geopolitics.fr\/en\/category\/france\/economie-france\/\"  rel=\"category tag\"><span style=\"\">Economie<\/span><\/a><a style=\"\" class=\"penci-cat-name penci-cat-605\" href=\"https:\/\/www.geopolitics.fr\/en\/category\/france\/\"  rel=\"category tag\"><span style=\"\">FRANCE<\/span><\/a><a style=\"\" class=\"penci-cat-name penci-cat-4\" href=\"https:\/\/www.geopolitics.fr\/en\/category\/mis-en-avant\/\"  rel=\"category tag\"><span style=\"\">Mis en AVANT<\/span><\/a>\t\t\t\t\t\t\t<\/span>\n                            <\/div>\n\t\t\t\t\t\t\n\t\t\t\t\t\t                            <div class=\"pcbg-heading item-hover\">\n                                <h3 class=\"pcbg-title\">\n                                    <a href=\"https:\/\/www.geopolitics.fr\/en\/2026\/07\/05\/choose-france-2026-apogee-ou-mirage-de-la-diplomatie-economique-macronienne\/\">\n\t\t\t\t\t\t\t\t\t\tChoose France 2026 : apog\u00e9e ou mirage de la diplomatie \u00e9conomique macronienne ?                                    <\/a>\n                                <\/h3>\n                            <\/div>\n\t\t\t\t\t\t\n\t\t\t\t\t\t                            <div class=\"grid-post-box-meta pcbg-meta item-hover\">\n                                <div class=\"pcbg-meta-desc\">\n\t\t\t\t\t\t\t\t\t\t\t\t\t\t\t\t\t\t                                        <span class=\"bg-date\"><time class=\"entry-date published\" datetime=\"2026-07-05T09:58:47+02:00\">5 July 2026<\/time><\/span>\n\t\t\t\t\t\t\t\t\t\t\t\t\t\t\t\t\t\t\t\t\t\t\t\t\t\t\t\t\t\t\t\t\t\t\t\t\t\t\t\t\t\t\t\t\t\t\t\t\t\t\t\t\t\t                                <\/div>\n\t\t\t\t\t\t\t\t                            <\/div>\n\t\t\t\t\t\t\n\t\t\t\t\t\t                    <\/div>\n                <\/div>\n            <\/div>\n        <\/div>\n    <\/div>\n<\/div>\n<div class=\"penci-bgitem\">\n    <div class=\"penci-bgitin\">\n        <div class=\"penci-bgmain\">\n            <div class=\"pcbg-thumb\">\n\t\t\t\t\t\t\t\t                <div class=\"pcbg-thumbin\">\n                    <a class=\"pcbg-bgoverlay\"\n                       href=\"https:\/\/www.geopolitics.fr\/en\/2026\/07\/04\/la-france-et-lordre-international-en-mutation-repositionnement-strategique-dune-puissance-moyenne\/\" title=\"La France et l&rsquo;ordre international en mutation : repositionnement strat\u00e9gique d&rsquo;une puissance moyenne\"><\/a>\n\n                        <div  data-bgset=\"https:\/\/www.geopolitics.fr\/wp-content\/uploads\/2026\/07\/quai-orsay-2-585x294.jpg\" data_bg_hidpi=\"https:\/\/www.geopolitics.fr\/wp-content\/uploads\/2026\/07\/quai-orsay-2-585x294.jpg\" class=\"penci-lazy penci-image-holder\">\n                                                    <\/div>\n\n                <\/div>\n            <\/div>\n            <div class=\"pcbg-content\">\n                <div class=\"pcbg-content-flex\">\n                    <a class=\"pcbg-bgoverlay\"\n                       href=\"https:\/\/www.geopolitics.fr\/en\/2026\/07\/04\/la-france-et-lordre-international-en-mutation-repositionnement-strategique-dune-puissance-moyenne\/\" title=\"La France et l&rsquo;ordre international en mutation : repositionnement strat\u00e9gique d&rsquo;une puissance moyenne\"><\/a>\n                    <div class=\"pcbg-content-inner bgcontent-block\">\n                        <a href=\"https:\/\/www.geopolitics.fr\/en\/2026\/07\/04\/la-france-et-lordre-international-en-mutation-repositionnement-strategique-dune-puissance-moyenne\/\" title=\"La France et l&rsquo;ordre international en mutation : repositionnement strat\u00e9gique d&rsquo;une puissance moyenne\"\n                           class=\"pcbg-bgoverlaytext item-hover\"><\/a>\n\n\t\t\t\t\t\t                            <div class=\"pcbg-above item-hover\">\n\t\t\t\t\t\t\t<span class=\"cat pcbg-sub-title\">\n\t\t\t\t\t\t\t\t<a style=\"\" class=\"penci-cat-name penci-cat-635\" href=\"https:\/\/www.geopolitics.fr\/en\/category\/france\/diplomatie\/\"  rel=\"category tag\"><span style=\"\">Diplomatie<\/span><\/a><a style=\"\" class=\"penci-cat-name penci-cat-605\" href=\"https:\/\/www.geopolitics.fr\/en\/category\/france\/\"  rel=\"category tag\"><span style=\"\">FRANCE<\/span><\/a><a style=\"\" class=\"penci-cat-name penci-cat-4\" href=\"https:\/\/www.geopolitics.fr\/en\/category\/mis-en-avant\/\"  rel=\"category tag\"><span style=\"\">Mis en AVANT<\/span><\/a>\t\t\t\t\t\t\t<\/span>\n                            <\/div>\n\t\t\t\t\t\t\n\t\t\t\t\t\t                            <div class=\"pcbg-heading item-hover\">\n                                <h3 class=\"pcbg-title\">\n                                    <a href=\"https:\/\/www.geopolitics.fr\/en\/2026\/07\/04\/la-france-et-lordre-international-en-mutation-repositionnement-strategique-dune-puissance-moyenne\/\">\n\t\t\t\t\t\t\t\t\t\tLa France et l&rsquo;ordre international en mutation : repositionnement strat\u00e9gique d&rsquo;une puissance moyenne                                    <\/a>\n                                <\/h3>\n                            <\/div>\n\t\t\t\t\t\t\n\t\t\t\t\t\t                            <div class=\"grid-post-box-meta pcbg-meta item-hover\">\n                                <div class=\"pcbg-meta-desc\">\n\t\t\t\t\t\t\t\t\t\t\t\t\t\t\t\t\t\t                                        <span class=\"bg-date\"><time class=\"entry-date published\" datetime=\"2026-07-04T13:09:58+02:00\">4 July 2026<\/time><\/span>\n\t\t\t\t\t\t\t\t\t\t\t\t\t\t\t\t\t\t\t\t\t\t\t\t\t\t\t\t\t\t\t\t\t\t\t\t\t\t\t\t\t\t\t\t\t\t\t\t\t\t\t\t\t\t                                <\/div>\n\t\t\t\t\t\t\t\t                            <\/div>\n\t\t\t\t\t\t\n\t\t\t\t\t\t                    <\/div>\n                <\/div>\n            <\/div>\n        <\/div>\n    <\/div>\n<\/div>\n<div class=\"penci-bgitem\">\n    <div class=\"penci-bgitin\">\n        <div class=\"penci-bgmain\">\n            <div class=\"pcbg-thumb\">\n\t\t\t\t\t\t\t\t                <div class=\"pcbg-thumbin\">\n                    <a class=\"pcbg-bgoverlay\"\n                       href=\"https:\/\/www.geopolitics.fr\/en\/2026\/07\/03\/qui-gouverne-le-venezuela-au-milieu-de-la-tragedie-annee-0\/\" title=\"QUI GOUVERNE LE VENEZUELA AU MILIEU DE LA TRAG\u00c9DIE? ANNEE 0\"><\/a>\n\n                        <div  data-bgset=\"https:\/\/www.geopolitics.fr\/wp-content\/uploads\/2026\/07\/venezuela-585x325.jpg\" data_bg_hidpi=\"https:\/\/www.geopolitics.fr\/wp-content\/uploads\/2026\/07\/venezuela-585x325.jpg\" class=\"penci-lazy penci-image-holder\">\n                                                    <\/div>\n\n                <\/div>\n            <\/div>\n            <div class=\"pcbg-content\">\n                <div class=\"pcbg-content-flex\">\n                    <a class=\"pcbg-bgoverlay\"\n                       href=\"https:\/\/www.geopolitics.fr\/en\/2026\/07\/03\/qui-gouverne-le-venezuela-au-milieu-de-la-tragedie-annee-0\/\" title=\"QUI GOUVERNE LE VENEZUELA AU MILIEU DE LA TRAG\u00c9DIE? ANNEE 0\"><\/a>\n                    <div class=\"pcbg-content-inner bgcontent-block\">\n                        <a href=\"https:\/\/www.geopolitics.fr\/en\/2026\/07\/03\/qui-gouverne-le-venezuela-au-milieu-de-la-tragedie-annee-0\/\" title=\"QUI GOUVERNE LE VENEZUELA AU MILIEU DE LA TRAG\u00c9DIE? ANNEE 0\"\n                           class=\"pcbg-bgoverlaytext item-hover\"><\/a>\n\n\t\t\t\t\t\t                            <div class=\"pcbg-above item-hover\">\n\t\t\t\t\t\t\t<span class=\"cat pcbg-sub-title\">\n\t\t\t\t\t\t\t\t<a style=\"\" class=\"penci-cat-name penci-cat-614\" href=\"https:\/\/www.geopolitics.fr\/en\/category\/international\/ameriques\/\"  rel=\"category tag\"><span style=\"\">Am\u00e9riques<\/span><\/a><a style=\"\" class=\"penci-cat-name penci-cat-5\" href=\"https:\/\/www.geopolitics.fr\/en\/category\/international\/\"  rel=\"category tag\"><span style=\"\">International<\/span><\/a><a style=\"\" class=\"penci-cat-name penci-cat-4\" href=\"https:\/\/www.geopolitics.fr\/en\/category\/mis-en-avant\/\"  rel=\"category tag\"><span style=\"\">Mis en AVANT<\/span><\/a>\t\t\t\t\t\t\t<\/span>\n                            <\/div>\n\t\t\t\t\t\t\n\t\t\t\t\t\t                            <div class=\"pcbg-heading item-hover\">\n                                <h3 class=\"pcbg-title\">\n                                    <a href=\"https:\/\/www.geopolitics.fr\/en\/2026\/07\/03\/qui-gouverne-le-venezuela-au-milieu-de-la-tragedie-annee-0\/\">\n\t\t\t\t\t\t\t\t\t\tQUI GOUVERNE LE VENEZUELA AU MILIEU DE LA TRAG\u00c9DIE? ANNEE 0                                    <\/a>\n                                <\/h3>\n                            <\/div>\n\t\t\t\t\t\t\n\t\t\t\t\t\t                            <div class=\"grid-post-box-meta pcbg-meta item-hover\">\n                                <div class=\"pcbg-meta-desc\">\n\t\t\t\t\t\t\t\t\t\t\t\t\t\t\t\t\t\t                                        <span class=\"bg-date\"><time class=\"entry-date published\" datetime=\"2026-07-03T21:50:38+02:00\">3 July 2026<\/time><\/span>\n\t\t\t\t\t\t\t\t\t\t\t\t\t\t\t\t\t\t\t\t\t\t\t\t\t\t\t\t\t\t\t\t\t\t\t\t\t\t\t\t\t\t\t\t\t\t\t\t\t\t\t\t\t\t                                <\/div>\n\t\t\t\t\t\t\t\t                            <\/div>\n\t\t\t\t\t\t\n\t\t\t\t\t\t                    <\/div>\n                <\/div>\n            <\/div>\n        <\/div>\n    <\/div>\n<\/div>\n<div class=\"penci-bgitem\">\n    <div class=\"penci-bgitin\">\n        <div class=\"penci-bgmain\">\n            <div class=\"pcbg-thumb\">\n\t\t\t\t\t\t\t\t                <div class=\"pcbg-thumbin\">\n                    <a class=\"pcbg-bgoverlay\"\n                       href=\"https:\/\/www.geopolitics.fr\/en\/2026\/06\/29\/meme-tapis-rouge-calculs-divergents-la-diplomatie-chinoise-entre-washington-et-moscou\/\" title=\"M\u00eame tapis rouge, calculs divergents : la diplomatie chinoise entre Washington et Moscou\"><\/a>\n\n                        <div  data-bgset=\"https:\/\/www.geopolitics.fr\/wp-content\/uploads\/2026\/05\/les-3-cons-585x349.jpg\" data_bg_hidpi=\"https:\/\/www.geopolitics.fr\/wp-content\/uploads\/2026\/05\/les-3-cons-585x349.jpg\" class=\"penci-lazy penci-image-holder\">\n                                                    <\/div>\n\n                <\/div>\n            <\/div>\n            <div class=\"pcbg-content\">\n                <div class=\"pcbg-content-flex\">\n                    <a class=\"pcbg-bgoverlay\"\n                       href=\"https:\/\/www.geopolitics.fr\/en\/2026\/06\/29\/meme-tapis-rouge-calculs-divergents-la-diplomatie-chinoise-entre-washington-et-moscou\/\" title=\"M\u00eame tapis rouge, calculs divergents : la diplomatie chinoise entre Washington et Moscou\"><\/a>\n                    <div class=\"pcbg-content-inner bgcontent-block\">\n                        <a href=\"https:\/\/www.geopolitics.fr\/en\/2026\/06\/29\/meme-tapis-rouge-calculs-divergents-la-diplomatie-chinoise-entre-washington-et-moscou\/\" title=\"M\u00eame tapis rouge, calculs divergents : la diplomatie chinoise entre Washington et Moscou\"\n                           class=\"pcbg-bgoverlaytext item-hover\"><\/a>\n\n\t\t\t\t\t\t                            <div class=\"pcbg-above item-hover\">\n\t\t\t\t\t\t\t<span class=\"cat pcbg-sub-title\">\n\t\t\t\t\t\t\t\t<a style=\"\" class=\"penci-cat-name penci-cat-5\" href=\"https:\/\/www.geopolitics.fr\/en\/category\/international\/\"  rel=\"category tag\"><span style=\"\">International<\/span><\/a><a style=\"\" class=\"penci-cat-name penci-cat-4\" href=\"https:\/\/www.geopolitics.fr\/en\/category\/mis-en-avant\/\"  rel=\"category tag\"><span style=\"\">Mis en AVANT<\/span><\/a>\t\t\t\t\t\t\t<\/span>\n                            <\/div>\n\t\t\t\t\t\t\n\t\t\t\t\t\t                            <div class=\"pcbg-heading item-hover\">\n                                <h3 class=\"pcbg-title\">\n                                    <a href=\"https:\/\/www.geopolitics.fr\/en\/2026\/06\/29\/meme-tapis-rouge-calculs-divergents-la-diplomatie-chinoise-entre-washington-et-moscou\/\">\n\t\t\t\t\t\t\t\t\t\tM\u00eame tapis rouge, calculs divergents : la diplomatie chinoise entre Washington et Moscou                                    <\/a>\n                                <\/h3>\n                            <\/div>\n\t\t\t\t\t\t\n\t\t\t\t\t\t                            <div class=\"grid-post-box-meta pcbg-meta item-hover\">\n                                <div class=\"pcbg-meta-desc\">\n\t\t\t\t\t\t\t\t\t\t\t\t\t\t\t\t\t\t                                        <span class=\"bg-date\"><time class=\"entry-date published\" datetime=\"2026-06-29T13:33:34+02:00\">29 June 2026<\/time><\/span>\n\t\t\t\t\t\t\t\t\t\t\t\t\t\t\t\t\t\t\t\t\t\t\t\t\t\t\t\t\t\t\t\t\t\t\t\t\t\t\t\t\t\t\t\t\t\t\t\t\t\t\t\t\t\t                                <\/div>\n\t\t\t\t\t\t\t\t                            <\/div>\n\t\t\t\t\t\t\n\t\t\t\t\t\t                    <\/div>\n                <\/div>\n            <\/div>\n        <\/div>\n    <\/div>\n<\/div>\n<div class=\"penci-bgitem\">\n    <div class=\"penci-bgitin\">\n        <div class=\"penci-bgmain\">\n            <div class=\"pcbg-thumb\">\n\t\t\t\t\t\t\t\t                <div class=\"pcbg-thumbin\">\n                    <a class=\"pcbg-bgoverlay\"\n                       href=\"https:\/\/www.geopolitics.fr\/en\/2026\/06\/29\/nouvelles-revelations-sur-le-systeme-vassal\/\" title=\"NOUVELLES REVELATIONS SUR LE \u00ab\u00a0SYSTEME VASSAL\u00a0\u00bb\"><\/a>\n\n                        <div  data-bgset=\"https:\/\/www.geopolitics.fr\/wp-content\/uploads\/2026\/06\/vassal-hor-585x327.jpg\" data_bg_hidpi=\"https:\/\/www.geopolitics.fr\/wp-content\/uploads\/2026\/06\/vassal-hor-585x327.jpg\" class=\"penci-lazy penci-image-holder\">\n                                                    <\/div>\n\n                <\/div>\n            <\/div>\n            <div class=\"pcbg-content\">\n                <div class=\"pcbg-content-flex\">\n                    <a class=\"pcbg-bgoverlay\"\n                       href=\"https:\/\/www.geopolitics.fr\/en\/2026\/06\/29\/nouvelles-revelations-sur-le-systeme-vassal\/\" title=\"NOUVELLES REVELATIONS SUR LE \u00ab\u00a0SYSTEME VASSAL\u00a0\u00bb\"><\/a>\n                    <div class=\"pcbg-content-inner bgcontent-block\">\n                        <a href=\"https:\/\/www.geopolitics.fr\/en\/2026\/06\/29\/nouvelles-revelations-sur-le-systeme-vassal\/\" title=\"NOUVELLES REVELATIONS SUR LE \u00ab\u00a0SYSTEME VASSAL\u00a0\u00bb\"\n                           class=\"pcbg-bgoverlaytext item-hover\"><\/a>\n\n\t\t\t\t\t\t                            <div class=\"pcbg-above item-hover\">\n\t\t\t\t\t\t\t<span class=\"cat pcbg-sub-title\">\n\t\t\t\t\t\t\t\t<a style=\"\" class=\"penci-cat-name penci-cat-606\" href=\"https:\/\/www.geopolitics.fr\/en\/category\/local-13\/\"  rel=\"category tag\"><span style=\"\">LOCAL (13)<\/span><\/a><a style=\"\" class=\"penci-cat-name penci-cat-4\" href=\"https:\/\/www.geopolitics.fr\/en\/category\/mis-en-avant\/\"  rel=\"category tag\"><span style=\"\">Mis en AVANT<\/span><\/a><a style=\"\" class=\"penci-cat-name penci-cat-627\" href=\"https:\/\/www.geopolitics.fr\/en\/category\/local-13\/police-justice-local-13\/\"  rel=\"category tag\"><span style=\"\">police justice<\/span><\/a>\t\t\t\t\t\t\t<\/span>\n                            <\/div>\n\t\t\t\t\t\t\n\t\t\t\t\t\t                            <div class=\"pcbg-heading item-hover\">\n                                <h3 class=\"pcbg-title\">\n                                    <a href=\"https:\/\/www.geopolitics.fr\/en\/2026\/06\/29\/nouvelles-revelations-sur-le-systeme-vassal\/\">\n\t\t\t\t\t\t\t\t\t\tNOUVELLES REVELATIONS SUR LE \u00ab\u00a0SYSTEME VASSAL\u00a0\u00bb                                    <\/a>\n                                <\/h3>\n                            <\/div>\n\t\t\t\t\t\t\n\t\t\t\t\t\t                            <div class=\"grid-post-box-meta pcbg-meta item-hover\">\n                                <div class=\"pcbg-meta-desc\">\n\t\t\t\t\t\t\t\t\t\t\t\t\t\t\t\t\t\t                                        <span class=\"bg-date\"><time class=\"entry-date updated\" datetime=\"2026-07-01T22:34:25+02:00\">1 July 2026<\/time><\/span>\n\t\t\t\t\t\t\t\t\t\t\t\t\t\t\t\t\t\t\t\t\t\t\t\t\t\t\t\t\t\t\t\t\t\t\t\t\t\t\t\t\t\t\t\t\t\t\t\t\t\t\t\t\t\t                                <\/div>\n\t\t\t\t\t\t\t\t                            <\/div>\n\t\t\t\t\t\t\n\t\t\t\t\t\t                    <\/div>\n                <\/div>\n            <\/div>\n        <\/div>\n    <\/div>\n<\/div>\n<div class=\"penci-bgitem\">\n    <div class=\"penci-bgitin\">\n        <div class=\"penci-bgmain\">\n            <div class=\"pcbg-thumb\">\n\t\t\t\t\t\t\t\t                <div class=\"pcbg-thumbin\">\n                    <a class=\"pcbg-bgoverlay\"\n                       href=\"https:\/\/www.geopolitics.fr\/en\/2026\/06\/26\/les-petits-rrangements-de-renaud-muselier-et-de-christian-estrosi-au-service-du-couple-borre\/\" title=\"LES PETITS ARRANGEMENTS DE RENAUD MUSELIER ET DE CHRISTIAN ESTROSI, AU SERVICE DU COUPLE BORR\u00c9\"><\/a>\n\n                        <div  data-bgset=\"https:\/\/www.geopolitics.fr\/wp-content\/uploads\/2026\/06\/ESTROSI-BORRE-585x346.jpg\" data_bg_hidpi=\"https:\/\/www.geopolitics.fr\/wp-content\/uploads\/2026\/06\/ESTROSI-BORRE-585x346.jpg\" class=\"penci-lazy penci-image-holder\">\n                                                    <\/div>\n\n                <\/div>\n            <\/div>\n            <div class=\"pcbg-content\">\n                <div class=\"pcbg-content-flex\">\n                    <a class=\"pcbg-bgoverlay\"\n                       href=\"https:\/\/www.geopolitics.fr\/en\/2026\/06\/26\/les-petits-rrangements-de-renaud-muselier-et-de-christian-estrosi-au-service-du-couple-borre\/\" title=\"LES PETITS ARRANGEMENTS DE RENAUD MUSELIER ET DE CHRISTIAN ESTROSI, AU SERVICE DU COUPLE BORR\u00c9\"><\/a>\n                    <div class=\"pcbg-content-inner bgcontent-block\">\n                        <a href=\"https:\/\/www.geopolitics.fr\/en\/2026\/06\/26\/les-petits-rrangements-de-renaud-muselier-et-de-christian-estrosi-au-service-du-couple-borre\/\" title=\"LES PETITS ARRANGEMENTS DE RENAUD MUSELIER ET DE CHRISTIAN ESTROSI, AU SERVICE DU COUPLE BORR\u00c9\"\n                           class=\"pcbg-bgoverlaytext item-hover\"><\/a>\n\n\t\t\t\t\t\t                            <div class=\"pcbg-above item-hover\">\n\t\t\t\t\t\t\t<span class=\"cat pcbg-sub-title\">\n\t\t\t\t\t\t\t\t<a style=\"\" class=\"penci-cat-name penci-cat-605\" href=\"https:\/\/www.geopolitics.fr\/en\/category\/france\/\"  rel=\"category tag\"><span style=\"\">FRANCE<\/span><\/a><a style=\"\" class=\"penci-cat-name penci-cat-606\" href=\"https:\/\/www.geopolitics.fr\/en\/category\/local-13\/\"  rel=\"category tag\"><span style=\"\">LOCAL (13)<\/span><\/a><a style=\"\" class=\"penci-cat-name penci-cat-4\" href=\"https:\/\/www.geopolitics.fr\/en\/category\/mis-en-avant\/\"  rel=\"category tag\"><span style=\"\">Mis en AVANT<\/span><\/a><a style=\"\" class=\"penci-cat-name penci-cat-627\" href=\"https:\/\/www.geopolitics.fr\/en\/category\/local-13\/police-justice-local-13\/\"  rel=\"category tag\"><span style=\"\">police justice<\/span><\/a><a style=\"\" class=\"penci-cat-name penci-cat-43\" href=\"https:\/\/www.geopolitics.fr\/en\/category\/top-secret\/\"  rel=\"category tag\"><span style=\"\">Top secret<\/span><\/a>\t\t\t\t\t\t\t<\/span>\n                            <\/div>\n\t\t\t\t\t\t\n\t\t\t\t\t\t                            <div class=\"pcbg-heading item-hover\">\n                                <h3 class=\"pcbg-title\">\n                                    <a href=\"https:\/\/www.geopolitics.fr\/en\/2026\/06\/26\/les-petits-rrangements-de-renaud-muselier-et-de-christian-estrosi-au-service-du-couple-borre\/\">\n\t\t\t\t\t\t\t\t\t\tLES PETITS ARRANGEMENTS DE RENAUD MUSELIER ET DE CHRISTIAN ESTROSI, AU SERVICE DU COUPLE BORR\u00c9                                    <\/a>\n                                <\/h3>\n                            <\/div>\n\t\t\t\t\t\t\n\t\t\t\t\t\t                            <div class=\"grid-post-box-meta pcbg-meta item-hover\">\n                                <div class=\"pcbg-meta-desc\">\n\t\t\t\t\t\t\t\t\t\t\t\t\t\t\t\t\t\t                                        <span class=\"bg-date\"><time class=\"entry-date published\" datetime=\"2026-06-26T16:06:55+02:00\">26 June 2026<\/time><\/span>\n\t\t\t\t\t\t\t\t\t\t\t\t\t\t\t\t\t\t\t\t\t\t\t\t\t\t\t\t\t\t\t\t\t\t\t\t\t\t\t\t\t\t\t\t\t\t\t\t\t\t\t\t\t\t                                <\/div>\n\t\t\t\t\t\t\t\t                            <\/div>\n\t\t\t\t\t\t\n\t\t\t\t\t\t                    <\/div>\n                <\/div>\n            <\/div>\n        <\/div>\n    <\/div>\n<\/div>\n<div class=\"penci-bgitem\">\n    <div class=\"penci-bgitin\">\n        <div class=\"penci-bgmain\">\n            <div class=\"pcbg-thumb\">\n\t\t\t\t\t\t\t\t                <div class=\"pcbg-thumbin\">\n                    <a class=\"pcbg-bgoverlay\"\n                       href=\"https:\/\/www.geopolitics.fr\/en\/2026\/06\/26\/allemagne-autopsie-dun-echec-diplomatique-historique-au-conseil-de-securite\/\" title=\"Allemagne : Autopsie d\u2019un \u00e9chec diplomatique historique au Conseil de s\u00e9curit\u00e9\"><\/a>\n\n                        <div  data-bgset=\"https:\/\/www.geopolitics.fr\/wp-content\/uploads\/2026\/06\/echec-allemagne.jpg\" data_bg_hidpi=\"https:\/\/www.geopolitics.fr\/wp-content\/uploads\/2026\/06\/echec-allemagne.jpg\" class=\"penci-lazy penci-image-holder\">\n                                                    <\/div>\n\n                <\/div>\n            <\/div>\n            <div class=\"pcbg-content\">\n                <div class=\"pcbg-content-flex\">\n                    <a class=\"pcbg-bgoverlay\"\n                       href=\"https:\/\/www.geopolitics.fr\/en\/2026\/06\/26\/allemagne-autopsie-dun-echec-diplomatique-historique-au-conseil-de-securite\/\" title=\"Allemagne : Autopsie d\u2019un \u00e9chec diplomatique historique au Conseil de s\u00e9curit\u00e9\"><\/a>\n                    <div class=\"pcbg-content-inner bgcontent-block\">\n                        <a href=\"https:\/\/www.geopolitics.fr\/en\/2026\/06\/26\/allemagne-autopsie-dun-echec-diplomatique-historique-au-conseil-de-securite\/\" title=\"Allemagne : Autopsie d\u2019un \u00e9chec diplomatique historique au Conseil de s\u00e9curit\u00e9\"\n                           class=\"pcbg-bgoverlaytext item-hover\"><\/a>\n\n\t\t\t\t\t\t                            <div class=\"pcbg-above item-hover\">\n\t\t\t\t\t\t\t<span class=\"cat pcbg-sub-title\">\n\t\t\t\t\t\t\t\t<a style=\"\" class=\"penci-cat-name penci-cat-610\" href=\"https:\/\/www.geopolitics.fr\/en\/category\/international\/droit-international\/\"  rel=\"category tag\"><span style=\"\">Droit international, multilat\u00e9ral<\/span><\/a><a style=\"\" class=\"penci-cat-name penci-cat-611\" href=\"https:\/\/www.geopolitics.fr\/en\/category\/international\/europe\/\"  rel=\"category tag\"><span style=\"\">Europe<\/span><\/a><a style=\"\" class=\"penci-cat-name penci-cat-5\" href=\"https:\/\/www.geopolitics.fr\/en\/category\/international\/\"  rel=\"category tag\"><span style=\"\">International<\/span><\/a><a style=\"\" class=\"penci-cat-name penci-cat-4\" href=\"https:\/\/www.geopolitics.fr\/en\/category\/mis-en-avant\/\"  rel=\"category tag\"><span style=\"\">Mis en AVANT<\/span><\/a>\t\t\t\t\t\t\t<\/span>\n                            <\/div>\n\t\t\t\t\t\t\n\t\t\t\t\t\t                            <div class=\"pcbg-heading item-hover\">\n                                <h3 class=\"pcbg-title\">\n                                    <a href=\"https:\/\/www.geopolitics.fr\/en\/2026\/06\/26\/allemagne-autopsie-dun-echec-diplomatique-historique-au-conseil-de-securite\/\">\n\t\t\t\t\t\t\t\t\t\tAllemagne : Autopsie d\u2019un \u00e9chec diplomatique historique au Conseil de s\u00e9curit\u00e9                                    <\/a>\n                                <\/h3>\n                            <\/div>\n\t\t\t\t\t\t\n\t\t\t\t\t\t                            <div class=\"grid-post-box-meta pcbg-meta item-hover\">\n                                <div class=\"pcbg-meta-desc\">\n\t\t\t\t\t\t\t\t\t\t\t\t\t\t\t\t\t\t                                        <span class=\"bg-date\"><time class=\"entry-date published\" datetime=\"2026-06-26T08:24:33+02:00\">26 June 2026<\/time><\/span>\n\t\t\t\t\t\t\t\t\t\t\t\t\t\t\t\t\t\t\t\t\t\t\t\t\t\t\t\t\t\t\t\t\t\t\t\t\t\t\t\t\t\t\t\t\t\t\t\t\t\t\t\t\t\t                                <\/div>\n\t\t\t\t\t\t\t\t                            <\/div>\n\t\t\t\t\t\t\n\t\t\t\t\t\t                    <\/div>\n                <\/div>\n            <\/div>\n        <\/div>\n    <\/div>\n<\/div>\n<\/div>                                <div class=\"pcbg-paging penci-pagination pcbg-paging-align-center penci-ajax-more penci-bgajax-more-click\">\n                                    <a class=\"penci-ajax-more-button\" aria-label=\"More Posts\" href=\"#\"\n\t\t\t\t\t\t\t\t\t\t                                       data-query_type=\"post\"\n                                       data-layout=\"style-1\"\n                                       data-settings=\"{&quot;query&quot;:{&quot;orderby&quot;:&quot;date&quot;,&quot;order&quot;:&quot;desc&quot;,&quot;ignore_sticky_posts&quot;:1,&quot;post_status&quot;:&quot;publish&quot;,&quot;post__not_in&quot;:[],&quot;post_type&quot;:&quot;post&quot;,&quot;posts_per_page&quot;:8,&quot;tax_query&quot;:[],&quot;offset&quot;:14},&quot;query_id&quot;:&quot;&quot;,&quot;style&quot;:&quot;style-1&quot;,&quot;overlay_type&quot;:&quot;none&quot;,&quot;bgcontent_pos&quot;:&quot;below&quot;,&quot;content_display&quot;:&quot;block&quot;,&quot;disable_lazy&quot;:&quot;true&quot;,&quot;image_hover&quot;:&quot;zoom-in&quot;,&quot;text_overlay&quot;:&quot;none&quot;,&quot;text_overlay_ani&quot;:&quot;movetop&quot;,&quot;thumb_size&quot;:&quot;penci-masonry-thumb&quot;,&quot;bthumb_size&quot;:&quot;penci-full-thumb&quot;,&quot;mthumb_size&quot;:&quot;penci-masonry-thumb&quot;,&quot;bg_postmeta&quot;:[&quot;cat&quot;,&quot;title&quot;,&quot;date&quot;],&quot;primary_cat&quot;:&quot;&quot;,&quot;show_readmore&quot;:&quot;&quot;,&quot;excerpt_length&quot;:10,&quot;hide_cat_small&quot;:&quot;yes&quot;,&quot;hide_meta_small&quot;:&quot;&quot;,&quot;hide_excerpt_small&quot;:&quot;&quot;,&quot;hide_rm_small&quot;:&quot;&quot;,&quot;title_length&quot;:&quot;&quot;,&quot;readmore_icon&quot;:{&quot;value&quot;:&quot;&quot;,&quot;library&quot;:&quot;&quot;},&quot;show_formaticon&quot;:&quot;&quot;,&quot;show_reviewpie&quot;:&quot;&quot;,&quot;readmore_icon_pos&quot;:&quot;right&quot;}\"\n                                       data-pagednum=\"2\"\n                                       data-mes=\"Sorry, No more posts\">\n                                        <span class=\"ajax-more-text\">Load More Posts<\/span><span\n                                                class=\"ajaxdot\"><\/span><i class=\"penci-faicon fa fa-refresh\" ><\/i>                                    <\/a>\n                                <\/div>\n\t\t\t\t\t\t\t\t                <\/div>\n\t\t\t\t            <\/div>\n        <\/div>\n\t\t\t\t\t\t<\/div>\n\t\t\t\t<\/div>\n\t\t\t\t\t<\/div>\n\t\t<\/div>\n\t\t\t\t\t<\/div>\n\t\t<\/section>\n\t\t\t\t\t<\/div>\n\t\t<\/div>\n\t\t\t\t\t<\/div>\n\t\t<\/section>\n\t\t\t\t<section class=\"penci-section penci-disSticky penci-structure-10 elementor-section elementor-top-section elementor-element elementor-element-98eb0fe elementor-section-boxed elementor-section-height-default elementor-section-height-default\" data-id=\"98eb0fe\" data-element_type=\"section\" data-e-type=\"section\">\n\t\t\t\t\t\t<div class=\"elementor-container elementor-column-gap-no\">\n\t\t\t\t\t<div class=\"penci-ercol-100 penci-ercol-order-1 penci-sticky-ct  penci-dmcheck penci-elbg-activate  elementor-column elementor-col-100 elementor-top-column elementor-element elementor-element-73c3b1a\" data-id=\"73c3b1a\" data-element_type=\"column\" data-e-type=\"column\" data-settings=\"{&quot;background_background&quot;:&quot;classic&quot;}\">\n\t\t\t<div class=\"elementor-widget-wrap elementor-element-populated\">\n\t\t\t\t\t\t<div class=\"elementor-element elementor-element-dafabe8 elementor-widget elementor-widget-penci-block-heading\" data-id=\"dafabe8\" data-element_type=\"widget\" data-e-type=\"widget\" data-widget_type=\"penci-block-heading.default\">\n\t\t\t\t<div class=\"elementor-widget-container\">\n\t\t\t\t\t\t\t<div class=\"penciel-bheading penci-border-arrow penci-homepage-title penci-home-latest-posts style-6 pcalign-left pciconp-right pcicon-right block-title-icon-left\">\n\t\t\t<h3 class=\"inner-arrow\">\n\t\t\t\t<span>\n\t\t\t\t<span>Politique<\/span>\t\t\t\t<\/span>\n\t\t\t<\/h3>\n\t\t\t\t\t<\/div>\n\t\t\t\t\t\t<\/div>\n\t\t\t\t<\/div>\n\t\t\t\t<section class=\"penci-section penci-disSticky penci-structure-40 elementor-section elementor-inner-section elementor-element elementor-element-ec098a6 elementor-section-boxed elementor-section-height-default elementor-section-height-default\" data-id=\"ec098a6\" data-element_type=\"section\" data-e-type=\"section\">\n\t\t\t\t\t\t<div class=\"elementor-container elementor-column-gap-no\">\n\t\t\t\t\t<div class=\"penci-ercol-25 penci-ercol-order-1 penci-sticky-sb penci-sidebarSC   elementor-column elementor-col-25 elementor-inner-column elementor-element elementor-element-8fe614f\" data-id=\"8fe614f\" data-element_type=\"column\" data-e-type=\"column\">\n\t\t\t<div class=\"elementor-widget-wrap elementor-element-populated\">\n\t\t\t\t\t\t<div class=\"elementor-element elementor-element-38a8046 elementor-widget elementor-widget-penci-big-grid\" data-id=\"38a8046\" data-element_type=\"widget\" data-e-type=\"widget\" data-widget_type=\"penci-big-grid.default\">\n\t\t\t\t<div class=\"elementor-widget-container\">\n\t\t\t\t\t        <div class=\"penci-clearfix penci-biggrid-wrapper penci-grid-col-1 penci-grid-mcol-1 penci-bgrid-based-post penci-bgrid-style-1 pcbg-ficonpo-top-right pcbg-reiconpo-top-left penci-bgrid-content-on pencibg-imageh-zoom-in pencibg-texth-none pencibg-textani-movetop textop pencipw-hd-text\">\n\t\t\t            <div class=\"penci-clearfix penci-biggrid penci-bgstyle-1 penci-bgel\">\n                <div class=\"penci-biggrid-inner default\">\n\t\t\t\t\t<div class=\"penci-clearfix penci-biggrid-data penci-dflex\"><div class=\"penci-bgitem\">\n    <div class=\"penci-bgitin\">\n        <div class=\"penci-bgmain\">\n            <div class=\"pcbg-thumb\">\n\t\t\t\t\t\t\t\t                <div class=\"pcbg-thumbin\">\n                    <a class=\"pcbg-bgoverlay\"\n                       href=\"https:\/\/www.geopolitics.fr\/en\/2026\/04\/29\/midterms-2026-le-seisme-silencieux-dune-coalition-en-sursis\/\" title=\"Midterms 2026 : Le s\u00e9isme silencieux d&rsquo;une coalition en sursis\"><\/a>\n\n                        <div  data-bgset=\"https:\/\/www.geopolitics.fr\/wp-content\/uploads\/2026\/04\/midterm-768x504.jpg\" data_bg_hidpi=\"https:\/\/www.geopolitics.fr\/wp-content\/uploads\/2026\/04\/midterm-585x384.jpg\" class=\"penci-lazy penci-image-holder\">\n                                                    <\/div>\n\n                <\/div>\n            <\/div>\n            <div class=\"pcbg-content\">\n                <div class=\"pcbg-content-flex\">\n                    <a class=\"pcbg-bgoverlay\"\n                       href=\"https:\/\/www.geopolitics.fr\/en\/2026\/04\/29\/midterms-2026-le-seisme-silencieux-dune-coalition-en-sursis\/\" title=\"Midterms 2026 : Le s\u00e9isme silencieux d&rsquo;une coalition en sursis\"><\/a>\n                    <div class=\"pcbg-content-inner bgcontent-block\">\n                        <a href=\"https:\/\/www.geopolitics.fr\/en\/2026\/04\/29\/midterms-2026-le-seisme-silencieux-dune-coalition-en-sursis\/\" title=\"Midterms 2026 : Le s\u00e9isme silencieux d&rsquo;une coalition en sursis\"\n                           class=\"pcbg-bgoverlaytext active-overlay item-hover\"><\/a>\n\n\t\t\t\t\t\t\n\t\t\t\t\t\t                            <div class=\"pcbg-heading item-hover\">\n                                <h3 class=\"pcbg-title\">\n                                    <a href=\"https:\/\/www.geopolitics.fr\/en\/2026\/04\/29\/midterms-2026-le-seisme-silencieux-dune-coalition-en-sursis\/\">\n\t\t\t\t\t\t\t\t\t\tMidterms 2026 : Le s\u00e9isme silencieux d&rsquo;une coalition en sursis                                    <\/a>\n                                <\/h3>\n                            <\/div>\n\t\t\t\t\t\t\n\t\t\t\t\t\t\n\t\t\t\t\t\t                    <\/div>\n                <\/div>\n            <\/div>\n        <\/div>\n    <\/div>\n<\/div>\n<\/div>                <\/div>\n\t\t\t\t            <\/div>\n        <\/div>\n\t\t\t\t\t\t<\/div>\n\t\t\t\t<\/div>\n\t\t\t\t\t<\/div>\n\t\t<\/div>\n\t\t\t\t<div class=\"penci-ercol-25 penci-ercol-order-2 penci-sticky-sb penci-sidebarSC   elementor-column elementor-col-25 elementor-inner-column elementor-element elementor-element-93758de\" data-id=\"93758de\" data-element_type=\"column\" data-e-type=\"column\">\n\t\t\t<div class=\"elementor-widget-wrap elementor-element-populated\">\n\t\t\t\t\t\t<div class=\"elementor-element elementor-element-281cfff elementor-widget elementor-widget-penci-small-list\" data-id=\"281cfff\" data-element_type=\"widget\" data-e-type=\"widget\" data-widget_type=\"penci-small-list.default\">\n\t\t\t\t<div class=\"elementor-widget-container\">\n\t\t\t\t\t<script>if( typeof(penciBlock) === \"undefined\" ) {function penciBlock() { this.atts_json = ''; this.content = ''; }}var penciBlocksArray = penciBlocksArray || [];var PENCILOCALCACHE = PENCILOCALCACHE || {};var pcblock_1893 = new penciBlock();pcblock_1893.blockID=\"pcblock_1893\";pcblock_1893.atts_json = '{\"type\":\"grid\",\"dformat\":\"\",\"date_pos\":\"left\",\"column\":\"1\",\"tab_column\":\"1\",\"mb_column\":\"1\",\"imgpos\":\"left\",\"thumb_size\":\"\",\"mthumb_size\":\"\",\"post_meta\":[\"title\"],\"primary_cat\":\"\",\"title_length\":\"\",\"excerpt_pos\":\"below\",\"rmstyle\":\"filled\",\"excerpt_length\":15,\"nocrop\":\"\",\"hide_cat_mobile\":\"\",\"hide_meta_mobile\":\"\",\"hide_excerpt_mobile\":\"\",\"hide_rm_mobile\":\"\",\"imgtop_mobile\":\"\",\"ver_border\":\"\",\"hide_thumb\":\"\",\"show_reviewpie\":\"\",\"show_formaticon\":\"\",\"disable_lazy\":\"\",\"show_excerpt\":\"\",\"show_readmore\":\"\",\"query\":{\"orderby\":\"date\",\"order\":\"desc\",\"ignore_sticky_posts\":1,\"post_status\":\"publish\",\"post__not_in\":[],\"post_type\":\"post\",\"posts_per_page\":3,\"tax_query\":[],\"offset\":1},\"category_ids\":\"\",\"taxonomy\":\"\"}';penciBlocksArray.push(pcblock_1893);<\/script>        <div class=\"penci-wrapper-smalllist\">\n\t\t\t\t\t\t            <div class=\"penci-smalllist-wrapper\">\n\t\t\t\t                    <div class=\"penci-smalllist pcsl-wrapper pwsl-id-default\">\n                        <div class=\"pcsl-inner penci-clearfix pcsl-grid pencipw-hd-text pcsl-imgpos-left pcsl-col-1 pcsl-tabcol-1 pcsl-mobcol-1\">\n\t\t\t\t\t\t\t\t\t\t\t\t\t\t\t\t\t\t\t\t\t\t\t\t                                    <div class=\"pcsl-item\">\n                                        <div class=\"pcsl-itemin\">\n                                            <div class=\"pcsl-iteminer\">\n\t\t\t\t\t\t\t\t\t\t\t\t\n\t\t\t\t\t\t\t\t\t\t\t\t                                                    <div class=\"pcsl-thumb\">\n\t\t\t\t\t\t\t\t\t\t\t\t\t\t\t\t\t\t\t\t\t\t\t\t\t\t\t\t                                                            <a  data-bgset=\"https:\/\/www.geopolitics.fr\/wp-content\/uploads\/2026\/08\/IA-BON-263x175.jpg\" href=\"https:\/\/www.geopolitics.fr\/en\/2026\/08\/24\/lia-ecrit-les-humains-hallucinent\/\"\n                                                               title=\"L\u2019IA \u00e9crit. Les humains hallucinent &#8211;\"\n                                                               class=\"penci-lazy penci-image-holder\">\n\t                                                                                                                        <\/a>\n\n                                                    <\/div>\n\t\t\t\t\t\t\t\t\t\t\t\t                                                <div class=\"pcsl-content\">\n\t\t\t\t\t\t\t\t\t\t\t\t\t\n\t\t\t\t\t\t\t\t\t\t\t\t\t                                                        <div class=\"pcsl-title\">\n                                                            <a href=\"https:\/\/www.geopolitics.fr\/en\/2026\/08\/24\/lia-ecrit-les-humains-hallucinent\/\">L\u2019IA \u00e9crit. Les humains hallucinent &#8211;<\/a>\n                                                        <\/div>\n\t\t\t\t\t\t\t\t\t\t\t\t\t\n\t\t\t\t\t\t\t\t\t\t\t\t\t\n\t\t\t\t\t\t\t\t\t\t\t\t\t\t\t\t\t\t\t\t\t\t\t\t\t\t\n                                                <\/div>\n\n\t\t\t\t\t\t\t\t\t\t\t\t                                            <\/div>\n                                        <\/div>\n                                    <\/div>\n                                \t\t\t\t\t\t\t\t\t\t\t\t\t\t\t\t\t                                    <div class=\"pcsl-item\">\n                                        <div class=\"pcsl-itemin\">\n                                            <div class=\"pcsl-iteminer\">\n\t\t\t\t\t\t\t\t\t\t\t\t\n\t\t\t\t\t\t\t\t\t\t\t\t                                                    <div class=\"pcsl-thumb\">\n\t\t\t\t\t\t\t\t\t\t\t\t\t\t\t\t\t\t\t\t\t\t\t\t\t\t\t\t                                                            <a  data-bgset=\"https:\/\/www.geopolitics.fr\/wp-content\/uploads\/2026\/08\/cpi-bascule-263x175.jpg\" href=\"https:\/\/www.geopolitics.fr\/en\/2026\/08\/21\/la-cour-penale-internationale-a-lepreuve-des-puissances-sanctions-souverainete-et-crise-de-la-justice-internationale\/\"\n                                                               title=\"La Cour P\u00e9nale Internationale \u00e0 l\u2019\u00e9preuve des puissances : sanctions, souverainet\u00e9 et crise de la justice internationale\"\n                                                               class=\"penci-lazy penci-image-holder\">\n\t                                                                                                                        <\/a>\n\n                                                    <\/div>\n\t\t\t\t\t\t\t\t\t\t\t\t                                                <div class=\"pcsl-content\">\n\t\t\t\t\t\t\t\t\t\t\t\t\t\n\t\t\t\t\t\t\t\t\t\t\t\t\t                                                        <div class=\"pcsl-title\">\n                                                            <a href=\"https:\/\/www.geopolitics.fr\/en\/2026\/08\/21\/la-cour-penale-internationale-a-lepreuve-des-puissances-sanctions-souverainete-et-crise-de-la-justice-internationale\/\">La Cour P\u00e9nale Internationale \u00e0 l\u2019\u00e9preuve des puissances : sanctions, souverainet\u00e9 et crise de la justice internationale<\/a>\n                                                        <\/div>\n\t\t\t\t\t\t\t\t\t\t\t\t\t\n\t\t\t\t\t\t\t\t\t\t\t\t\t\n\t\t\t\t\t\t\t\t\t\t\t\t\t\t\t\t\t\t\t\t\t\t\t\t\t\t\n                                                <\/div>\n\n\t\t\t\t\t\t\t\t\t\t\t\t                                            <\/div>\n                                        <\/div>\n                                    <\/div>\n                                \t\t\t\t\t\t\t\t\t\t\t\t\t\t\t\t\t                                    <div class=\"pcsl-item\">\n                                        <div class=\"pcsl-itemin\">\n                                            <div class=\"pcsl-iteminer\">\n\t\t\t\t\t\t\t\t\t\t\t\t\n\t\t\t\t\t\t\t\t\t\t\t\t                                                    <div class=\"pcsl-thumb\">\n\t\t\t\t\t\t\t\t\t\t\t\t\t\t\t\t\t\t\t\t\t\t\t\t\t\t\t\t                                                            <a  data-bgset=\"https:\/\/www.geopolitics.fr\/wp-content\/uploads\/2026\/08\/frappes-ciblees-263x175.jpg\" href=\"https:\/\/www.geopolitics.fr\/en\/2026\/08\/12\/le-retour-probable-des-eliminations-ciblees-contre-les-dirigeants-de-la-republique-islamique-diran\/\"\n                                                               title=\"Le retour probable des \u00e9liminations cibl\u00e9es contre les dirigeants de la R\u00e9publique islamique d&rsquo;Iran\"\n                                                               class=\"penci-lazy penci-image-holder\">\n\t                                                                                                                        <\/a>\n\n                                                    <\/div>\n\t\t\t\t\t\t\t\t\t\t\t\t                                                <div class=\"pcsl-content\">\n\t\t\t\t\t\t\t\t\t\t\t\t\t\n\t\t\t\t\t\t\t\t\t\t\t\t\t                                                        <div class=\"pcsl-title\">\n                                                            <a href=\"https:\/\/www.geopolitics.fr\/en\/2026\/08\/12\/le-retour-probable-des-eliminations-ciblees-contre-les-dirigeants-de-la-republique-islamique-diran\/\">Le retour probable des \u00e9liminations cibl\u00e9es contre les dirigeants de la R\u00e9publique islamique d&rsquo;Iran<\/a>\n                                                        <\/div>\n\t\t\t\t\t\t\t\t\t\t\t\t\t\n\t\t\t\t\t\t\t\t\t\t\t\t\t\n\t\t\t\t\t\t\t\t\t\t\t\t\t\t\t\t\t\t\t\t\t\t\t\t\t\t\n                                                <\/div>\n\n\t\t\t\t\t\t\t\t\t\t\t\t                                            <\/div>\n                                        <\/div>\n                                    <\/div>\n                                \t\t\t\t\t\t\t\t\t\t\t\t\t\t\t\t                        <\/div>\n\n\t\t\t\t\t\t\n                    <\/div>\n\t\t\t\t\t            <\/div>\n        <\/div>\n\t\t\t\t\t\t<\/div>\n\t\t\t\t<\/div>\n\t\t\t\t\t<\/div>\n\t\t<\/div>\n\t\t\t\t<div class=\"penci-ercol-25 penci-ercol-order-3 penci-sticky-sb penci-sidebarSC   elementor-column elementor-col-25 elementor-inner-column elementor-element elementor-element-3df3e0c\" data-id=\"3df3e0c\" data-element_type=\"column\" data-e-type=\"column\">\n\t\t\t<div class=\"elementor-widget-wrap elementor-element-populated\">\n\t\t\t\t\t\t<div class=\"elementor-element elementor-element-16a6bd7 elementor-widget elementor-widget-penci-big-grid\" data-id=\"16a6bd7\" data-element_type=\"widget\" data-e-type=\"widget\" data-widget_type=\"penci-big-grid.default\">\n\t\t\t\t<div class=\"elementor-widget-container\">\n\t\t\t\t\t        <div class=\"penci-clearfix penci-biggrid-wrapper penci-grid-col-1 penci-grid-mcol-1 penci-bgrid-based-post penci-bgrid-style-1 pcbg-ficonpo-top-right pcbg-reiconpo-top-left penci-bgrid-content-on pencibg-imageh-zoom-in pencibg-texth-none pencibg-textani-movetop textop pencipw-hd-text\">\n\t\t\t            <div class=\"penci-clearfix penci-biggrid penci-bgstyle-1 penci-bgel\">\n                <div class=\"penci-biggrid-inner default\">\n\t\t\t\t\t<div class=\"penci-clearfix penci-biggrid-data penci-dflex\"><div class=\"penci-bgitem\">\n    <div class=\"penci-bgitin\">\n        <div class=\"penci-bgmain\">\n            <div class=\"pcbg-thumb\">\n\t\t\t\t\t\t\t\t                <div class=\"pcbg-thumbin\">\n                    <a class=\"pcbg-bgoverlay\"\n                       href=\"https:\/\/www.geopolitics.fr\/en\/2026\/08\/11\/leloquent-silence\/\" title=\"L\u2019\u00c9loquent Silence\"><\/a>\n\n                        <div  data-bgset=\"https:\/\/www.geopolitics.fr\/wp-content\/uploads\/2026\/08\/Image2.jpg\" data_bg_hidpi=\"https:\/\/www.geopolitics.fr\/wp-content\/uploads\/2026\/08\/Image2-585x390.jpg\" class=\"penci-lazy penci-image-holder\">\n                                                    <\/div>\n\n                <\/div>\n            <\/div>\n            <div class=\"pcbg-content\">\n                <div class=\"pcbg-content-flex\">\n                    <a class=\"pcbg-bgoverlay\"\n                       href=\"https:\/\/www.geopolitics.fr\/en\/2026\/08\/11\/leloquent-silence\/\" title=\"L\u2019\u00c9loquent Silence\"><\/a>\n                    <div class=\"pcbg-content-inner bgcontent-block\">\n                        <a href=\"https:\/\/www.geopolitics.fr\/en\/2026\/08\/11\/leloquent-silence\/\" title=\"L\u2019\u00c9loquent Silence\"\n                           class=\"pcbg-bgoverlaytext active-overlay item-hover\"><\/a>\n\n\t\t\t\t\t\t\n\t\t\t\t\t\t                            <div class=\"pcbg-heading item-hover\">\n                                <h3 class=\"pcbg-title\">\n                                    <a href=\"https:\/\/www.geopolitics.fr\/en\/2026\/08\/11\/leloquent-silence\/\">\n\t\t\t\t\t\t\t\t\t\tL\u2019\u00c9loquent Silence                                    <\/a>\n                                <\/h3>\n                            <\/div>\n\t\t\t\t\t\t\n\t\t\t\t\t\t\n\t\t\t\t\t\t                    <\/div>\n                <\/div>\n            <\/div>\n        <\/div>\n    <\/div>\n<\/div>\n<\/div>                <\/div>\n\t\t\t\t            <\/div>\n        <\/div>\n\t\t\t\t\t\t<\/div>\n\t\t\t\t<\/div>\n\t\t\t\t\t<\/div>\n\t\t<\/div>\n\t\t\t\t<div class=\"penci-ercol-25 penci-ercol-order-4 penci-sticky-sb penci-sidebarSC   elementor-column elementor-col-25 elementor-inner-column elementor-element elementor-element-582df79\" data-id=\"582df79\" data-element_type=\"column\" data-e-type=\"column\">\n\t\t\t<div class=\"elementor-widget-wrap elementor-element-populated\">\n\t\t\t\t\t\t<div class=\"elementor-element elementor-element-efd9563 elementor-widget elementor-widget-penci-small-list\" data-id=\"efd9563\" data-element_type=\"widget\" data-e-type=\"widget\" data-widget_type=\"penci-small-list.default\">\n\t\t\t\t<div class=\"elementor-widget-container\">\n\t\t\t\t\t<script>if( typeof(penciBlock) === \"undefined\" ) {function penciBlock() { this.atts_json = ''; this.content = ''; }}var penciBlocksArray = penciBlocksArray || [];var PENCILOCALCACHE = PENCILOCALCACHE || {};var pcblock_3961 = new penciBlock();pcblock_3961.blockID=\"pcblock_3961\";pcblock_3961.atts_json = '{\"type\":\"grid\",\"dformat\":\"\",\"date_pos\":\"left\",\"column\":\"1\",\"tab_column\":\"1\",\"mb_column\":\"1\",\"imgpos\":\"left\",\"thumb_size\":\"\",\"mthumb_size\":\"\",\"post_meta\":[\"title\"],\"primary_cat\":\"\",\"title_length\":\"\",\"excerpt_pos\":\"below\",\"rmstyle\":\"filled\",\"excerpt_length\":15,\"nocrop\":\"\",\"hide_cat_mobile\":\"\",\"hide_meta_mobile\":\"\",\"hide_excerpt_mobile\":\"\",\"hide_rm_mobile\":\"\",\"imgtop_mobile\":\"\",\"ver_border\":\"\",\"hide_thumb\":\"\",\"show_reviewpie\":\"\",\"show_formaticon\":\"\",\"disable_lazy\":\"\",\"show_excerpt\":\"\",\"show_readmore\":\"\",\"query\":{\"orderby\":\"date\",\"order\":\"desc\",\"ignore_sticky_posts\":1,\"post_status\":\"publish\",\"post__not_in\":[],\"post_type\":\"post\",\"posts_per_page\":3,\"tax_query\":[],\"offset\":5},\"category_ids\":\"\",\"taxonomy\":\"\"}';penciBlocksArray.push(pcblock_3961);<\/script>        <div class=\"penci-wrapper-smalllist\">\n\t\t\t\t\t\t            <div class=\"penci-smalllist-wrapper\">\n\t\t\t\t                    <div class=\"penci-smalllist pcsl-wrapper pwsl-id-default\">\n                        <div class=\"pcsl-inner penci-clearfix pcsl-grid pencipw-hd-text pcsl-imgpos-left pcsl-col-1 pcsl-tabcol-1 pcsl-mobcol-1\">\n\t\t\t\t\t\t\t\t\t\t\t\t\t\t\t\t\t\t\t\t\t\t\t\t                                    <div class=\"pcsl-item\">\n                                        <div class=\"pcsl-itemin\">\n                                            <div class=\"pcsl-iteminer\">\n\t\t\t\t\t\t\t\t\t\t\t\t\n\t\t\t\t\t\t\t\t\t\t\t\t                                                    <div class=\"pcsl-thumb\">\n\t\t\t\t\t\t\t\t\t\t\t\t\t\t\t\t\t\t\t\t\t\t\t\t\t\t\t\t                                                            <a  data-bgset=\"https:\/\/www.geopolitics.fr\/wp-content\/uploads\/2026\/08\/SANTE-GEO-263x175.jpg\" href=\"https:\/\/www.geopolitics.fr\/en\/2026\/08\/10\/health-beyond-healthcare-ou-la-sante-au-au-dela-du-seul-systeme-de-soins\/\"\n                                                               title=\"Health Beyond Healthcare ou la sant\u00e9 au au del\u00e0 du seul syst\u00e8me de soins\"\n                                                               class=\"penci-lazy penci-image-holder\">\n\t                                                                                                                        <\/a>\n\n                                                    <\/div>\n\t\t\t\t\t\t\t\t\t\t\t\t                                                <div class=\"pcsl-content\">\n\t\t\t\t\t\t\t\t\t\t\t\t\t\n\t\t\t\t\t\t\t\t\t\t\t\t\t                                                        <div class=\"pcsl-title\">\n                                                            <a href=\"https:\/\/www.geopolitics.fr\/en\/2026\/08\/10\/health-beyond-healthcare-ou-la-sante-au-au-dela-du-seul-systeme-de-soins\/\">Health Beyond Healthcare ou la sant\u00e9 au au del\u00e0 du seul syst\u00e8me de soins<\/a>\n                                                        <\/div>\n\t\t\t\t\t\t\t\t\t\t\t\t\t\n\t\t\t\t\t\t\t\t\t\t\t\t\t\n\t\t\t\t\t\t\t\t\t\t\t\t\t\t\t\t\t\t\t\t\t\t\t\t\t\t\n                                                <\/div>\n\n\t\t\t\t\t\t\t\t\t\t\t\t                                            <\/div>\n                                        <\/div>\n                                    <\/div>\n                                \t\t\t\t\t\t\t\t\t\t\t\t\t\t\t\t\t                                    <div class=\"pcsl-item\">\n                                        <div class=\"pcsl-itemin\">\n                                            <div class=\"pcsl-iteminer\">\n\t\t\t\t\t\t\t\t\t\t\t\t\n\t\t\t\t\t\t\t\t\t\t\t\t                                                    <div class=\"pcsl-thumb\">\n\t\t\t\t\t\t\t\t\t\t\t\t\t\t\t\t\t\t\t\t\t\t\t\t\t\t\t\t                                                            <a  data-bgset=\"https:\/\/www.geopolitics.fr\/wp-content\/uploads\/2026\/08\/CEUTA-BON-263x175.jpg\" href=\"https:\/\/www.geopolitics.fr\/en\/2026\/08\/09\/ceuta-ou-la-frontiere-comme-rapport-de-force\/\"\n                                                               title=\"Ceuta, ou la fronti\u00e8re comme rapport de force\"\n                                                               class=\"penci-lazy penci-image-holder\">\n\t                                                                                                                        <\/a>\n\n                                                    <\/div>\n\t\t\t\t\t\t\t\t\t\t\t\t                                                <div class=\"pcsl-content\">\n\t\t\t\t\t\t\t\t\t\t\t\t\t\n\t\t\t\t\t\t\t\t\t\t\t\t\t                                                        <div class=\"pcsl-title\">\n                                                            <a href=\"https:\/\/www.geopolitics.fr\/en\/2026\/08\/09\/ceuta-ou-la-frontiere-comme-rapport-de-force\/\">Ceuta, ou la fronti\u00e8re comme rapport de force<\/a>\n                                                        <\/div>\n\t\t\t\t\t\t\t\t\t\t\t\t\t\n\t\t\t\t\t\t\t\t\t\t\t\t\t\n\t\t\t\t\t\t\t\t\t\t\t\t\t\t\t\t\t\t\t\t\t\t\t\t\t\t\n                                                <\/div>\n\n\t\t\t\t\t\t\t\t\t\t\t\t                                            <\/div>\n                                        <\/div>\n                                    <\/div>\n                                \t\t\t\t\t\t\t\t\t\t\t\t\t\t\t\t\t                                    <div class=\"pcsl-item\">\n                                        <div class=\"pcsl-itemin\">\n                                            <div class=\"pcsl-iteminer\">\n\t\t\t\t\t\t\t\t\t\t\t\t\n\t\t\t\t\t\t\t\t\t\t\t\t                                                    <div class=\"pcsl-thumb\">\n\t\t\t\t\t\t\t\t\t\t\t\t\t\t\t\t\t\t\t\t\t\t\t\t\t\t\t\t                                                            <a  data-bgset=\"https:\/\/www.geopolitics.fr\/wp-content\/uploads\/2024\/01\/france-maroc-2-263x175.jpg\" href=\"https:\/\/www.geopolitics.fr\/en\/2026\/08\/04\/la-relation-franco-marocaine-dun-heritage-historique-a-un-partenariat-strategique\/\"\n                                                               title=\"La relation franco-marocaine : d&rsquo;un h\u00e9ritage historique \u00e0 un partenariat strat\u00e9gique\"\n                                                               class=\"penci-lazy penci-image-holder\">\n\t                                                                                                                        <\/a>\n\n                                                    <\/div>\n\t\t\t\t\t\t\t\t\t\t\t\t                                                <div class=\"pcsl-content\">\n\t\t\t\t\t\t\t\t\t\t\t\t\t\n\t\t\t\t\t\t\t\t\t\t\t\t\t                                                        <div class=\"pcsl-title\">\n                                                            <a href=\"https:\/\/www.geopolitics.fr\/en\/2026\/08\/04\/la-relation-franco-marocaine-dun-heritage-historique-a-un-partenariat-strategique\/\">La relation franco-marocaine : d&rsquo;un h\u00e9ritage historique \u00e0 un partenariat strat\u00e9gique<\/a>\n                                                        <\/div>\n\t\t\t\t\t\t\t\t\t\t\t\t\t\n\t\t\t\t\t\t\t\t\t\t\t\t\t\n\t\t\t\t\t\t\t\t\t\t\t\t\t\t\t\t\t\t\t\t\t\t\t\t\t\t\n                                                <\/div>\n\n\t\t\t\t\t\t\t\t\t\t\t\t                                            <\/div>\n                                        <\/div>\n                                    <\/div>\n                                \t\t\t\t\t\t\t\t\t\t\t\t\t\t\t\t                        <\/div>\n\n\t\t\t\t\t\t\n                    <\/div>\n\t\t\t\t\t            <\/div>\n        <\/div>\n\t\t\t\t\t\t<\/div>\n\t\t\t\t<\/div>\n\t\t\t\t\t<\/div>\n\t\t<\/div>\n\t\t\t\t\t<\/div>\n\t\t<\/section>\n\t\t\t\t\t<\/div>\n\t\t<\/div>\n\t\t\t\t\t<\/div>\n\t\t<\/section>\n\t\t\t\t<section class=\"penci-section penci-disSticky penci-structure-10 elementor-section elementor-top-section elementor-element elementor-element-18fed6e elementor-section-boxed elementor-section-height-default elementor-section-height-default\" data-id=\"18fed6e\" data-element_type=\"section\" data-e-type=\"section\">\n\t\t\t\t\t\t<div class=\"elementor-container elementor-column-gap-no\">\n\t\t\t\t\t<div class=\"penci-ercol-100 penci-ercol-order-1 penci-sticky-ct  penci-dmcheck penci-elbg-activate  elementor-column elementor-col-100 elementor-top-column elementor-element elementor-element-f312003\" data-id=\"f312003\" data-element_type=\"column\" data-e-type=\"column\" data-settings=\"{&quot;background_background&quot;:&quot;classic&quot;}\">\n\t\t\t<div class=\"elementor-widget-wrap elementor-element-populated\">\n\t\t\t\t\t\t<section class=\"penci-section penci-disSticky penci-structure-30 elementor-section elementor-inner-section elementor-element elementor-element-6eb8e74 elementor-section-boxed elementor-section-height-default elementor-section-height-default\" data-id=\"6eb8e74\" data-element_type=\"section\" data-e-type=\"section\">\n\t\t\t\t\t\t<div class=\"elementor-container elementor-column-gap-extended\">\n\t\t\t\t\t<div class=\"penci-ercol-33 penci-ercol-order-1 penci-sticky-sb penci-sidebarSC   elementor-column elementor-col-33 elementor-inner-column elementor-element elementor-element-a3ef25e\" data-id=\"a3ef25e\" data-element_type=\"column\" data-e-type=\"column\">\n\t\t\t<div class=\"elementor-widget-wrap elementor-element-populated\">\n\t\t\t\t\t\t<div class=\"elementor-element elementor-element-383cb9a elementor-widget elementor-widget-penci-block-heading\" data-id=\"383cb9a\" data-element_type=\"widget\" data-e-type=\"widget\" data-widget_type=\"penci-block-heading.default\">\n\t\t\t\t<div class=\"elementor-widget-container\">\n\t\t\t\t\t\t\t<div class=\"penciel-bheading penci-border-arrow penci-homepage-title penci-home-latest-posts style-6 pcalign-left pciconp-right pcicon-right block-title-icon-left\">\n\t\t\t<h3 class=\"inner-arrow\">\n\t\t\t\t<span>\n\t\t\t\t<span>International<\/span>\t\t\t\t<\/span>\n\t\t\t<\/h3>\n\t\t\t\t\t<\/div>\n\t\t\t\t\t\t<\/div>\n\t\t\t\t<\/div>\n\t\t\t\t<div class=\"elementor-element elementor-element-9b7875b elementor-widget elementor-widget-penci-big-grid\" data-id=\"9b7875b\" data-element_type=\"widget\" data-e-type=\"widget\" data-widget_type=\"penci-big-grid.default\">\n\t\t\t\t<div class=\"elementor-widget-container\">\n\t\t\t\t\t        <div class=\"penci-clearfix penci-biggrid-wrapper penci-grid-col-1 penci-grid-mcol-1 penci-bgrid-based-post penci-bgrid-style-1 pcbg-ficonpo-top-right pcbg-reiconpo-top-left penci-bgrid-content-below pencibg-imageh-zoom-in pencibg-texth-none pencibg-textani-movetop textop pencipw-hd-text\">\n\t\t\t            <div class=\"penci-clearfix penci-biggrid penci-bgstyle-1 penci-bgel\">\n                <div class=\"penci-biggrid-inner default\">\n\t\t\t\t\t<div class=\"penci-clearfix penci-biggrid-data penci-dflex\"><div class=\"penci-bgitem\">\n    <div class=\"penci-bgitin\">\n        <div class=\"penci-bgmain\">\n            <div class=\"pcbg-thumb\">\n\t\t\t\t\t\t\t\t                <div class=\"pcbg-thumbin\">\n                    <a class=\"pcbg-bgoverlay\"\n                       href=\"https:\/\/www.geopolitics.fr\/en\/2026\/09\/02\/le-golfe-a-lepreuve-de-lhistoire-pouvoir-legitimite-et-nouveaux-equilibres-la-crise-et-leffacement-des-anciens-equilibres-1-3\/\" title=\"Le Golfe \u00e0 l&rsquo;\u00e9preuve de l&rsquo;Histoire : pouvoir, l\u00e9gitimit\u00e9 et nouveaux \u00e9quilibres &#8211; La crise et l&rsquo;effacement des anciens \u00e9quilibres (1\/3)\"><\/a>\n\n                        <div  data-bgset=\"https:\/\/www.geopolitics.fr\/wp-content\/uploads\/2026\/09\/moyen-orient-585x326.jpg\" data_bg_hidpi=\"https:\/\/www.geopolitics.fr\/wp-content\/uploads\/2026\/09\/moyen-orient-585x326.jpg\" class=\"penci-lazy penci-image-holder\">\n                                                    <\/div>\n\n                <\/div>\n            <\/div>\n            <div class=\"pcbg-content\">\n                <div class=\"pcbg-content-flex\">\n                    <a class=\"pcbg-bgoverlay\"\n                       href=\"https:\/\/www.geopolitics.fr\/en\/2026\/09\/02\/le-golfe-a-lepreuve-de-lhistoire-pouvoir-legitimite-et-nouveaux-equilibres-la-crise-et-leffacement-des-anciens-equilibres-1-3\/\" title=\"Le Golfe \u00e0 l&rsquo;\u00e9preuve de l&rsquo;Histoire : pouvoir, l\u00e9gitimit\u00e9 et nouveaux \u00e9quilibres &#8211; La crise et l&rsquo;effacement des anciens \u00e9quilibres (1\/3)\"><\/a>\n                    <div class=\"pcbg-content-inner bgcontent-block\">\n                        <a href=\"https:\/\/www.geopolitics.fr\/en\/2026\/09\/02\/le-golfe-a-lepreuve-de-lhistoire-pouvoir-legitimite-et-nouveaux-equilibres-la-crise-et-leffacement-des-anciens-equilibres-1-3\/\" title=\"Le Golfe \u00e0 l&rsquo;\u00e9preuve de l&rsquo;Histoire : pouvoir, l\u00e9gitimit\u00e9 et nouveaux \u00e9quilibres &#8211; La crise et l&rsquo;effacement des anciens \u00e9quilibres (1\/3)\"\n                           class=\"pcbg-bgoverlaytext item-hover\"><\/a>\n\n\t\t\t\t\t\t                            <div class=\"pcbg-above item-hover\">\n\t\t\t\t\t\t\t<span class=\"cat pcbg-sub-title\">\n\t\t\t\t\t\t\t\t<a style=\"\" class=\"penci-cat-name penci-cat-5\" href=\"https:\/\/www.geopolitics.fr\/en\/category\/international\/\"  rel=\"category tag\"><span style=\"\">International<\/span><\/a><a style=\"\" class=\"penci-cat-name penci-cat-4\" href=\"https:\/\/www.geopolitics.fr\/en\/category\/mis-en-avant\/\"  rel=\"category tag\"><span style=\"\">Mis en AVANT<\/span><\/a><a style=\"\" class=\"penci-cat-name penci-cat-617\" href=\"https:\/\/www.geopolitics.fr\/en\/category\/france\/politique-france\/\"  rel=\"category tag\"><span style=\"\">Politique<\/span><\/a>\t\t\t\t\t\t\t<\/span>\n                            <\/div>\n\t\t\t\t\t\t\n\t\t\t\t\t\t                            <div class=\"pcbg-heading item-hover\">\n                                <h3 class=\"pcbg-title\">\n                                    <a href=\"https:\/\/www.geopolitics.fr\/en\/2026\/09\/02\/le-golfe-a-lepreuve-de-lhistoire-pouvoir-legitimite-et-nouveaux-equilibres-la-crise-et-leffacement-des-anciens-equilibres-1-3\/\">\n\t\t\t\t\t\t\t\t\t\tLe Golfe \u00e0 l&rsquo;\u00e9preuve de l&rsquo;Histoire : pouvoir, l\u00e9gitimit\u00e9 et nouveaux \u00e9quilibres &#8211; La crise et l&rsquo;effacement des anciens \u00e9quilibres (1\/3)                                    <\/a>\n                                <\/h3>\n                            <\/div>\n\t\t\t\t\t\t\n\t\t\t\t\t\t                            <div class=\"grid-post-box-meta pcbg-meta item-hover\">\n                                <div class=\"pcbg-meta-desc\">\n\t\t\t\t\t\t\t\t\t\t\t\t\t\t\t\t\t\t                                        <span class=\"bg-date\"><time class=\"entry-date published\" datetime=\"2026-09-02T20:31:24+02:00\">2 September 2026<\/time><\/span>\n\t\t\t\t\t\t\t\t\t\t\t\t\t\t\t\t\t\t\t\t\t\t\t\t\t\t\t\t\t\t\t\t\t\t\t\t\t\t\t\t\t\t\t\t\t\t\t\t\t\t\t\t\t\t                                <\/div>\n\t\t\t\t\t\t\t\t                            <\/div>\n\t\t\t\t\t\t\n\t\t\t\t\t\t                    <\/div>\n                <\/div>\n            <\/div>\n        <\/div>\n    <\/div>\n<\/div>\n<\/div>                <\/div>\n\t\t\t\t            <\/div>\n        <\/div>\n\t\t\t\t\t\t<\/div>\n\t\t\t\t<\/div>\n\t\t\t\t<div class=\"elementor-element elementor-element-f642ce8 elementor-widget elementor-widget-penci-big-grid\" data-id=\"f642ce8\" data-element_type=\"widget\" data-e-type=\"widget\" data-widget_type=\"penci-big-grid.default\">\n\t\t\t\t<div class=\"elementor-widget-container\">\n\t\t\t\t\t        <div class=\"penci-clearfix penci-biggrid-wrapper penci-grid-col-2 penci-grid-mcol-1 penci-bgrid-based-post penci-bgrid-style-1 pcbg-ficonpo-top-right pcbg-reiconpo-top-left penci-bgrid-content-below pencibg-imageh-zoom-in pencibg-texth-none pencibg-textani-movetop textop pencipw-hd-text\">\n\t\t\t            <div class=\"penci-clearfix penci-biggrid penci-bgstyle-1 penci-bgel\">\n                <div class=\"penci-biggrid-inner default\">\n\t\t\t\t\t<div class=\"penci-clearfix penci-biggrid-data penci-dflex\"><div class=\"penci-bgitem\">\n    <div class=\"penci-bgitin\">\n        <div class=\"penci-bgmain\">\n            <div class=\"pcbg-thumb\">\n\t\t\t\t\t\t\t\t                <div class=\"pcbg-thumbin\">\n                    <a class=\"pcbg-bgoverlay\"\n                       href=\"https:\/\/www.geopolitics.fr\/en\/2026\/08\/21\/la-cour-penale-internationale-a-lepreuve-des-puissances-sanctions-souverainete-et-crise-de-la-justice-internationale\/\" title=\"La Cour P\u00e9nale Internationale \u00e0 l\u2019\u00e9preuve des puissances : sanctions, souverainet\u00e9 et crise de la justice internationale\"><\/a>\n\n                        <div  data-bgset=\"https:\/\/www.geopolitics.fr\/wp-content\/uploads\/2026\/08\/cpi-bascule-585x392.jpg\" data_bg_hidpi=\"https:\/\/www.geopolitics.fr\/wp-content\/uploads\/2026\/08\/cpi-bascule-585x392.jpg\" class=\"penci-lazy penci-image-holder\">\n                                                    <\/div>\n\n                <\/div>\n            <\/div>\n            <div class=\"pcbg-content\">\n                <div class=\"pcbg-content-flex\">\n                    <a class=\"pcbg-bgoverlay\"\n                       href=\"https:\/\/www.geopolitics.fr\/en\/2026\/08\/21\/la-cour-penale-internationale-a-lepreuve-des-puissances-sanctions-souverainete-et-crise-de-la-justice-internationale\/\" title=\"La Cour P\u00e9nale Internationale \u00e0 l\u2019\u00e9preuve des puissances : sanctions, souverainet\u00e9 et crise de la justice internationale\"><\/a>\n                    <div class=\"pcbg-content-inner bgcontent-block\">\n                        <a href=\"https:\/\/www.geopolitics.fr\/en\/2026\/08\/21\/la-cour-penale-internationale-a-lepreuve-des-puissances-sanctions-souverainete-et-crise-de-la-justice-internationale\/\" title=\"La Cour P\u00e9nale Internationale \u00e0 l\u2019\u00e9preuve des puissances : sanctions, souverainet\u00e9 et crise de la justice internationale\"\n                           class=\"pcbg-bgoverlaytext item-hover\"><\/a>\n\n\t\t\t\t\t\t                            <div class=\"pcbg-above item-hover\">\n\t\t\t\t\t\t\t<span class=\"cat pcbg-sub-title\">\n\t\t\t\t\t\t\t\t<a style=\"\" class=\"penci-cat-name penci-cat-610\" href=\"https:\/\/www.geopolitics.fr\/en\/category\/international\/droit-international\/\"  rel=\"category tag\"><span style=\"\">Droit international, multilat\u00e9ral<\/span><\/a><a style=\"\" class=\"penci-cat-name penci-cat-5\" href=\"https:\/\/www.geopolitics.fr\/en\/category\/international\/\"  rel=\"category tag\"><span style=\"\">International<\/span><\/a><a style=\"\" class=\"penci-cat-name penci-cat-4\" href=\"https:\/\/www.geopolitics.fr\/en\/category\/mis-en-avant\/\"  rel=\"category tag\"><span style=\"\">Mis en AVANT<\/span><\/a>\t\t\t\t\t\t\t<\/span>\n                            <\/div>\n\t\t\t\t\t\t\n\t\t\t\t\t\t                            <div class=\"pcbg-heading item-hover\">\n                                <h3 class=\"pcbg-title\">\n                                    <a href=\"https:\/\/www.geopolitics.fr\/en\/2026\/08\/21\/la-cour-penale-internationale-a-lepreuve-des-puissances-sanctions-souverainete-et-crise-de-la-justice-internationale\/\">\n\t\t\t\t\t\t\t\t\t\tLa Cour P\u00e9nale Internationale \u00e0 l\u2019\u00e9preuve des puissances : sanctions, souverainet\u00e9 et crise de la justice internationale                                    <\/a>\n                                <\/h3>\n                            <\/div>\n\t\t\t\t\t\t\n\t\t\t\t\t\t                            <div class=\"grid-post-box-meta pcbg-meta item-hover\">\n                                <div class=\"pcbg-meta-desc\">\n\t\t\t\t\t\t\t\t\t\t\t\t\t\t\t\t\t\t                                        <span class=\"bg-date\"><time class=\"entry-date published\" datetime=\"2026-08-21T12:49:15+02:00\">21 August 2026<\/time><\/span>\n\t\t\t\t\t\t\t\t\t\t\t\t\t\t\t\t\t\t\t\t\t\t\t\t\t\t\t\t\t\t\t\t\t\t\t\t\t\t\t\t\t\t\t\t\t\t\t\t\t\t\t\t\t\t                                <\/div>\n\t\t\t\t\t\t\t\t                            <\/div>\n\t\t\t\t\t\t\n\t\t\t\t\t\t                    <\/div>\n                <\/div>\n            <\/div>\n        <\/div>\n    <\/div>\n<\/div>\n<div class=\"penci-bgitem\">\n    <div class=\"penci-bgitin\">\n        <div class=\"penci-bgmain\">\n            <div class=\"pcbg-thumb\">\n\t\t\t\t\t\t\t\t                <div class=\"pcbg-thumbin\">\n                    <a class=\"pcbg-bgoverlay\"\n                       href=\"https:\/\/www.geopolitics.fr\/en\/2026\/08\/12\/le-retour-probable-des-eliminations-ciblees-contre-les-dirigeants-de-la-republique-islamique-diran\/\" title=\"Le retour probable des \u00e9liminations cibl\u00e9es contre les dirigeants de la R\u00e9publique islamique d&rsquo;Iran\"><\/a>\n\n                        <div  data-bgset=\"https:\/\/www.geopolitics.fr\/wp-content\/uploads\/2026\/08\/frappes-ciblees-585x438.jpg\" data_bg_hidpi=\"https:\/\/www.geopolitics.fr\/wp-content\/uploads\/2026\/08\/frappes-ciblees-585x438.jpg\" class=\"penci-lazy penci-image-holder\">\n                                                    <\/div>\n\n                <\/div>\n            <\/div>\n            <div class=\"pcbg-content\">\n                <div class=\"pcbg-content-flex\">\n                    <a class=\"pcbg-bgoverlay\"\n                       href=\"https:\/\/www.geopolitics.fr\/en\/2026\/08\/12\/le-retour-probable-des-eliminations-ciblees-contre-les-dirigeants-de-la-republique-islamique-diran\/\" title=\"Le retour probable des \u00e9liminations cibl\u00e9es contre les dirigeants de la R\u00e9publique islamique d&rsquo;Iran\"><\/a>\n                    <div class=\"pcbg-content-inner bgcontent-block\">\n                        <a href=\"https:\/\/www.geopolitics.fr\/en\/2026\/08\/12\/le-retour-probable-des-eliminations-ciblees-contre-les-dirigeants-de-la-republique-islamique-diran\/\" title=\"Le retour probable des \u00e9liminations cibl\u00e9es contre les dirigeants de la R\u00e9publique islamique d&rsquo;Iran\"\n                           class=\"pcbg-bgoverlaytext item-hover\"><\/a>\n\n\t\t\t\t\t\t                            <div class=\"pcbg-above item-hover\">\n\t\t\t\t\t\t\t<span class=\"cat pcbg-sub-title\">\n\t\t\t\t\t\t\t\t<a style=\"\" class=\"penci-cat-name penci-cat-609\" href=\"https:\/\/www.geopolitics.fr\/en\/category\/international\/defense\/\"  rel=\"category tag\"><span style=\"\">D\u00e9fense<\/span><\/a><a style=\"\" class=\"penci-cat-name penci-cat-5\" href=\"https:\/\/www.geopolitics.fr\/en\/category\/international\/\"  rel=\"category tag\"><span style=\"\">International<\/span><\/a><a style=\"\" class=\"penci-cat-name penci-cat-4\" href=\"https:\/\/www.geopolitics.fr\/en\/category\/mis-en-avant\/\"  rel=\"category tag\"><span style=\"\">Mis en AVANT<\/span><\/a><a style=\"\" class=\"penci-cat-name penci-cat-632\" href=\"https:\/\/www.geopolitics.fr\/en\/category\/local-13\/top-secret-local-13\/\"  rel=\"category tag\"><span style=\"\">top secret<\/span><\/a>\t\t\t\t\t\t\t<\/span>\n                            <\/div>\n\t\t\t\t\t\t\n\t\t\t\t\t\t                            <div class=\"pcbg-heading item-hover\">\n                                <h3 class=\"pcbg-title\">\n                                    <a href=\"https:\/\/www.geopolitics.fr\/en\/2026\/08\/12\/le-retour-probable-des-eliminations-ciblees-contre-les-dirigeants-de-la-republique-islamique-diran\/\">\n\t\t\t\t\t\t\t\t\t\tLe retour probable des \u00e9liminations cibl\u00e9es contre les dirigeants de la R\u00e9publique islamique d&rsquo;Iran                                    <\/a>\n                                <\/h3>\n                            <\/div>\n\t\t\t\t\t\t\n\t\t\t\t\t\t                            <div class=\"grid-post-box-meta pcbg-meta item-hover\">\n                                <div class=\"pcbg-meta-desc\">\n\t\t\t\t\t\t\t\t\t\t\t\t\t\t\t\t\t\t                                        <span class=\"bg-date\"><time class=\"entry-date published\" datetime=\"2026-08-12T17:16:47+02:00\">12 August 2026<\/time><\/span>\n\t\t\t\t\t\t\t\t\t\t\t\t\t\t\t\t\t\t\t\t\t\t\t\t\t\t\t\t\t\t\t\t\t\t\t\t\t\t\t\t\t\t\t\t\t\t\t\t\t\t\t\t\t\t                                <\/div>\n\t\t\t\t\t\t\t\t                            <\/div>\n\t\t\t\t\t\t\n\t\t\t\t\t\t                    <\/div>\n                <\/div>\n            <\/div>\n        <\/div>\n    <\/div>\n<\/div>\n<\/div>                <\/div>\n\t\t\t\t            <\/div>\n        <\/div>\n\t\t\t\t\t\t<\/div>\n\t\t\t\t<\/div>\n\t\t\t\t\t<\/div>\n\t\t<\/div>\n\t\t\t\t<div class=\"penci-ercol-33 penci-ercol-order-2 penci-sticky-sb penci-sidebarSC   elementor-column elementor-col-33 elementor-inner-column elementor-element elementor-element-2452d4c\" data-id=\"2452d4c\" data-element_type=\"column\" data-e-type=\"column\">\n\t\t\t<div class=\"elementor-widget-wrap elementor-element-populated\">\n\t\t\t\t\t\t<div class=\"elementor-element elementor-element-8e20ece elementor-widget elementor-widget-penci-block-heading\" data-id=\"8e20ece\" data-element_type=\"widget\" data-e-type=\"widget\" data-widget_type=\"penci-block-heading.default\">\n\t\t\t\t<div class=\"elementor-widget-container\">\n\t\t\t\t\t\t\t<div class=\"penciel-bheading penci-border-arrow penci-homepage-title penci-home-latest-posts style-6 pcalign-left pciconp-right pcicon-right block-title-icon-left\">\n\t\t\t<h3 class=\"inner-arrow\">\n\t\t\t\t<span>\n\t\t\t\t<span>D\u00e9fense<\/span>\t\t\t\t<\/span>\n\t\t\t<\/h3>\n\t\t\t\t\t<\/div>\n\t\t\t\t\t\t<\/div>\n\t\t\t\t<\/div>\n\t\t\t\t<div class=\"elementor-element elementor-element-9858fb1 elementor-widget elementor-widget-penci-big-grid\" data-id=\"9858fb1\" data-element_type=\"widget\" data-e-type=\"widget\" data-widget_type=\"penci-big-grid.default\">\n\t\t\t\t<div class=\"elementor-widget-container\">\n\t\t\t\t\t        <div class=\"penci-clearfix penci-biggrid-wrapper penci-grid-col-1 penci-grid-mcol-1 penci-bgrid-based-post penci-bgrid-style-1 pcbg-ficonpo-top-right pcbg-reiconpo-top-left penci-bgrid-content-below pencibg-imageh-zoom-in pencibg-texth-none pencibg-textani-movetop textop pencipw-hd-text\">\n\t\t\t            <div class=\"penci-clearfix penci-biggrid penci-bgstyle-1 penci-bgel\">\n                <div class=\"penci-biggrid-inner default\">\n\t\t\t\t\t<div class=\"penci-clearfix penci-biggrid-data penci-dflex\"><div class=\"penci-bgitem\">\n    <div class=\"penci-bgitin\">\n        <div class=\"penci-bgmain\">\n            <div class=\"pcbg-thumb\">\n\t\t\t\t\t\t\t\t                <div class=\"pcbg-thumbin\">\n                    <a class=\"pcbg-bgoverlay\"\n                       href=\"https:\/\/www.geopolitics.fr\/en\/2026\/07\/24\/washington-redessine-ses-lignes-rouges-israel-sinquiete-la-turquie-avance\/\" title=\"Washington redessine ses lignes rouges, Isra\u00ebl s\u2019inqui\u00e8te, la Turquie avance\"><\/a>\n\n                        <div  data-bgset=\"https:\/\/www.geopolitics.fr\/wp-content\/uploads\/2026\/07\/F35-TURC-585x392.jpg\" data_bg_hidpi=\"https:\/\/www.geopolitics.fr\/wp-content\/uploads\/2026\/07\/F35-TURC-585x392.jpg\" class=\"penci-lazy penci-image-holder\">\n                                                    <\/div>\n\n                <\/div>\n            <\/div>\n            <div class=\"pcbg-content\">\n                <div class=\"pcbg-content-flex\">\n                    <a class=\"pcbg-bgoverlay\"\n                       href=\"https:\/\/www.geopolitics.fr\/en\/2026\/07\/24\/washington-redessine-ses-lignes-rouges-israel-sinquiete-la-turquie-avance\/\" title=\"Washington redessine ses lignes rouges, Isra\u00ebl s\u2019inqui\u00e8te, la Turquie avance\"><\/a>\n                    <div class=\"pcbg-content-inner bgcontent-block\">\n                        <a href=\"https:\/\/www.geopolitics.fr\/en\/2026\/07\/24\/washington-redessine-ses-lignes-rouges-israel-sinquiete-la-turquie-avance\/\" title=\"Washington redessine ses lignes rouges, Isra\u00ebl s\u2019inqui\u00e8te, la Turquie avance\"\n                           class=\"pcbg-bgoverlaytext item-hover\"><\/a>\n\n\t\t\t\t\t\t                            <div class=\"pcbg-above item-hover\">\n\t\t\t\t\t\t\t<span class=\"cat pcbg-sub-title\">\n\t\t\t\t\t\t\t\t<a style=\"\" class=\"penci-cat-name penci-cat-6\" href=\"https:\/\/www.geopolitics.fr\/en\/category\/defense-et-armees\/\"  rel=\"category tag\"><span style=\"\">D\u00e9fense<\/span><\/a><a style=\"\" class=\"penci-cat-name penci-cat-5\" href=\"https:\/\/www.geopolitics.fr\/en\/category\/international\/\"  rel=\"category tag\"><span style=\"\">International<\/span><\/a><a style=\"\" class=\"penci-cat-name penci-cat-4\" href=\"https:\/\/www.geopolitics.fr\/en\/category\/mis-en-avant\/\"  rel=\"category tag\"><span style=\"\">Mis en AVANT<\/span><\/a>\t\t\t\t\t\t\t<\/span>\n                            <\/div>\n\t\t\t\t\t\t\n\t\t\t\t\t\t                            <div class=\"pcbg-heading item-hover\">\n                                <h3 class=\"pcbg-title\">\n                                    <a href=\"https:\/\/www.geopolitics.fr\/en\/2026\/07\/24\/washington-redessine-ses-lignes-rouges-israel-sinquiete-la-turquie-avance\/\">\n\t\t\t\t\t\t\t\t\t\tWashington redessine ses lignes rouges, Isra\u00ebl s\u2019inqui\u00e8te, la Turquie avance                                    <\/a>\n                                <\/h3>\n                            <\/div>\n\t\t\t\t\t\t\n\t\t\t\t\t\t                            <div class=\"grid-post-box-meta pcbg-meta item-hover\">\n                                <div class=\"pcbg-meta-desc\">\n\t\t\t\t\t\t\t\t\t\t\t\t\t\t\t\t\t\t                                        <span class=\"bg-date\"><time class=\"entry-date published\" datetime=\"2026-07-24T17:28:08+02:00\">24 July 2026<\/time><\/span>\n\t\t\t\t\t\t\t\t\t\t\t\t\t\t\t\t\t\t\t\t\t\t\t\t\t\t\t\t\t\t\t\t\t\t\t\t\t\t\t\t\t\t\t\t\t\t\t\t\t\t\t\t\t\t                                <\/div>\n\t\t\t\t\t\t\t\t                            <\/div>\n\t\t\t\t\t\t\n\t\t\t\t\t\t                    <\/div>\n                <\/div>\n            <\/div>\n        <\/div>\n    <\/div>\n<\/div>\n<\/div>                <\/div>\n\t\t\t\t            <\/div>\n        <\/div>\n\t\t\t\t\t\t<\/div>\n\t\t\t\t<\/div>\n\t\t\t\t<div class=\"elementor-element elementor-element-d2cc4e9 elementor-widget elementor-widget-penci-big-grid\" data-id=\"d2cc4e9\" data-element_type=\"widget\" data-e-type=\"widget\" data-widget_type=\"penci-big-grid.default\">\n\t\t\t\t<div class=\"elementor-widget-container\">\n\t\t\t\t\t        <div class=\"penci-clearfix penci-biggrid-wrapper penci-grid-col-2 penci-grid-mcol-1 penci-bgrid-based-post penci-bgrid-style-1 pcbg-ficonpo-top-right pcbg-reiconpo-top-left penci-bgrid-content-below pencibg-imageh-zoom-in pencibg-texth-none pencibg-textani-movetop textop pencipw-hd-text\">\n\t\t\t            <div class=\"penci-clearfix penci-biggrid penci-bgstyle-1 penci-bgel\">\n                <div class=\"penci-biggrid-inner default\">\n\t\t\t\t\t<div class=\"penci-clearfix penci-biggrid-data penci-dflex\"><div class=\"penci-bgitem\">\n    <div class=\"penci-bgitin\">\n        <div class=\"penci-bgmain\">\n            <div class=\"pcbg-thumb\">\n\t\t\t\t\t\t\t\t                <div class=\"pcbg-thumbin\">\n                    <a class=\"pcbg-bgoverlay\"\n                       href=\"https:\/\/www.geopolitics.fr\/en\/2026\/05\/08\/la-france-face-a-lallemagne-qui-dirige-vraiment-leurope-en-2026\/\" title=\"La France face \u00e0 l&rsquo;Allemagne : qui dirige vraiment l&rsquo;Europe en 2026 ?\"><\/a>\n\n                        <div  data-bgset=\"https:\/\/www.geopolitics.fr\/wp-content\/uploads\/2026\/05\/macron-merz-bon-e1778226140577-585x293.jpg\" data_bg_hidpi=\"https:\/\/www.geopolitics.fr\/wp-content\/uploads\/2026\/05\/macron-merz-bon-e1778226140577-585x293.jpg\" class=\"penci-lazy penci-image-holder\">\n                                                    <\/div>\n\n                <\/div>\n            <\/div>\n            <div class=\"pcbg-content\">\n                <div class=\"pcbg-content-flex\">\n                    <a class=\"pcbg-bgoverlay\"\n                       href=\"https:\/\/www.geopolitics.fr\/en\/2026\/05\/08\/la-france-face-a-lallemagne-qui-dirige-vraiment-leurope-en-2026\/\" title=\"La France face \u00e0 l&rsquo;Allemagne : qui dirige vraiment l&rsquo;Europe en 2026 ?\"><\/a>\n                    <div class=\"pcbg-content-inner bgcontent-block\">\n                        <a href=\"https:\/\/www.geopolitics.fr\/en\/2026\/05\/08\/la-france-face-a-lallemagne-qui-dirige-vraiment-leurope-en-2026\/\" title=\"La France face \u00e0 l&rsquo;Allemagne : qui dirige vraiment l&rsquo;Europe en 2026 ?\"\n                           class=\"pcbg-bgoverlaytext item-hover\"><\/a>\n\n\t\t\t\t\t\t                            <div class=\"pcbg-above item-hover\">\n\t\t\t\t\t\t\t<span class=\"cat pcbg-sub-title\">\n\t\t\t\t\t\t\t\t<a style=\"\" class=\"penci-cat-name penci-cat-6\" href=\"https:\/\/www.geopolitics.fr\/en\/category\/defense-et-armees\/\"  rel=\"category tag\"><span style=\"\">D\u00e9fense<\/span><\/a><a style=\"\" class=\"penci-cat-name penci-cat-635\" href=\"https:\/\/www.geopolitics.fr\/en\/category\/france\/diplomatie\/\"  rel=\"category tag\"><span style=\"\">Diplomatie<\/span><\/a><a style=\"\" class=\"penci-cat-name penci-cat-611\" href=\"https:\/\/www.geopolitics.fr\/en\/category\/international\/europe\/\"  rel=\"category tag\"><span style=\"\">Europe<\/span><\/a><a style=\"\" class=\"penci-cat-name penci-cat-4\" href=\"https:\/\/www.geopolitics.fr\/en\/category\/mis-en-avant\/\"  rel=\"category tag\"><span style=\"\">Mis en AVANT<\/span><\/a>\t\t\t\t\t\t\t<\/span>\n                            <\/div>\n\t\t\t\t\t\t\n\t\t\t\t\t\t                            <div class=\"pcbg-heading item-hover\">\n                                <h3 class=\"pcbg-title\">\n                                    <a href=\"https:\/\/www.geopolitics.fr\/en\/2026\/05\/08\/la-france-face-a-lallemagne-qui-dirige-vraiment-leurope-en-2026\/\">\n\t\t\t\t\t\t\t\t\t\tLa France face \u00e0 l&rsquo;Allemagne : qui dirige vraiment l&rsquo;Europe en 2026 ?                                    <\/a>\n                                <\/h3>\n                            <\/div>\n\t\t\t\t\t\t\n\t\t\t\t\t\t                            <div class=\"grid-post-box-meta pcbg-meta item-hover\">\n                                <div class=\"pcbg-meta-desc\">\n\t\t\t\t\t\t\t\t\t\t\t\t\t\t\t\t\t\t                                        <span class=\"bg-date\"><time class=\"entry-date published\" datetime=\"2026-05-08T09:46:08+02:00\">8 May 2026<\/time><\/span>\n\t\t\t\t\t\t\t\t\t\t\t\t\t\t\t\t\t\t\t\t\t\t\t\t\t\t\t\t\t\t\t\t\t\t\t\t\t\t\t\t\t\t\t\t\t\t\t\t\t\t\t\t\t\t                                <\/div>\n\t\t\t\t\t\t\t\t                            <\/div>\n\t\t\t\t\t\t\n\t\t\t\t\t\t                    <\/div>\n                <\/div>\n            <\/div>\n        <\/div>\n    <\/div>\n<\/div>\n<div class=\"penci-bgitem\">\n    <div class=\"penci-bgitin\">\n        <div class=\"penci-bgmain\">\n            <div class=\"pcbg-thumb\">\n\t\t\t\t\t\t\t\t                <div class=\"pcbg-thumbin\">\n                    <a class=\"pcbg-bgoverlay\"\n                       href=\"https:\/\/www.geopolitics.fr\/en\/2026\/05\/03\/ramstein-le-jour-dapres-le-revelateur-transatlantique\/\" title=\"Ramstein, le jour d&rsquo;apr\u00e8s : un tournant transatlantique ?\"><\/a>\n\n                        <div  data-bgset=\"https:\/\/www.geopolitics.fr\/wp-content\/uploads\/2026\/05\/crise-ue-eu-585x342.jpg\" data_bg_hidpi=\"https:\/\/www.geopolitics.fr\/wp-content\/uploads\/2026\/05\/crise-ue-eu-585x342.jpg\" class=\"penci-lazy penci-image-holder\">\n                                                    <\/div>\n\n                <\/div>\n            <\/div>\n            <div class=\"pcbg-content\">\n                <div class=\"pcbg-content-flex\">\n                    <a class=\"pcbg-bgoverlay\"\n                       href=\"https:\/\/www.geopolitics.fr\/en\/2026\/05\/03\/ramstein-le-jour-dapres-le-revelateur-transatlantique\/\" title=\"Ramstein, le jour d&rsquo;apr\u00e8s : un tournant transatlantique ?\"><\/a>\n                    <div class=\"pcbg-content-inner bgcontent-block\">\n                        <a href=\"https:\/\/www.geopolitics.fr\/en\/2026\/05\/03\/ramstein-le-jour-dapres-le-revelateur-transatlantique\/\" title=\"Ramstein, le jour d&rsquo;apr\u00e8s : un tournant transatlantique ?\"\n                           class=\"pcbg-bgoverlaytext item-hover\"><\/a>\n\n\t\t\t\t\t\t                            <div class=\"pcbg-above item-hover\">\n\t\t\t\t\t\t\t<span class=\"cat pcbg-sub-title\">\n\t\t\t\t\t\t\t\t<a style=\"\" class=\"penci-cat-name penci-cat-614\" href=\"https:\/\/www.geopolitics.fr\/en\/category\/international\/ameriques\/\"  rel=\"category tag\"><span style=\"\">Am\u00e9riques<\/span><\/a><a style=\"\" class=\"penci-cat-name penci-cat-6\" href=\"https:\/\/www.geopolitics.fr\/en\/category\/defense-et-armees\/\"  rel=\"category tag\"><span style=\"\">D\u00e9fense<\/span><\/a><a style=\"\" class=\"penci-cat-name penci-cat-611\" href=\"https:\/\/www.geopolitics.fr\/en\/category\/international\/europe\/\"  rel=\"category tag\"><span style=\"\">Europe<\/span><\/a><a style=\"\" class=\"penci-cat-name penci-cat-5\" href=\"https:\/\/www.geopolitics.fr\/en\/category\/international\/\"  rel=\"category tag\"><span style=\"\">International<\/span><\/a><a style=\"\" class=\"penci-cat-name penci-cat-4\" href=\"https:\/\/www.geopolitics.fr\/en\/category\/mis-en-avant\/\"  rel=\"category tag\"><span style=\"\">Mis en AVANT<\/span><\/a>\t\t\t\t\t\t\t<\/span>\n                            <\/div>\n\t\t\t\t\t\t\n\t\t\t\t\t\t                            <div class=\"pcbg-heading item-hover\">\n                                <h3 class=\"pcbg-title\">\n                                    <a href=\"https:\/\/www.geopolitics.fr\/en\/2026\/05\/03\/ramstein-le-jour-dapres-le-revelateur-transatlantique\/\">\n\t\t\t\t\t\t\t\t\t\tRamstein, le jour d&rsquo;apr\u00e8s : un tournant transatlantique ?                                    <\/a>\n                                <\/h3>\n                            <\/div>\n\t\t\t\t\t\t\n\t\t\t\t\t\t                            <div class=\"grid-post-box-meta pcbg-meta item-hover\">\n                                <div class=\"pcbg-meta-desc\">\n\t\t\t\t\t\t\t\t\t\t\t\t\t\t\t\t\t\t                                        <span class=\"bg-date\"><time class=\"entry-date published\" datetime=\"2026-05-03T19:32:36+02:00\">3 May 2026<\/time><\/span>\n\t\t\t\t\t\t\t\t\t\t\t\t\t\t\t\t\t\t\t\t\t\t\t\t\t\t\t\t\t\t\t\t\t\t\t\t\t\t\t\t\t\t\t\t\t\t\t\t\t\t\t\t\t\t                                <\/div>\n\t\t\t\t\t\t\t\t                            <\/div>\n\t\t\t\t\t\t\n\t\t\t\t\t\t                    <\/div>\n                <\/div>\n            <\/div>\n        <\/div>\n    <\/div>\n<\/div>\n<\/div>                <\/div>\n\t\t\t\t            <\/div>\n        <\/div>\n\t\t\t\t\t\t<\/div>\n\t\t\t\t<\/div>\n\t\t\t\t\t<\/div>\n\t\t<\/div>\n\t\t\t\t<div class=\"penci-ercol-33 penci-ercol-order-3 penci-sticky-sb penci-sidebarSC   elementor-column elementor-col-33 elementor-inner-column elementor-element elementor-element-1a4758c\" data-id=\"1a4758c\" data-element_type=\"column\" data-e-type=\"column\">\n\t\t\t<div class=\"elementor-widget-wrap elementor-element-populated\">\n\t\t\t\t\t\t<div class=\"elementor-element elementor-element-826f6ce elementor-widget elementor-widget-penci-block-heading\" data-id=\"826f6ce\" data-element_type=\"widget\" data-e-type=\"widget\" data-widget_type=\"penci-block-heading.default\">\n\t\t\t\t<div class=\"elementor-widget-container\">\n\t\t\t\t\t\t\t<div class=\"penciel-bheading penci-border-arrow penci-homepage-title penci-home-latest-posts style-6 pcalign-left pciconp-right pcicon-right block-title-icon-left\">\n\t\t\t<h3 class=\"inner-arrow\">\n\t\t\t\t<span>\n\t\t\t\t<span>\u00c9ditorial<\/span>\t\t\t\t<\/span>\n\t\t\t<\/h3>\n\t\t\t\t\t<\/div>\n\t\t\t\t\t\t<\/div>\n\t\t\t\t<\/div>\n\t\t\t\t<div class=\"elementor-element elementor-element-79c6b96 elementor-widget elementor-widget-penci-big-grid\" data-id=\"79c6b96\" data-element_type=\"widget\" data-e-type=\"widget\" data-widget_type=\"penci-big-grid.default\">\n\t\t\t\t<div class=\"elementor-widget-container\">\n\t\t\t\t\t        <div class=\"penci-clearfix penci-biggrid-wrapper penci-grid-col-1 penci-grid-mcol-1 penci-bgrid-based-post penci-bgrid-style-1 pcbg-ficonpo-top-right pcbg-reiconpo-top-left penci-bgrid-content-below pencibg-imageh-zoom-in pencibg-texth-none pencibg-textani-movetop textop pencipw-hd-text\">\n\t\t\t            <div class=\"penci-clearfix penci-biggrid penci-bgstyle-1 penci-bgel\">\n                <div class=\"penci-biggrid-inner default\">\n\t\t\t\t\t<div class=\"penci-clearfix penci-biggrid-data penci-dflex\"><div class=\"penci-bgitem\">\n    <div class=\"penci-bgitin\">\n        <div class=\"penci-bgmain\">\n            <div class=\"pcbg-thumb\">\n\t\t\t\t\t\t\t\t                <div class=\"pcbg-thumbin\">\n                    <a class=\"pcbg-bgoverlay\"\n                       href=\"https:\/\/www.geopolitics.fr\/en\/2025\/07\/11\/la-dgse-et-les-armees-a-la-rescousse-demmanuel-macron\/\" title=\"La DGSE et les Arm\u00e9es \u00e0 la rescousse d&rsquo;Emmanuel Macron ?\"><\/a>\n\n                        <div  data-bgset=\"https:\/\/www.geopolitics.fr\/wp-content\/uploads\/2025\/07\/OTAN-DGSE-1.png\" data_bg_hidpi=\"https:\/\/www.geopolitics.fr\/wp-content\/uploads\/2025\/07\/OTAN-DGSE-1.png\" class=\"penci-lazy penci-image-holder\">\n                                                    <\/div>\n\n                <\/div>\n            <\/div>\n            <div class=\"pcbg-content\">\n                <div class=\"pcbg-content-flex\">\n                    <a class=\"pcbg-bgoverlay\"\n                       href=\"https:\/\/www.geopolitics.fr\/en\/2025\/07\/11\/la-dgse-et-les-armees-a-la-rescousse-demmanuel-macron\/\" title=\"La DGSE et les Arm\u00e9es \u00e0 la rescousse d&rsquo;Emmanuel Macron ?\"><\/a>\n                    <div class=\"pcbg-content-inner bgcontent-block\">\n                        <a href=\"https:\/\/www.geopolitics.fr\/en\/2025\/07\/11\/la-dgse-et-les-armees-a-la-rescousse-demmanuel-macron\/\" title=\"La DGSE et les Arm\u00e9es \u00e0 la rescousse d&rsquo;Emmanuel Macron ?\"\n                           class=\"pcbg-bgoverlaytext item-hover\"><\/a>\n\n\t\t\t\t\t\t                            <div class=\"pcbg-above item-hover\">\n\t\t\t\t\t\t\t<span class=\"cat pcbg-sub-title\">\n\t\t\t\t\t\t\t\t<a style=\"\" class=\"penci-cat-name penci-cat-6\" href=\"https:\/\/www.geopolitics.fr\/en\/category\/defense-et-armees\/\"  rel=\"category tag\"><span style=\"\">D\u00e9fense<\/span><\/a><a style=\"\" class=\"penci-cat-name penci-cat-34\" href=\"https:\/\/www.geopolitics.fr\/en\/category\/editorial\/\"  rel=\"category tag\"><span style=\"\">Editorial<\/span><\/a><a style=\"\" class=\"penci-cat-name penci-cat-4\" href=\"https:\/\/www.geopolitics.fr\/en\/category\/mis-en-avant\/\"  rel=\"category tag\"><span style=\"\">Mis en AVANT<\/span><\/a>\t\t\t\t\t\t\t<\/span>\n                            <\/div>\n\t\t\t\t\t\t\n\t\t\t\t\t\t                            <div class=\"pcbg-heading item-hover\">\n                                <h3 class=\"pcbg-title\">\n                                    <a href=\"https:\/\/www.geopolitics.fr\/en\/2025\/07\/11\/la-dgse-et-les-armees-a-la-rescousse-demmanuel-macron\/\">\n\t\t\t\t\t\t\t\t\t\tLa DGSE et les Arm\u00e9es \u00e0 la rescousse d&rsquo;Emmanuel Macron ?                                    <\/a>\n                                <\/h3>\n                            <\/div>\n\t\t\t\t\t\t\n\t\t\t\t\t\t                            <div class=\"grid-post-box-meta pcbg-meta item-hover\">\n                                <div class=\"pcbg-meta-desc\">\n\t\t\t\t\t\t\t\t\t\t\t\t\t\t\t\t\t\t                                        <span class=\"bg-date\"><time class=\"entry-date published\" datetime=\"2025-07-11T20:10:18+02:00\">11 July 2025<\/time><\/span>\n\t\t\t\t\t\t\t\t\t\t\t\t\t\t\t\t\t\t\t\t\t\t\t\t\t\t\t\t\t\t\t\t\t\t\t\t\t\t\t\t\t\t\t\t\t\t\t\t\t\t\t\t\t\t                                <\/div>\n\t\t\t\t\t\t\t\t                            <\/div>\n\t\t\t\t\t\t\n\t\t\t\t\t\t                    <\/div>\n                <\/div>\n            <\/div>\n        <\/div>\n    <\/div>\n<\/div>\n<\/div>                <\/div>\n\t\t\t\t            <\/div>\n        <\/div>\n\t\t\t\t\t\t<\/div>\n\t\t\t\t<\/div>\n\t\t\t\t<div class=\"elementor-element elementor-element-1dc5154 elementor-widget elementor-widget-penci-big-grid\" data-id=\"1dc5154\" data-element_type=\"widget\" data-e-type=\"widget\" data-widget_type=\"penci-big-grid.default\">\n\t\t\t\t<div class=\"elementor-widget-container\">\n\t\t\t\t\t        <div class=\"penci-clearfix penci-biggrid-wrapper penci-grid-col-2 penci-grid-mcol-1 penci-bgrid-based-post penci-bgrid-style-1 pcbg-ficonpo-top-right pcbg-reiconpo-top-left penci-bgrid-content-below pencibg-imageh-zoom-in pencibg-texth-none pencibg-textani-movetop textop pencipw-hd-text\">\n\t\t\t            <div class=\"penci-clearfix penci-biggrid penci-bgstyle-1 penci-bgel\">\n                <div class=\"penci-biggrid-inner default\">\n\t\t\t\t\t<div class=\"penci-clearfix penci-biggrid-data penci-dflex\"><div class=\"penci-bgitem\">\n    <div class=\"penci-bgitin\">\n        <div class=\"penci-bgmain\">\n            <div class=\"pcbg-thumb\">\n\t\t\t\t\t\t\t\t                <div class=\"pcbg-thumbin\">\n                    <a class=\"pcbg-bgoverlay\"\n                       href=\"https:\/\/www.geopolitics.fr\/en\/2025\/07\/05\/laffaire-sansal-est-avant-tout-un-fiasco-francais\/\" title=\"L&rsquo;affaire Sansal est avant tout un fiasco fran\u00e7ais.\"><\/a>\n\n                        <div  data-bgset=\"https:\/\/www.geopolitics.fr\/wp-content\/uploads\/2025\/07\/cnews-585x291.jpg\" data_bg_hidpi=\"https:\/\/www.geopolitics.fr\/wp-content\/uploads\/2025\/07\/cnews-585x291.jpg\" class=\"penci-lazy penci-image-holder\">\n                                                    <\/div>\n\n                <\/div>\n            <\/div>\n            <div class=\"pcbg-content\">\n                <div class=\"pcbg-content-flex\">\n                    <a class=\"pcbg-bgoverlay\"\n                       href=\"https:\/\/www.geopolitics.fr\/en\/2025\/07\/05\/laffaire-sansal-est-avant-tout-un-fiasco-francais\/\" title=\"L&rsquo;affaire Sansal est avant tout un fiasco fran\u00e7ais.\"><\/a>\n                    <div class=\"pcbg-content-inner bgcontent-block\">\n                        <a href=\"https:\/\/www.geopolitics.fr\/en\/2025\/07\/05\/laffaire-sansal-est-avant-tout-un-fiasco-francais\/\" title=\"L&rsquo;affaire Sansal est avant tout un fiasco fran\u00e7ais.\"\n                           class=\"pcbg-bgoverlaytext item-hover\"><\/a>\n\n\t\t\t\t\t\t                            <div class=\"pcbg-above item-hover\">\n\t\t\t\t\t\t\t<span class=\"cat pcbg-sub-title\">\n\t\t\t\t\t\t\t\t<a style=\"\" class=\"penci-cat-name penci-cat-34\" href=\"https:\/\/www.geopolitics.fr\/en\/category\/editorial\/\"  rel=\"category tag\"><span style=\"\">Editorial<\/span><\/a><a style=\"\" class=\"penci-cat-name penci-cat-5\" href=\"https:\/\/www.geopolitics.fr\/en\/category\/international\/\"  rel=\"category tag\"><span style=\"\">International<\/span><\/a><a style=\"\" class=\"penci-cat-name penci-cat-4\" href=\"https:\/\/www.geopolitics.fr\/en\/category\/mis-en-avant\/\"  rel=\"category tag\"><span style=\"\">Mis en AVANT<\/span><\/a><a style=\"\" class=\"penci-cat-name penci-cat-3\" href=\"https:\/\/www.geopolitics.fr\/en\/category\/politique\/\"  rel=\"category tag\"><span style=\"\">Politique<\/span><\/a>\t\t\t\t\t\t\t<\/span>\n                            <\/div>\n\t\t\t\t\t\t\n\t\t\t\t\t\t                            <div class=\"pcbg-heading item-hover\">\n                                <h3 class=\"pcbg-title\">\n                                    <a href=\"https:\/\/www.geopolitics.fr\/en\/2025\/07\/05\/laffaire-sansal-est-avant-tout-un-fiasco-francais\/\">\n\t\t\t\t\t\t\t\t\t\tL&rsquo;affaire Sansal est avant tout un fiasco fran\u00e7ais.                                    <\/a>\n                                <\/h3>\n                            <\/div>\n\t\t\t\t\t\t\n\t\t\t\t\t\t                            <div class=\"grid-post-box-meta pcbg-meta item-hover\">\n                                <div class=\"pcbg-meta-desc\">\n\t\t\t\t\t\t\t\t\t\t\t\t\t\t\t\t\t\t                                        <span class=\"bg-date\"><time class=\"entry-date published\" datetime=\"2025-07-05T10:23:57+02:00\">5 July 2025<\/time><\/span>\n\t\t\t\t\t\t\t\t\t\t\t\t\t\t\t\t\t\t\t\t\t\t\t\t\t\t\t\t\t\t\t\t\t\t\t\t\t\t\t\t\t\t\t\t\t\t\t\t\t\t\t\t\t\t                                <\/div>\n\t\t\t\t\t\t\t\t                            <\/div>\n\t\t\t\t\t\t\n\t\t\t\t\t\t                    <\/div>\n                <\/div>\n            <\/div>\n        <\/div>\n    <\/div>\n<\/div>\n<div class=\"penci-bgitem\">\n    <div class=\"penci-bgitin\">\n        <div class=\"penci-bgmain\">\n            <div class=\"pcbg-thumb\">\n\t\t\t\t\t\t\t\t                <div class=\"pcbg-thumbin\">\n                    <a class=\"pcbg-bgoverlay\"\n                       href=\"https:\/\/www.geopolitics.fr\/en\/2025\/06\/14\/le-supremacisme-porte-par-un-occident-declinant\/\" title=\"Le supr\u00e9macisme port\u00e9 par un Occident d\u00e9clinant\"><\/a>\n\n                        <div  data-bgset=\"https:\/\/www.geopolitics.fr\/wp-content\/uploads\/2025\/06\/declin-occident-585x423.jpg\" data_bg_hidpi=\"https:\/\/www.geopolitics.fr\/wp-content\/uploads\/2025\/06\/declin-occident-585x423.jpg\" class=\"penci-lazy penci-image-holder\">\n                                                    <\/div>\n\n                <\/div>\n            <\/div>\n            <div class=\"pcbg-content\">\n                <div class=\"pcbg-content-flex\">\n                    <a class=\"pcbg-bgoverlay\"\n                       href=\"https:\/\/www.geopolitics.fr\/en\/2025\/06\/14\/le-supremacisme-porte-par-un-occident-declinant\/\" title=\"Le supr\u00e9macisme port\u00e9 par un Occident d\u00e9clinant\"><\/a>\n                    <div class=\"pcbg-content-inner bgcontent-block\">\n                        <a href=\"https:\/\/www.geopolitics.fr\/en\/2025\/06\/14\/le-supremacisme-porte-par-un-occident-declinant\/\" title=\"Le supr\u00e9macisme port\u00e9 par un Occident d\u00e9clinant\"\n                           class=\"pcbg-bgoverlaytext item-hover\"><\/a>\n\n\t\t\t\t\t\t                            <div class=\"pcbg-above item-hover\">\n\t\t\t\t\t\t\t<span class=\"cat pcbg-sub-title\">\n\t\t\t\t\t\t\t\t<a style=\"\" class=\"penci-cat-name penci-cat-34\" href=\"https:\/\/www.geopolitics.fr\/en\/category\/editorial\/\"  rel=\"category tag\"><span style=\"\">Editorial<\/span><\/a><a style=\"\" class=\"penci-cat-name penci-cat-5\" href=\"https:\/\/www.geopolitics.fr\/en\/category\/international\/\"  rel=\"category tag\"><span style=\"\">International<\/span><\/a><a style=\"\" class=\"penci-cat-name penci-cat-4\" href=\"https:\/\/www.geopolitics.fr\/en\/category\/mis-en-avant\/\"  rel=\"category tag\"><span style=\"\">Mis en AVANT<\/span><\/a>\t\t\t\t\t\t\t<\/span>\n                            <\/div>\n\t\t\t\t\t\t\n\t\t\t\t\t\t                            <div class=\"pcbg-heading item-hover\">\n                                <h3 class=\"pcbg-title\">\n                                    <a href=\"https:\/\/www.geopolitics.fr\/en\/2025\/06\/14\/le-supremacisme-porte-par-un-occident-declinant\/\">\n\t\t\t\t\t\t\t\t\t\tLe supr\u00e9macisme port\u00e9 par un Occident d\u00e9clinant                                    <\/a>\n                                <\/h3>\n                            <\/div>\n\t\t\t\t\t\t\n\t\t\t\t\t\t                            <div class=\"grid-post-box-meta pcbg-meta item-hover\">\n                                <div class=\"pcbg-meta-desc\">\n\t\t\t\t\t\t\t\t\t\t\t\t\t\t\t\t\t\t                                        <span class=\"bg-date\"><time class=\"entry-date published\" datetime=\"2025-06-14T17:56:38+02:00\">14 June 2025<\/time><\/span>\n\t\t\t\t\t\t\t\t\t\t\t\t\t\t\t\t\t\t\t\t\t\t\t\t\t\t\t\t\t\t\t\t\t\t\t\t\t\t\t\t\t\t\t\t\t\t\t\t\t\t\t\t\t\t                                <\/div>\n\t\t\t\t\t\t\t\t                            <\/div>\n\t\t\t\t\t\t\n\t\t\t\t\t\t                    <\/div>\n                <\/div>\n            <\/div>\n        <\/div>\n    <\/div>\n<\/div>\n<\/div>                <\/div>\n\t\t\t\t            <\/div>\n        <\/div>\n\t\t\t\t\t\t<\/div>\n\t\t\t\t<\/div>\n\t\t\t\t\t<\/div>\n\t\t<\/div>\n\t\t\t\t\t<\/div>\n\t\t<\/section>\n\t\t\t\t\t<\/div>\n\t\t<\/div>\n\t\t\t\t\t<\/div>\n\t\t<\/section>\n\t\t\t\t<\/div>\n\t\t","protected":false},"excerpt":{"rendered":"<p>AfriqueInternationalMis en AVANT Le Burkina Faso s&#8217;indigne \u00e0 son tour des propos d&#8217;Emmanuel Macron sur l&#8217;Afrique 16 janvier 2025 Le chef de&hellip;<\/p>","protected":false},"author":1,"featured_media":1963,"parent":0,"menu_order":0,"comment_status":"closed","ping_status":"closed","template":"page-fullwidth.php","meta":{"_lmt_disableupdate":"","_lmt_disable":"","footnotes":""},"class_list":["post-1490","page","type-page","status-publish","has-post-thumbnail","hentry"],"yoast_head":"<!-- This site is optimized with the Yoast SEO Premium plugin v28.1 (Yoast SEO v28.1) - https:\/\/yoast.com\/product\/yoast-seo-premium-wordpress\/ -->\n<title>Geopolitics.fr<\/title>\n<meta name=\"robots\" content=\"index, follow, max-snippet:-1, max-image-preview:large, max-video-preview:-1\" \/>\n<link rel=\"canonical\" href=\"https:\/\/www.geopolitics.fr\/en\/\" \/>\n<meta property=\"og:locale\" content=\"en_GB\" \/>\n<meta property=\"og:type\" content=\"article\" \/>\n<meta property=\"og:title\" content=\"Accueil\" \/>\n<meta property=\"og:description\" content=\"AfriqueInternationalMis en AVANT Le Burkina Faso s&#8217;indigne \u00e0 son tour des propos d&#8217;Emmanuel Macron sur l&#8217;Afrique 16 janvier 2025 Le chef de&hellip;\" \/>\n<meta property=\"og:url\" content=\"https:\/\/www.geopolitics.fr\/en\/\" \/>\n<meta property=\"og:site_name\" content=\"Geopolitics.fr\" \/>\n<meta property=\"article:publisher\" content=\"https:\/\/www.facebook.com\/people\/Erwan-Davoux\/61557098968092\/\" \/>\n<meta property=\"article:modified_time\" content=\"2025-10-06T06:00:02+00:00\" \/>\n<meta property=\"og:image\" content=\"https:\/\/www.geopolitics.fr\/wp-content\/uploads\/2024\/01\/backlogo.jpg\" \/>\n\t<meta property=\"og:image:width\" content=\"600\" \/>\n\t<meta property=\"og:image:height\" content=\"600\" \/>\n\t<meta property=\"og:image:type\" content=\"image\/jpeg\" \/>\n<meta name=\"twitter:card\" content=\"summary_large_image\" \/>\n<meta name=\"twitter:site\" content=\"@Geopolitics_Fr\" \/>\n<meta name=\"twitter:label1\" content=\"Estimated reading time\" \/>\n\t<meta name=\"twitter:data1\" content=\"5 minutes\" \/>\n<script type=\"application\/ld+json\" class=\"yoast-schema-graph\">{\"@context\":\"https:\\\/\\\/schema.org\",\"@graph\":[{\"@type\":\"WebPage\",\"@id\":\"https:\\\/\\\/www.geopolitics.fr\\\/\",\"url\":\"https:\\\/\\\/www.geopolitics.fr\\\/\",\"name\":\"Geopolitics.fr\",\"isPartOf\":{\"@id\":\"https:\\\/\\\/www.geopolitics.fr\\\/#website\"},\"primaryImageOfPage\":{\"@id\":\"https:\\\/\\\/www.geopolitics.fr\\\/#primaryimage\"},\"image\":{\"@id\":\"https:\\\/\\\/www.geopolitics.fr\\\/#primaryimage\"},\"thumbnailUrl\":\"https:\\\/\\\/www.geopolitics.fr\\\/wp-content\\\/uploads\\\/2024\\\/01\\\/backlogo.jpg\",\"datePublished\":\"2021-11-02T08:16:20+00:00\",\"dateModified\":\"2025-10-06T06:00:02+00:00\",\"breadcrumb\":{\"@id\":\"https:\\\/\\\/www.geopolitics.fr\\\/#breadcrumb\"},\"inLanguage\":\"en-GB\",\"potentialAction\":[{\"@type\":\"ReadAction\",\"target\":[\"https:\\\/\\\/www.geopolitics.fr\\\/\"]}]},{\"@type\":\"ImageObject\",\"inLanguage\":\"en-GB\",\"@id\":\"https:\\\/\\\/www.geopolitics.fr\\\/#primaryimage\",\"url\":\"https:\\\/\\\/www.geopolitics.fr\\\/wp-content\\\/uploads\\\/2024\\\/01\\\/backlogo.jpg\",\"contentUrl\":\"https:\\\/\\\/www.geopolitics.fr\\\/wp-content\\\/uploads\\\/2024\\\/01\\\/backlogo.jpg\",\"width\":600,\"height\":600},{\"@type\":\"BreadcrumbList\",\"@id\":\"https:\\\/\\\/www.geopolitics.fr\\\/#breadcrumb\",\"itemListElement\":[{\"@type\":\"ListItem\",\"position\":1,\"name\":\"Accueil\",\"item\":\"https:\\\/\\\/www.geopolitics.fr\\\/\"},{\"@type\":\"ListItem\",\"position\":2,\"name\":\"Accueil\"}]},{\"@type\":\"WebSite\",\"@id\":\"https:\\\/\\\/www.geopolitics.fr\\\/#website\",\"url\":\"https:\\\/\\\/www.geopolitics.fr\\\/\",\"name\":\"Geopolitics.fr\",\"description\":\"Geopolitics.fr Analyse politique, relations internationales, d\u00e9fense - ligne \u00e9ditoriale gaullo-chiraquienne\",\"publisher\":{\"@id\":\"https:\\\/\\\/www.geopolitics.fr\\\/#organization\"},\"potentialAction\":[{\"@type\":\"SearchAction\",\"target\":{\"@type\":\"EntryPoint\",\"urlTemplate\":\"https:\\\/\\\/www.geopolitics.fr\\\/?s={search_term_string}\"},\"query-input\":{\"@type\":\"PropertyValueSpecification\",\"valueRequired\":true,\"valueName\":\"search_term_string\"}}],\"inLanguage\":\"en-GB\"},{\"@type\":\"Organization\",\"@id\":\"https:\\\/\\\/www.geopolitics.fr\\\/#organization\",\"name\":\"Geopolitics.fr\",\"url\":\"https:\\\/\\\/www.geopolitics.fr\\\/\",\"logo\":{\"@type\":\"ImageObject\",\"inLanguage\":\"en-GB\",\"@id\":\"https:\\\/\\\/www.geopolitics.fr\\\/#\\\/schema\\\/logo\\\/image\\\/\",\"url\":\"https:\\\/\\\/www.geopolitics.fr\\\/wp-content\\\/uploads\\\/2024\\\/01\\\/logo.jpg\",\"contentUrl\":\"https:\\\/\\\/www.geopolitics.fr\\\/wp-content\\\/uploads\\\/2024\\\/01\\\/logo.jpg\",\"width\":500,\"height\":500,\"caption\":\"Geopolitics.fr\"},\"image\":{\"@id\":\"https:\\\/\\\/www.geopolitics.fr\\\/#\\\/schema\\\/logo\\\/image\\\/\"},\"sameAs\":[\"https:\\\/\\\/www.facebook.com\\\/people\\\/Erwan-Davoux\\\/61557098968092\\\/\",\"https:\\\/\\\/x.com\\\/Geopolitics_Fr\"]}]}<\/script>\n<!-- \/ Yoast SEO Premium plugin. -->","yoast_head_json":{"title":"Geopolitics.fr","robots":{"index":"index","follow":"follow","max-snippet":"max-snippet:-1","max-image-preview":"max-image-preview:large","max-video-preview":"max-video-preview:-1"},"canonical":"https:\/\/www.geopolitics.fr\/en\/","og_locale":"en_GB","og_type":"article","og_title":"Accueil","og_description":"AfriqueInternationalMis en AVANT Le Burkina Faso s&#8217;indigne \u00e0 son tour des propos d&#8217;Emmanuel Macron sur l&#8217;Afrique 16 janvier 2025 Le chef de&hellip;","og_url":"https:\/\/www.geopolitics.fr\/en\/","og_site_name":"Geopolitics.fr","article_publisher":"https:\/\/www.facebook.com\/people\/Erwan-Davoux\/61557098968092\/","article_modified_time":"2025-10-06T06:00:02+00:00","og_image":[{"width":600,"height":600,"url":"https:\/\/www.geopolitics.fr\/wp-content\/uploads\/2024\/01\/backlogo.jpg","type":"image\/jpeg"}],"twitter_card":"summary_large_image","twitter_site":"@Geopolitics_Fr","twitter_misc":{"Estimated reading time":"5 minutes"},"schema":{"@context":"https:\/\/schema.org","@graph":[{"@type":"WebPage","@id":"https:\/\/www.geopolitics.fr\/","url":"https:\/\/www.geopolitics.fr\/","name":"Geopolitics.fr","isPartOf":{"@id":"https:\/\/www.geopolitics.fr\/#website"},"primaryImageOfPage":{"@id":"https:\/\/www.geopolitics.fr\/#primaryimage"},"image":{"@id":"https:\/\/www.geopolitics.fr\/#primaryimage"},"thumbnailUrl":"https:\/\/www.geopolitics.fr\/wp-content\/uploads\/2024\/01\/backlogo.jpg","datePublished":"2021-11-02T08:16:20+00:00","dateModified":"2025-10-06T06:00:02+00:00","breadcrumb":{"@id":"https:\/\/www.geopolitics.fr\/#breadcrumb"},"inLanguage":"en-GB","potentialAction":[{"@type":"ReadAction","target":["https:\/\/www.geopolitics.fr\/"]}]},{"@type":"ImageObject","inLanguage":"en-GB","@id":"https:\/\/www.geopolitics.fr\/#primaryimage","url":"https:\/\/www.geopolitics.fr\/wp-content\/uploads\/2024\/01\/backlogo.jpg","contentUrl":"https:\/\/www.geopolitics.fr\/wp-content\/uploads\/2024\/01\/backlogo.jpg","width":600,"height":600},{"@type":"BreadcrumbList","@id":"https:\/\/www.geopolitics.fr\/#breadcrumb","itemListElement":[{"@type":"ListItem","position":1,"name":"Accueil","item":"https:\/\/www.geopolitics.fr\/"},{"@type":"ListItem","position":2,"name":"Accueil"}]},{"@type":"WebSite","@id":"https:\/\/www.geopolitics.fr\/#website","url":"https:\/\/www.geopolitics.fr\/","name":"Geopolitics.fr","description":"Geopolitics.fr Analyse politique, relations internationales, d\u00e9fense - ligne \u00e9ditoriale gaullo-chiraquienne","publisher":{"@id":"https:\/\/www.geopolitics.fr\/#organization"},"potentialAction":[{"@type":"SearchAction","target":{"@type":"EntryPoint","urlTemplate":"https:\/\/www.geopolitics.fr\/?s={search_term_string}"},"query-input":{"@type":"PropertyValueSpecification","valueRequired":true,"valueName":"search_term_string"}}],"inLanguage":"en-GB"},{"@type":"Organization","@id":"https:\/\/www.geopolitics.fr\/#organization","name":"Geopolitics.fr","url":"https:\/\/www.geopolitics.fr\/","logo":{"@type":"ImageObject","inLanguage":"en-GB","@id":"https:\/\/www.geopolitics.fr\/#\/schema\/logo\/image\/","url":"https:\/\/www.geopolitics.fr\/wp-content\/uploads\/2024\/01\/logo.jpg","contentUrl":"https:\/\/www.geopolitics.fr\/wp-content\/uploads\/2024\/01\/logo.jpg","width":500,"height":500,"caption":"Geopolitics.fr"},"image":{"@id":"https:\/\/www.geopolitics.fr\/#\/schema\/logo\/image\/"},"sameAs":["https:\/\/www.facebook.com\/people\/Erwan-Davoux\/61557098968092\/","https:\/\/x.com\/Geopolitics_Fr"]}]}},"_links":{"self":[{"href":"https:\/\/www.geopolitics.fr\/en\/wp-json\/wp\/v2\/pages\/1490","targetHints":{"allow":["GET"]}}],"collection":[{"href":"https:\/\/www.geopolitics.fr\/en\/wp-json\/wp\/v2\/pages"}],"about":[{"href":"https:\/\/www.geopolitics.fr\/en\/wp-json\/wp\/v2\/types\/page"}],"author":[{"embeddable":true,"href":"https:\/\/www.geopolitics.fr\/en\/wp-json\/wp\/v2\/users\/1"}],"replies":[{"embeddable":true,"href":"https:\/\/www.geopolitics.fr\/en\/wp-json\/wp\/v2\/comments?post=1490"}],"version-history":[{"count":0,"href":"https:\/\/www.geopolitics.fr\/en\/wp-json\/wp\/v2\/pages\/1490\/revisions"}],"wp:featuredmedia":[{"embeddable":true,"href":"https:\/\/www.geopolitics.fr\/en\/wp-json\/wp\/v2\/media\/1963"}],"wp:attachment":[{"href":"https:\/\/www.geopolitics.fr\/en\/wp-json\/wp\/v2\/media?parent=1490"}],"curies":[{"name":"wp","href":"https:\/\/api.w.org\/{rel}","templated":true}]}}